
{"id":28913,"date":"2024-02-13T13:34:30","date_gmt":"2024-02-13T11:34:30","guid":{"rendered":"https:\/\/neuronup.com\/it\/?page_id=28913"},"modified":"2025-02-27T22:23:24","modified_gmt":"2025-02-27T20:23:24","slug":"morbo-di-alzheimer","status":"publish","type":"page","link":"https:\/\/neuronup.com\/it\/neuroriabilitazione\/malattie-neurodegenerative\/morbo-di-alzheimer\/","title":{"rendered":"Morbo di Alzheimer"},"content":{"rendered":"\n<p>L&#8217;esordio della <strong>demenza <\/strong>\u00e8 lento e colpisce dapprima le parti del cervello che si occupano della <strong><a href=\"https:\/\/www.neuronup.com\/areas-de-intervencion\/funciones-cognitivas\/memoria\/\" data-type=\"URL\" data-id=\"https:\/\/www.neuronup.com\/areas-de-intervencion\/funciones-cognitivas\/memoria\/\">memoria<\/a><\/strong>, del pensiero e del linguaggio. Con il passare del tempo, questi sintomi si aggravano fino al punto in cui le persone affette dal morbo di <strong>Alzheimer <\/strong>non riconoscono pi\u00f9 i familiari pi\u00f9 stretti e hanno problemi con le attivit\u00e0 della vita quotidiana, come vestirsi e curarsi. Oltre ai caratteristici problemi di memoria, altri sintomi dei pazienti affetti dalla malattia di <strong>Alzheimer sono la ridotta capacit\u00e0 di ragionamento, l&#8217;afasia, l&#8217;aprassia, la perdita della capacit\u00e0 spaziale e i cambiamenti nel carattere della persona<\/strong>.<\/p>\n\n\n\n<p>Le caratteristiche patologiche dell&#8217;<strong>Alzheimer <\/strong>comprendono la formazione progressiva di placche senili e grovigli neurofibrillari nella corteccia cerebrale, nonch\u00e9 la perdita neuronale e sinaptica.<\/p>\n\n\n\n<figure class=\"wp-block-embed is-type-video is-provider-youtube wp-block-embed-youtube wp-embed-aspect-16-9 wp-has-aspect-ratio image-interface\"><div class=\"wp-block-embed__wrapper\">\n<iframe title=\"Alzheimer y NeuronUP\" width=\"800\" height=\"450\" src=\"https:\/\/www.youtube.com\/embed\/vpMkzMFvMuo?feature=oembed\" frameborder=\"0\" allow=\"accelerometer; autoplay; clipboard-write; encrypted-media; gyroscope; picture-in-picture; web-share\" referrerpolicy=\"strict-origin-when-cross-origin\" allowfullscreen><\/iframe>\n<\/div><\/figure>\n\n\n\n<p>D&#8217;altra parte, i seguenti criteri diagnostici devono essere soddisfatti in modo congiunto per essere considerati come morbo di <strong>Alzheimer<\/strong>:<\/p>\n\n\n\n<ul class=\"wp-block-list\">\n<li>Demenza accertata mediante diagnosi clinica e documentata da test.<\/li>\n\n\n\n<li>Deficit in due o pi\u00f9 aree cognitive.<\/li>\n\n\n\n<li>Peggioramento progressivo della memoria e di altre aree cognitive.<\/li>\n\n\n\n<li>Assenza di alterazione della coscienza.<\/li>\n\n\n\n<li>Insorgenza tra i 40 e i 90 anni di et\u00e0.<\/li>\n\n\n\n<li>Assenza di altre malattie cerebrali o sistemiche che possano influire sulla consapevolezza.<\/li>\n<\/ul>\n\n\n\n<p>I fattori prognostici di questa malattia sono:<\/p>\n\n\n\n<ul class=\"wp-block-list\">\n<li>Disturbo visuo-spaziale.<\/li>\n\n\n\n<li>Disturbi extrapiramidali.<\/li>\n\n\n\n<li>Psicosi, depressione.<\/li>\n\n\n\n<li>Severit\u00e0 iniziale, disabilit\u00e0 funzionale.<\/li>\n\n\n\n<li>Malnutrizione, diabete mellito, mancanza di esercizio fisico e malattie cardiovascolari.<\/li>\n<\/ul>\n\n\n\n<p>Infine, per quanto riguarda il trattamento, attualmente <strong>non esistono farmaci in grado di far regredire i sintomi di questa malattia<\/strong>. Tuttavia, <strong>esistono farmaci che ne ritardano la progressione<\/strong>, soprattutto nelle fasi iniziali e moderate, ovvero gli inibitori dell&#8217;acetilcolinesterasi.<\/p>\n\n\n\n<p><small>Bibliografia: McKhann, G., Drachman, D., Folstein, M., Katzman, R., Price, D., &amp; Stadlan E. M. (1984). Clinical diagnosis of Alzheimer\u2019s disease: report of the NINCDS-ADRDA Work Group under the auspices of Department of Health and Human Services Task Force on Alzheimer\u2019s Disease. Neurology, 34(7), 939-44. doi: 10.1212\/WNL.34.7.939 See more at: http:\/\/www.neurology.org\/content\/34\/7\/939.full.pdf+html<\/small><\/p>\n\n\n\n<div style=\"height:100px\" aria-hidden=\"true\" class=\"wp-block-spacer\"><\/div>\n\n\n\n<h3 class=\"wp-block-heading\" id=\"articulos-sobre-intervencion-en-afectados-por-la-enfermedad-alzheimer\">Articoli sul trattamento delle persone affette da Alzheimer<\/h3>\n\n\n<div class=\"mai-grid entries entries-grid has-boxed has-image-full\" style=\"--entry-title-font-size:var(--font-size-lg);--align-text:start;--entry-meta-text-align:start;\"><div class=\"entries-wrap has-columns\" style=\"--columns-xs:1\/1;--columns-sm:1\/1;--columns-md:1\/3;--columns-lg:1\/3;--flex-xs:0 0 var(--flex-basis);--flex-sm:0 0 var(--flex-basis);--flex-md:0 0 var(--flex-basis);--flex-lg:0 0 var(--flex-basis);--column-gap:var(--spacing-lg);--row-gap:var(--spacing-lg);--align-columns:start;\"><article class=\"entry entry-grid is-column has-entry-link has-image has-image-first type-post category-malattia-di-alzheimer tag-alzheimer tag-demenza tag-memoria\" style=\"--entry-index:1;\" aria-label=\"La lingua come fattore predittivo delle demenze\" itemscope itemtype=\"https:\/\/schema.org\/CreativeWork\"><a class=\"entry-image-link\" href=\"https:\/\/neuronup.com\/it\/stimolazione-e-riabilitazione-cognitiva\/malattie-neurodegenerative\/malattia-di-alzheimer\/il-linguaggio-come-fattore-predittivo-delle-demenze\/\" tabindex=\"-1\" aria-hidden=\"true\"><img decoding=\"async\" width=\"400\" height=\"267\" src=\"https:\/\/neuronup.com\/it\/wp-content\/uploads\/2023\/11\/El-lenguaje-como-factor-predictor-de-las-demencias-1-1.webp\" class=\"entry-image size-landscape-sm\" alt=\"Disegno stilizzato di cervello su sfondo chiaro; una parte del cervello si stacca rivelando un volto, simboleggia pensiero e identit\u00e0.\" srcset=\"https:\/\/neuronup.com\/it\/wp-content\/uploads\/2023\/11\/El-lenguaje-como-factor-predictor-de-las-demencias-1-1-300x200.webp 300w, https:\/\/neuronup.com\/it\/wp-content\/uploads\/2023\/11\/El-lenguaje-como-factor-predictor-de-las-demencias-1-1-768x512.webp 768w, https:\/\/neuronup.com\/it\/wp-content\/uploads\/2023\/11\/El-lenguaje-como-factor-predictor-de-las-demencias-1-1-1024x683.webp 1024w, https:\/\/neuronup.com\/it\/wp-content\/uploads\/2023\/11\/El-lenguaje-como-factor-predictor-de-las-demencias-1-1.webp 1200w\" sizes=\"(max-width:599px) 599px, (min-width:600px) and (max-width: 799px) 799px, (min-width:800px) and (max-width: 999px) 333px, (min-width:1000px) 400px\" \/><\/a><div class=\"entry-wrap entry-wrap-grid\"><h3 class=\"entry-title\" itemprop=\"headline\"><a class=\"entry-title-link\" href=\"https:\/\/neuronup.com\/it\/stimolazione-e-riabilitazione-cognitiva\/malattie-neurodegenerative\/malattia-di-alzheimer\/il-linguaggio-come-fattore-predittivo-delle-demenze\/\" rel=\"bookmark\">La lingua come fattore predittivo delle demenze<\/a><\/h3>\n<\/div><\/article><article class=\"entry entry-grid is-column has-entry-link has-image has-image-first type-post category-attivita-per-lalzheimer tag-adulti tag-attivita-di-stimolazione-cognitiva tag-attivita-di-stimolazione-cognitiva-per-adulti tag-inibizione\" style=\"--entry-index:2;\" aria-label=\"Gioco di inibizione per adulti: Raccogli i fiori\" itemscope itemtype=\"https:\/\/schema.org\/CreativeWork\"><a class=\"entry-image-link\" href=\"https:\/\/neuronup.com\/it\/attivita-di-neuroriabilitazione\/attivita-per-lalzheimer\/gioco-di-inibizione-per-adulti-raccogli-i-fiori\/\" tabindex=\"-1\" aria-hidden=\"true\"><img decoding=\"async\" width=\"400\" height=\"225\" src=\"https:\/\/neuronup.com\/it\/wp-content\/uploads\/2025\/04\/Recoge-las-flores-.webp\" class=\"entry-image size-landscape-sm\" alt=\"Due fiori rossi, rosa dentro cerchio blu e altro fiore; interfaccia con cuori, contatore e pulsante Finalizar sfondo neutro.\" srcset=\"https:\/\/neuronup.com\/it\/wp-content\/uploads\/2025\/04\/Recoge-las-flores--300x169.webp 300w, https:\/\/neuronup.com\/it\/wp-content\/uploads\/2025\/04\/Recoge-las-flores--768x432.webp 768w, https:\/\/neuronup.com\/it\/wp-content\/uploads\/2025\/04\/Recoge-las-flores--1024x576.webp 1024w, https:\/\/neuronup.com\/it\/wp-content\/uploads\/2025\/04\/Recoge-las-flores-.webp 1201w\" sizes=\"(max-width:599px) 599px, (min-width:600px) and (max-width: 799px) 799px, (min-width:800px) and (max-width: 999px) 333px, (min-width:1000px) 400px\" \/><\/a><div class=\"entry-wrap entry-wrap-grid\"><h3 class=\"entry-title\" itemprop=\"headline\"><a class=\"entry-title-link\" href=\"https:\/\/neuronup.com\/it\/attivita-di-neuroriabilitazione\/attivita-per-lalzheimer\/gioco-di-inibizione-per-adulti-raccogli-i-fiori\/\" rel=\"bookmark\">Gioco di inibizione per adulti: Raccogli i fiori<\/a><\/h3>\n<\/div><\/article><article class=\"entry entry-grid is-column has-entry-link has-image has-image-first type-post category-malattia-di-alzheimer tag-alzheimer tag-anziani tag-attivita-di-stimolazione-cognitiva\" style=\"--entry-index:3;\" aria-label=\"Laboratorio cognitivo con NeuronUP per anziani con alzheimer\" itemscope itemtype=\"https:\/\/schema.org\/CreativeWork\"><a class=\"entry-image-link\" href=\"https:\/\/neuronup.com\/it\/stimolazione-e-riabilitazione-cognitiva\/malattie-neurodegenerative\/malattia-di-alzheimer\/laboratorio-cognitivo-con-neuronup-per-persone-anziane-con-alzheimer\/\" tabindex=\"-1\" aria-hidden=\"true\"><img decoding=\"async\" width=\"400\" height=\"223\" src=\"https:\/\/neuronup.com\/it\/wp-content\/uploads\/2025\/02\/Actividad-de-NeuronUP-para-la-intervencion-de-personas-mayores-con-alzheimer-Post-it-ordenados.webp\" class=\"entry-image size-landscape-sm\" alt=\"Interfaccia su bacheca di sughero con tre post-it numerati, barra 0\/5 e cuore, raffigura un esercizio sequenziale.\" srcset=\"https:\/\/neuronup.com\/it\/wp-content\/uploads\/2025\/02\/Actividad-de-NeuronUP-para-la-intervencion-de-personas-mayores-con-alzheimer-Post-it-ordenados-300x167.webp 300w, https:\/\/neuronup.com\/it\/wp-content\/uploads\/2025\/02\/Actividad-de-NeuronUP-para-la-intervencion-de-personas-mayores-con-alzheimer-Post-it-ordenados-768x428.webp 768w, https:\/\/neuronup.com\/it\/wp-content\/uploads\/2025\/02\/Actividad-de-NeuronUP-para-la-intervencion-de-personas-mayores-con-alzheimer-Post-it-ordenados-1024x571.webp 1024w, https:\/\/neuronup.com\/it\/wp-content\/uploads\/2025\/02\/Actividad-de-NeuronUP-para-la-intervencion-de-personas-mayores-con-alzheimer-Post-it-ordenados-1536x857.webp 1536w, https:\/\/neuronup.com\/it\/wp-content\/uploads\/2025\/02\/Actividad-de-NeuronUP-para-la-intervencion-de-personas-mayores-con-alzheimer-Post-it-ordenados.webp 1916w\" sizes=\"(max-width:599px) 599px, (min-width:600px) and (max-width: 799px) 799px, (min-width:800px) and (max-width: 999px) 333px, (min-width:1000px) 400px\" \/><\/a><div class=\"entry-wrap entry-wrap-grid\"><h3 class=\"entry-title\" itemprop=\"headline\"><a class=\"entry-title-link\" href=\"https:\/\/neuronup.com\/it\/stimolazione-e-riabilitazione-cognitiva\/malattie-neurodegenerative\/malattia-di-alzheimer\/laboratorio-cognitivo-con-neuronup-per-persone-anziane-con-alzheimer\/\" rel=\"bookmark\">Laboratorio cognitivo con NeuronUP per anziani con alzheimer<\/a><\/h3>\n<\/div><\/article><article class=\"entry entry-grid is-column has-entry-link has-image has-image-first type-post category-malattia-di-alzheimer tag-alzheimer tag-anziani tag-invecchiamento-normale tag-malattie-neurodegenerative\" style=\"--entry-index:4;\" aria-label=\"Design di attivit\u00e0 significative per pazienti con demenza e invecchiamento sano\" itemscope itemtype=\"https:\/\/schema.org\/CreativeWork\"><a class=\"entry-image-link\" href=\"https:\/\/neuronup.com\/it\/stimolazione-e-riabilitazione-cognitiva\/malattie-neurodegenerative\/malattia-di-alzheimer\/progettazione-di-attivita-per-pazienti-con-demenza-e-invecchiamento-sano\/\" tabindex=\"-1\" aria-hidden=\"true\"><img decoding=\"async\" width=\"400\" height=\"300\" src=\"https:\/\/neuronup.com\/it\/wp-content\/uploads\/2022\/10\/1202982913070921.Td96AfIJM1Twk8FZADJl_height640-1-1-1-1-1-1-1-1-1-1-1.webp\" class=\"entry-image size-landscape-sm\" alt=\"Tre anziane sedute attorno a un tavolo partecipano a un\u2019attivit\u00e0 creativa con scatole e una figura di legno, in ambiente.\" srcset=\"https:\/\/neuronup.com\/it\/wp-content\/uploads\/2022\/10\/1202982913070921.Td96AfIJM1Twk8FZADJl_height640-1-1-1-1-1-1-1-1-1-1-1-300x225.webp 300w, https:\/\/neuronup.com\/it\/wp-content\/uploads\/2022\/10\/1202982913070921.Td96AfIJM1Twk8FZADJl_height640-1-1-1-1-1-1-1-1-1-1-1-768x576.webp 768w, https:\/\/neuronup.com\/it\/wp-content\/uploads\/2022\/10\/1202982913070921.Td96AfIJM1Twk8FZADJl_height640-1-1-1-1-1-1-1-1-1-1-1-1024x768.webp 1024w, https:\/\/neuronup.com\/it\/wp-content\/uploads\/2022\/10\/1202982913070921.Td96AfIJM1Twk8FZADJl_height640-1-1-1-1-1-1-1-1-1-1-1.webp 1200w\" sizes=\"(max-width:599px) 599px, (min-width:600px) and (max-width: 799px) 799px, (min-width:800px) and (max-width: 999px) 333px, (min-width:1000px) 400px\" \/><\/a><div class=\"entry-wrap entry-wrap-grid\"><h3 class=\"entry-title\" itemprop=\"headline\"><a class=\"entry-title-link\" href=\"https:\/\/neuronup.com\/it\/stimolazione-e-riabilitazione-cognitiva\/malattie-neurodegenerative\/malattia-di-alzheimer\/progettazione-di-attivita-per-pazienti-con-demenza-e-invecchiamento-sano\/\" rel=\"bookmark\">Design di attivit\u00e0 significative per pazienti con demenza e invecchiamento sano<\/a><\/h3>\n<\/div><\/article><article class=\"entry entry-grid is-column has-entry-link has-image has-image-first type-post category-attivita-per-lalzheimer tag-alzheimer tag-anziani tag-attivita-di-stimolazione-cognitiva tag-memoria tag-neuronup\" style=\"--entry-index:5;\" aria-label=\"Sessione di stimolazione cognitiva per persone con Alzheimer\" itemscope itemtype=\"https:\/\/schema.org\/CreativeWork\"><a class=\"entry-image-link\" href=\"https:\/\/neuronup.com\/it\/attivita-di-neuroriabilitazione\/attivita-per-lalzheimer\/sessione-di-stimolazione-cognitiva-per-persone-con-alzheimer\/\" tabindex=\"-1\" aria-hidden=\"true\"><img decoding=\"async\" width=\"400\" height=\"276\" src=\"https:\/\/neuronup.com\/it\/wp-content\/uploads\/2023\/01\/Evita-la-multa.webp\" class=\"entry-image size-landscape-sm\" alt=\"Griglia\/puzzle a colonne A\u2013C e righe 1\u20133, icone umane e auto colorate, blocchi colorati centrali e simboli in basso.\" srcset=\"https:\/\/neuronup.com\/it\/wp-content\/uploads\/2023\/01\/Evita-la-multa-300x207.webp 300w, https:\/\/neuronup.com\/it\/wp-content\/uploads\/2023\/01\/Evita-la-multa-768x530.webp 768w, https:\/\/neuronup.com\/it\/wp-content\/uploads\/2023\/01\/Evita-la-multa-1024x707.webp 1024w, https:\/\/neuronup.com\/it\/wp-content\/uploads\/2023\/01\/Evita-la-multa.webp 1200w\" sizes=\"(max-width:599px) 599px, (min-width:600px) and (max-width: 799px) 799px, (min-width:800px) and (max-width: 999px) 333px, (min-width:1000px) 400px\" \/><\/a><div class=\"entry-wrap entry-wrap-grid\"><h3 class=\"entry-title\" itemprop=\"headline\"><a class=\"entry-title-link\" href=\"https:\/\/neuronup.com\/it\/attivita-di-neuroriabilitazione\/attivita-per-lalzheimer\/sessione-di-stimolazione-cognitiva-per-persone-con-alzheimer\/\" rel=\"bookmark\">Sessione di stimolazione cognitiva per persone con Alzheimer<\/a><\/h3>\n<\/div><\/article><article class=\"entry entry-grid is-column has-entry-link has-image has-image-first type-post category-malattia-di-alzheimer tag-alzheimer tag-anziani tag-malattie-neurodegenerative tag-stimolazione-cognitiva\" style=\"--entry-index:6;\" aria-label=\"Rilevamento dell&#8217;Alzheimer negli anziani\" itemscope itemtype=\"https:\/\/schema.org\/CreativeWork\"><a class=\"entry-image-link\" href=\"https:\/\/neuronup.com\/it\/stimolazione-e-riabilitazione-cognitiva\/malattie-neurodegenerative\/malattia-di-alzheimer\/rilevamento-dellalzheimer-negli-anziani\/\" tabindex=\"-1\" aria-hidden=\"true\"><img decoding=\"async\" width=\"400\" height=\"225\" src=\"https:\/\/neuronup.com\/it\/wp-content\/uploads\/2024\/11\/La-enfermedad-de-alzheimer-como-constructo-clinico-biologico-recomendacion-de-un-grupo-de-trabajo-internacional-NeuronUP.webp\" class=\"entry-image size-landscape-sm\" alt=\"Uomo anziano con barba bianca e maglietta a righe scure, concentrato su un puzzle; accanto una persona appoggia una mano sulla spalla in ambiente luminoso.\" srcset=\"https:\/\/neuronup.com\/it\/wp-content\/uploads\/2024\/11\/La-enfermedad-de-alzheimer-como-constructo-clinico-biologico-recomendacion-de-un-grupo-de-trabajo-internacional-NeuronUP-300x169.webp 300w, https:\/\/neuronup.com\/it\/wp-content\/uploads\/2024\/11\/La-enfermedad-de-alzheimer-como-constructo-clinico-biologico-recomendacion-de-un-grupo-de-trabajo-internacional-NeuronUP-768x432.webp 768w, https:\/\/neuronup.com\/it\/wp-content\/uploads\/2024\/11\/La-enfermedad-de-alzheimer-como-constructo-clinico-biologico-recomendacion-de-un-grupo-de-trabajo-internacional-NeuronUP-1024x576.webp 1024w, https:\/\/neuronup.com\/it\/wp-content\/uploads\/2024\/11\/La-enfermedad-de-alzheimer-como-constructo-clinico-biologico-recomendacion-de-un-grupo-de-trabajo-internacional-NeuronUP.webp 1200w\" sizes=\"(max-width:599px) 599px, (min-width:600px) and (max-width: 799px) 799px, (min-width:800px) and (max-width: 999px) 333px, (min-width:1000px) 400px\" \/><\/a><div class=\"entry-wrap entry-wrap-grid\"><h3 class=\"entry-title\" itemprop=\"headline\"><a class=\"entry-title-link\" href=\"https:\/\/neuronup.com\/it\/stimolazione-e-riabilitazione-cognitiva\/malattie-neurodegenerative\/malattia-di-alzheimer\/rilevamento-dellalzheimer-negli-anziani\/\" rel=\"bookmark\">Rilevamento dell&#8217;Alzheimer negli anziani<\/a><\/h3>\n<\/div><\/article><article class=\"entry entry-grid is-column has-entry-link has-image has-image-first type-post category-malattia-di-alzheimer tag-alzheimer tag-anziani tag-malattie-neurodegenerative\" style=\"--entry-index:7;\" aria-label=\"I resti di un naufragio: memoria affettiva e Alzheimer\" itemscope itemtype=\"https:\/\/schema.org\/CreativeWork\"><a class=\"entry-image-link\" href=\"https:\/\/neuronup.com\/it\/stimolazione-e-riabilitazione-cognitiva\/malattie-neurodegenerative\/malattia-di-alzheimer\/i-resti-di-un-naufragio-memoria-affettiva-e-alzheimer\/\" tabindex=\"-1\" aria-hidden=\"true\"><img decoding=\"async\" width=\"400\" height=\"266\" src=\"https:\/\/neuronup.com\/it\/wp-content\/uploads\/2021\/11\/Capture-decran-2021-11-11-a-11.47.34.webp\" class=\"entry-image size-landscape-sm\" alt=\"Scatola di legno aperta, piena di fotografie disordinate, alcune in bianco e nero, con sfondo di elementi naturali che evocano nostalgia.\" srcset=\"https:\/\/neuronup.com\/it\/wp-content\/uploads\/2021\/11\/Capture-decran-2021-11-11-a-11.47.34-300x199.webp 300w, https:\/\/neuronup.com\/it\/wp-content\/uploads\/2021\/11\/Capture-decran-2021-11-11-a-11.47.34-768x510.webp 768w, https:\/\/neuronup.com\/it\/wp-content\/uploads\/2021\/11\/Capture-decran-2021-11-11-a-11.47.34-1024x680.webp 1024w, https:\/\/neuronup.com\/it\/wp-content\/uploads\/2021\/11\/Capture-decran-2021-11-11-a-11.47.34.webp 1530w\" sizes=\"(max-width:599px) 599px, (min-width:600px) and (max-width: 799px) 799px, (min-width:800px) and (max-width: 999px) 333px, (min-width:1000px) 400px\" \/><\/a><div class=\"entry-wrap entry-wrap-grid\"><h3 class=\"entry-title\" itemprop=\"headline\"><a class=\"entry-title-link\" href=\"https:\/\/neuronup.com\/it\/stimolazione-e-riabilitazione-cognitiva\/malattie-neurodegenerative\/malattia-di-alzheimer\/i-resti-di-un-naufragio-memoria-affettiva-e-alzheimer\/\" rel=\"bookmark\">I resti di un naufragio: memoria affettiva e Alzheimer<\/a><\/h3>\n<\/div><\/article><article class=\"entry entry-grid is-column has-entry-link has-image has-image-first type-post category-malattia-di-alzheimer tag-alzheimer tag-malattie-neurodegenerative tag-memoria tag-riabilitazione-cognitiva\" style=\"--entry-index:8;\" aria-label=\"Riabilitazione cognitiva per persone con Alzheimer\" itemscope itemtype=\"https:\/\/schema.org\/CreativeWork\"><a class=\"entry-image-link\" href=\"https:\/\/neuronup.com\/it\/stimolazione-e-riabilitazione-cognitiva\/malattie-neurodegenerative\/malattia-di-alzheimer\/riabilitazione-cognitiva-per-persone-con-alzheimer\/\" tabindex=\"-1\" aria-hidden=\"true\"><img decoding=\"async\" width=\"400\" height=\"267\" src=\"https:\/\/neuronup.com\/it\/wp-content\/uploads\/2021\/11\/providing-care-for-elderly-2021-08-26-22-39-35-utc.webp\" class=\"entry-image size-landscape-sm\" alt=\"Anziana che guarda un tablet sorridendo, affiancata da una giovane in un ambiente domestico luminoso e accogliente.\" srcset=\"https:\/\/neuronup.com\/it\/wp-content\/uploads\/2021\/11\/providing-care-for-elderly-2021-08-26-22-39-35-utc-300x200.webp 300w, https:\/\/neuronup.com\/it\/wp-content\/uploads\/2021\/11\/providing-care-for-elderly-2021-08-26-22-39-35-utc-768x512.webp 768w, https:\/\/neuronup.com\/it\/wp-content\/uploads\/2021\/11\/providing-care-for-elderly-2021-08-26-22-39-35-utc-1024x683.webp 1024w, https:\/\/neuronup.com\/it\/wp-content\/uploads\/2021\/11\/providing-care-for-elderly-2021-08-26-22-39-35-utc.webp 1200w\" sizes=\"(max-width:599px) 599px, (min-width:600px) and (max-width: 799px) 799px, (min-width:800px) and (max-width: 999px) 333px, (min-width:1000px) 400px\" \/><\/a><div class=\"entry-wrap entry-wrap-grid\"><h3 class=\"entry-title\" itemprop=\"headline\"><a class=\"entry-title-link\" href=\"https:\/\/neuronup.com\/it\/stimolazione-e-riabilitazione-cognitiva\/malattie-neurodegenerative\/malattia-di-alzheimer\/riabilitazione-cognitiva-per-persone-con-alzheimer\/\" rel=\"bookmark\">Riabilitazione cognitiva per persone con Alzheimer<\/a><\/h3>\n<\/div><\/article><article class=\"entry entry-grid is-column has-entry-link has-image has-image-first type-post category-malattia-di-alzheimer tag-alzheimer tag-anziani tag-malattie-neurodegenerative\" style=\"--entry-index:9;\" aria-label=\"Dipingere l&#8217;Alzheimer\" itemscope itemtype=\"https:\/\/schema.org\/CreativeWork\"><a class=\"entry-image-link\" href=\"https:\/\/neuronup.com\/it\/stimolazione-e-riabilitazione-cognitiva\/malattie-neurodegenerative\/malattia-di-alzheimer\/pitturando-lalzheimer\/\" tabindex=\"-1\" aria-hidden=\"true\"><img decoding=\"async\" width=\"400\" height=\"249\" src=\"https:\/\/neuronup.com\/it\/wp-content\/uploads\/2021\/11\/pintando-el-alzheimer-william-utermohlen.webp\" class=\"entry-image size-landscape-sm\" alt=\"Serie di ritratti espressionisti di William Utermohlen: volti calvi, espressioni intense, tonalit\u00e0 scure e sfondo terroso.\" srcset=\"https:\/\/neuronup.com\/it\/wp-content\/uploads\/2021\/11\/pintando-el-alzheimer-william-utermohlen-300x187.webp 300w, https:\/\/neuronup.com\/it\/wp-content\/uploads\/2021\/11\/pintando-el-alzheimer-william-utermohlen.webp 674w\" sizes=\"(max-width:599px) 599px, (min-width:600px) and (max-width: 799px) 799px, (min-width:800px) and (max-width: 999px) 333px, (min-width:1000px) 400px\" \/><\/a><div class=\"entry-wrap entry-wrap-grid\"><h3 class=\"entry-title\" itemprop=\"headline\"><a class=\"entry-title-link\" href=\"https:\/\/neuronup.com\/it\/stimolazione-e-riabilitazione-cognitiva\/malattie-neurodegenerative\/malattia-di-alzheimer\/pitturando-lalzheimer\/\" rel=\"bookmark\">Dipingere l&#8217;Alzheimer<\/a><\/h3>\n<\/div><\/article><article class=\"entry entry-grid is-column has-entry-link has-image has-image-first type-post category-malattia-di-alzheimer tag-alzheimer tag-anziani tag-malattie-neurodegenerative\" style=\"--entry-index:10;\" aria-label=\"CEAFA rivendica il valore del caregiver delle persone con Alzheimer\" itemscope itemtype=\"https:\/\/schema.org\/CreativeWork\"><a class=\"entry-image-link\" href=\"https:\/\/neuronup.com\/it\/stimolazione-e-riabilitazione-cognitiva\/malattie-neurodegenerative\/malattia-di-alzheimer\/caregiver-delle-persone-con-alzheimer\/\" tabindex=\"-1\" aria-hidden=\"true\"><img decoding=\"async\" width=\"211\" height=\"300\" src=\"https:\/\/neuronup.com\/it\/wp-content\/uploads\/2021\/10\/cuidador-de-las-personas-con-Alzheimer-1.webp\" class=\"entry-image size-landscape-sm\" alt=\"Manifesto della Giornata Mondiale dell&#039;Alzheimer con cuore e lettera C per caregiver, sfondo chiaro e hashtag #ALZHEIMER.\" srcset=\"https:\/\/neuronup.com\/it\/wp-content\/uploads\/2021\/10\/cuidador-de-las-personas-con-Alzheimer-1-211x300.webp 211w, https:\/\/neuronup.com\/it\/wp-content\/uploads\/2021\/10\/cuidador-de-las-personas-con-Alzheimer-1-720x1024.webp 720w, https:\/\/neuronup.com\/it\/wp-content\/uploads\/2021\/10\/cuidador-de-las-personas-con-Alzheimer-1.webp 768w\" sizes=\"(max-width:599px) 599px, (min-width:600px) and (max-width: 799px) 799px, (min-width:800px) and (max-width: 999px) 333px, (min-width:1000px) 400px\" \/><\/a><div class=\"entry-wrap entry-wrap-grid\"><h3 class=\"entry-title\" itemprop=\"headline\"><a class=\"entry-title-link\" href=\"https:\/\/neuronup.com\/it\/stimolazione-e-riabilitazione-cognitiva\/malattie-neurodegenerative\/malattia-di-alzheimer\/caregiver-delle-persone-con-alzheimer\/\" rel=\"bookmark\">CEAFA rivendica il valore del caregiver delle persone con Alzheimer<\/a><\/h3>\n<\/div><\/article><article class=\"entry entry-grid is-column has-entry-link has-image has-image-first type-post category-malattia-di-alzheimer tag-alzheimer tag-anziani tag-malattie-neurodegenerative\" style=\"--entry-index:11;\" aria-label=\"L&#8217;identit\u00e0 del caregiver di fronte alla malattia di Alzheimer\" itemscope itemtype=\"https:\/\/schema.org\/CreativeWork\"><a class=\"entry-image-link\" href=\"https:\/\/neuronup.com\/it\/stimolazione-e-riabilitazione-cognitiva\/malattie-neurodegenerative\/malattia-di-alzheimer\/lidentita-del-caregiver-di-fronte-alla-malattia-di-alzheimer\/\" tabindex=\"-1\" aria-hidden=\"true\"><img decoding=\"async\" width=\"400\" height=\"237\" src=\"https:\/\/neuronup.com\/it\/wp-content\/uploads\/2021\/10\/istockphoto-944106416-170667a.webp\" class=\"entry-image size-landscape-sm\" alt=\"Albero stilizzato che forma un volto umano, \u00e8 ricco di rami e foglie in alto; foglie si staccano fluttuando, sfondo nuvoloso e contrasto bianco-nero.\" srcset=\"https:\/\/neuronup.com\/it\/wp-content\/uploads\/2021\/10\/istockphoto-944106416-170667a-300x178.webp 300w, https:\/\/neuronup.com\/it\/wp-content\/uploads\/2021\/10\/istockphoto-944106416-170667a.webp 540w\" sizes=\"(max-width:599px) 599px, (min-width:600px) and (max-width: 799px) 799px, (min-width:800px) and (max-width: 999px) 333px, (min-width:1000px) 400px\" \/><\/a><div class=\"entry-wrap entry-wrap-grid\"><h3 class=\"entry-title\" itemprop=\"headline\"><a class=\"entry-title-link\" href=\"https:\/\/neuronup.com\/it\/stimolazione-e-riabilitazione-cognitiva\/malattie-neurodegenerative\/malattia-di-alzheimer\/lidentita-del-caregiver-di-fronte-alla-malattia-di-alzheimer\/\" rel=\"bookmark\">L&#8217;identit\u00e0 del caregiver di fronte alla malattia di Alzheimer<\/a><\/h3>\n<\/div><\/article><article class=\"entry entry-grid is-column has-entry-link has-image has-image-first type-post category-malattia-di-alzheimer tag-alzheimer tag-anziani tag-malattie-neurodegenerative tag-ricerca\" style=\"--entry-index:12;\" aria-label=\"NeuronUP rallenta il deterioramento cognitivo nei pazienti con Alzheimer\" itemscope itemtype=\"https:\/\/schema.org\/CreativeWork\"><a class=\"entry-image-link\" href=\"https:\/\/neuronup.com\/it\/stimolazione-e-riabilitazione-cognitiva\/malattie-neurodegenerative\/malattia-di-alzheimer\/neuronup-rallenta-il-deterioramento-cognitivo-nei-pazienti-con-alzheimer\/\" tabindex=\"-1\" aria-hidden=\"true\"><img decoding=\"async\" width=\"280\" height=\"300\" src=\"https:\/\/neuronup.com\/it\/wp-content\/uploads\/2021\/10\/silva-logopeda.webp\" class=\"entry-image size-landscape-sm\" alt=\"Uomo in camice bianco con maglietta a righe sorride, braccia incrociate, di fronte a parete con poster &#039;Fono-Abecedario&#039;.\" srcset=\"https:\/\/neuronup.com\/it\/wp-content\/uploads\/2021\/10\/silva-logopeda-280x300.webp 280w, https:\/\/neuronup.com\/it\/wp-content\/uploads\/2021\/10\/silva-logopeda-768x822.webp 768w, https:\/\/neuronup.com\/it\/wp-content\/uploads\/2021\/10\/silva-logopeda.webp 934w\" sizes=\"(max-width:599px) 599px, (min-width:600px) and (max-width: 799px) 799px, (min-width:800px) and (max-width: 999px) 333px, (min-width:1000px) 400px\" \/><\/a><div class=\"entry-wrap entry-wrap-grid\"><h3 class=\"entry-title\" itemprop=\"headline\"><a class=\"entry-title-link\" href=\"https:\/\/neuronup.com\/it\/stimolazione-e-riabilitazione-cognitiva\/malattie-neurodegenerative\/malattia-di-alzheimer\/neuronup-rallenta-il-deterioramento-cognitivo-nei-pazienti-con-alzheimer\/\" rel=\"bookmark\">NeuronUP rallenta il deterioramento cognitivo nei pazienti con Alzheimer<\/a><\/h3>\n<\/div><\/article><\/div><\/div>","protected":false},"excerpt":{"rendered":"<p>L&#8217;esordio della demenza \u00e8 lento e colpisce dapprima le parti del cervello che si occupano della memoria, del pensiero e del linguaggio. Con il passare del tempo, questi sintomi si aggravano fino al punto in cui le persone affette dal morbo di Alzheimer non riconoscono pi\u00f9 i familiari pi\u00f9 stretti e hanno problemi con le &hellip;<\/p>\n","protected":false},"author":7,"featured_media":0,"parent":1565,"menu_order":0,"comment_status":"closed","ping_status":"closed","template":"","meta":{"_acf_changed":false,"_genesis_hide_title":false,"_genesis_hide_breadcrumbs":false,"_genesis_hide_singular_image":false,"_genesis_hide_footer_widgets":false,"_genesis_custom_body_class":"","_genesis_custom_post_class":"","_genesis_layout":"","footnotes":""},"class_list":{"1":"page","2":"type-page","5":"entry"},"acf":[],"_links":{"self":[{"href":"https:\/\/neuronup.com\/it\/wp-json\/wp\/v2\/pages\/28913","targetHints":{"allow":["GET"]}}],"collection":[{"href":"https:\/\/neuronup.com\/it\/wp-json\/wp\/v2\/pages"}],"about":[{"href":"https:\/\/neuronup.com\/it\/wp-json\/wp\/v2\/types\/page"}],"author":[{"embeddable":true,"href":"https:\/\/neuronup.com\/it\/wp-json\/wp\/v2\/users\/7"}],"replies":[{"embeddable":true,"href":"https:\/\/neuronup.com\/it\/wp-json\/wp\/v2\/comments?post=28913"}],"version-history":[{"count":0,"href":"https:\/\/neuronup.com\/it\/wp-json\/wp\/v2\/pages\/28913\/revisions"}],"up":[{"embeddable":true,"href":"https:\/\/neuronup.com\/it\/wp-json\/wp\/v2\/pages\/1565"}],"wp:attachment":[{"href":"https:\/\/neuronup.com\/it\/wp-json\/wp\/v2\/media?parent=28913"}],"curies":[{"name":"wp","href":"https:\/\/api.w.org\/{rel}","templated":true}]}}