
{"id":1565,"date":"2021-06-08T16:29:54","date_gmt":"2021-06-08T16:29:54","guid":{"rendered":"https:\/\/neuronup.com\/it\/?page_id=1565"},"modified":"2025-02-27T22:20:34","modified_gmt":"2025-02-27T20:20:34","slug":"malattie-neurodegenerative","status":"publish","type":"page","link":"https:\/\/neuronup.com\/it\/neuroriabilitazione\/malattie-neurodegenerative\/","title":{"rendered":"Malattie\u00a0neurodegenerative"},"content":{"rendered":"\n<p class=\"has-lg-font-size\"><strong>L&#8217;intervento appropriato in questi casi \u00e8 la stimolazione cognitiva<\/strong>, poich\u00e9 la progressione di questo tipo di malattia \u00e8 inevitabile, ma \u00e8 possibile rallentare il deterioramento cognitivo e funzionale.<\/p>\n\n\n\n<p><strong><strong><strong>Alcune delle malattie neurodegenerative pi\u00f9 importanti sono:<\/strong><\/strong><\/strong><\/p>\n\n\n\n<h2 class=\"wp-block-heading\" id=\"sclerosi-multipla\">Sclerosi multipla<\/h2>\n\n\n\n<p>\u00c8 una <strong>malattia demielinizzante<\/strong> che colpisce la materia bianca che riveste gli assoni.Per molto tempo le manifestazioni cliniche di questa malattia sono state considerate esclusivamente neurologiche (debolezza motoria, difficolt\u00e0 visive, diplopia, disartria, atassia, ecc.). Tuttavia, negli ultimi decenni un numero crescente di ricerche ha dimostrato che pu\u00f2 essere associata anche a <strong>deficit cognitivi che interessano principalmente l&#8217;attenzione, la concentrazione, la velocit\u00e0 di elaborazione delle informazioni, la memoria e le funzioni esecutive<\/strong>.<\/p>\n\n\n\n<div class=\"wp-block-buttons is-layout-flex wp-block-buttons-is-layout-flex\">\n<div class=\"wp-block-button--1\" style=\"--button-outline-color:var(--color-primary);\"><a class=\"wp-block-button__link button button-outline   has-link-color wp-element-button\" href=\"https:\/\/neuronup.com\/it\/neuroriabilitazione\/malattie-neurodegenerative\/sclerosi-multipla\/\">Per saperne di pi\u00f9<\/a><\/div>\n\n<\/div>\n\n\n\n<h2 class=\"wp-block-heading\" id=\"alzheimer\">Morbo di Alzheimer<\/h2>\n\n\n\n<p>\u00c8 causato dalla <strong>formazione progressiva di <\/strong>placche senili e di <strong>grovigli neurofibrillari<\/strong> nella corteccia cerebrale, nonch\u00e9 dalla <strong>perdita neuronale e sinaptica<\/strong>.La demenza che ne deriva comporta lo sviluppo di deficit cognitivi multipli, tra cui la compromissione della memoria e l&#8217;alterazione di almeno una delle seguenti aree: <strong>linguaggio, prassia, gnosia o funzione esecutiva.<\/strong><\/p>\n\n\n\n<div class=\"wp-block-buttons is-layout-flex wp-block-buttons-is-layout-flex\">\n<div class=\"wp-block-button--2\" style=\"--button-outline-color:var(--color-primary);\"><a class=\"wp-block-button__link button button-outline   has-link-color wp-element-button\" href=\"https:\/\/neuronup.com\/it\/neuroriabilitazione\/malattie-neurodegenerative\/morbo-di-alzheimer\/\">Per saperne di pi\u00f9<\/a><\/div>\n\n<\/div>\n\n\n\n<h2 class=\"wp-block-heading\" id=\"parkinson\">Malattia di Parkinson<\/h2>\n\n\n\n<p>\u00c8 dovuta alla <strong>morte progressiva dei neuroni in una parte del cervello denominata substantia nigra<\/strong> e, pi\u00f9 specificamente, in una porzione di questo nucleo detta <strong>parte compatta<\/strong>. Ci\u00f2 provoca una diminuzione della sintesi di dopamina, che porta a una disfunzione nella regolazione delle principali strutture cerebrali coinvolte nel controllo del movimento.<\/p>\n\n\n\n<p>I sintomi principali sono goffaggine generalizzata con lentezza nei movimenti, mancanza di motilit\u00e0 spontanea, tremore a riposo e rigidit\u00e0. Pu\u00f2 anche verificarsi un&#8217;alterazione dei riflessi di riequilibrio, con conseguenti cadute.<\/p>\n\n\n\n<p>I sintomi emotivi, come ansia, depressione e apatia, sono spesso associati all&#8217;insorgenza di un deterioramento cognitivo, che colpisce, tra le altre funzioni, <strong>la memoria, l&#8217;attenzione e la velocit\u00e0 di elaborazione<\/strong>.<\/p>\n\n\n\n<div class=\"wp-block-buttons is-layout-flex wp-block-buttons-is-layout-flex\">\n<div class=\"wp-block-button--3\" style=\"--button-outline-color:var(--color-primary);\"><a class=\"wp-block-button__link button button-outline   has-link-color wp-element-button\" href=\"https:\/\/neuronup.com\/it\/neuroriabilitazione\/malattie-neurodegenerative\/morbo-di-parkinson\/\">Per saperne di pi\u00f9<\/a><\/div>\n\n<\/div>\n\n\n\n<h2 class=\"wp-block-heading\" id=\"huntington\">Malattia di Huntington<\/h2>\n\n\n\n<p>\u00c8 causata da un <strong>difetto genetico sul cromosoma 4 ed \u00e8 ereditaria<\/strong>. Colpisce principalmente le cellule del nucleo caudato e del putamen.<\/p>\n\n\n\n<p>I primi sintomi sono spesso rappresentati da alterazioni comportamentali, tra cui comportamento antisociale, irritabilit\u00e0, malumore, irrequietezza o impazienza.<\/p>\n\n\n\n<p>Sono presenti anche disturbi motori come smorfie facciali, movimenti improvvisi e rapidi a scatti di braccia, gambe, viso e altre parti del corpo, movimenti lenti e incontrollabili o andatura instabile.<\/p>\n\n\n\n<p>I principali deficit cognitivi riguardano la memoria e la <strong>capacit\u00e0 di apprendimento, il ragionamento e la risoluzione di problemi, l&#8217;organizzazione, la pianificazione, la sequenza e la flessibilit\u00e0<\/strong>.<\/p>\n\n\n\n<div class=\"wp-block-buttons is-layout-flex wp-block-buttons-is-layout-flex\">\n<div class=\"wp-block-button--4\"><a class=\"wp-block-button__link button button-outline wp-element-button\" href=\"https:\/\/neuronup.com\/it\/neuroriabilitazione\/malattie-neurodegenerative\/malattia-di-huntington\/\">Per saperne di pi\u00f9<\/a><\/div>\n<\/div>\n\n\n\n<h3 class=\"wp-block-heading\">Articoli sull&#8217;intervento terapeutico per le persone affette da malattie neurodegenerative<\/h3>\n\n\n<div class=\"mai-grid entries entries-grid has-boxed has-image-full\" style=\"--entry-title-font-size:var(--font-size-lg);--align-text:start;--entry-meta-text-align:start;\"><div class=\"entries-wrap has-columns\" style=\"--columns-xs:1\/1;--columns-sm:1\/1;--columns-md:1\/3;--columns-lg:1\/3;--flex-xs:0 0 var(--flex-basis);--flex-sm:0 0 var(--flex-basis);--flex-md:0 0 var(--flex-basis);--flex-lg:0 0 var(--flex-basis);--column-gap:var(--spacing-lg);--row-gap:var(--spacing-lg);--align-columns:start;\"><article class=\"entry entry-grid is-column has-entry-link has-image has-image-first type-post category-malattie-neurodegenerative tag-alzheimer tag-demenza tag-malattie-neurodegenerative\" style=\"--entry-index:1;\" aria-label=\"Comunicazione del caregiver verso il paziente con demenza\" itemscope itemtype=\"https:\/\/schema.org\/CreativeWork\"><a class=\"entry-image-link\" href=\"https:\/\/neuronup.com\/it\/stimolazione-e-riabilitazione-cognitiva\/malattie-neurodegenerative\/comunicazione-del-caregiver-verso-il-paziente-con-demenza\/\" tabindex=\"-1\" aria-hidden=\"true\"><img decoding=\"async\" width=\"400\" height=\"267\" src=\"https:\/\/neuronup.com\/it\/wp-content\/uploads\/2024\/10\/paciente-con-demecia.webp\" class=\"entry-image size-landscape-sm\" alt=\"Donna giovane avvicina un uomo anziano con occhiali; entrambi seduti in ambiente domestico caldo, illuminazione naturale.\" srcset=\"https:\/\/neuronup.com\/it\/wp-content\/uploads\/2024\/10\/paciente-con-demecia-300x200.webp 300w, https:\/\/neuronup.com\/it\/wp-content\/uploads\/2024\/10\/paciente-con-demecia-768x512.webp 768w, https:\/\/neuronup.com\/it\/wp-content\/uploads\/2024\/10\/paciente-con-demecia-1024x683.webp 1024w, https:\/\/neuronup.com\/it\/wp-content\/uploads\/2024\/10\/paciente-con-demecia.webp 1200w\" sizes=\"(max-width:599px) 599px, (min-width:600px) and (max-width: 799px) 799px, (min-width:800px) and (max-width: 999px) 333px, (min-width:1000px) 400px\" \/><\/a><div class=\"entry-wrap entry-wrap-grid\"><h3 class=\"entry-title\" itemprop=\"headline\"><a class=\"entry-title-link\" href=\"https:\/\/neuronup.com\/it\/stimolazione-e-riabilitazione-cognitiva\/malattie-neurodegenerative\/comunicazione-del-caregiver-verso-il-paziente-con-demenza\/\" rel=\"bookmark\">Comunicazione del caregiver verso il paziente con demenza<\/a><\/h3>\n<\/div><\/article><article class=\"entry entry-grid is-column has-entry-link has-image has-image-first type-post category-malattia-di-alzheimer tag-alzheimer tag-demenza tag-memoria\" style=\"--entry-index:2;\" aria-label=\"La lingua come fattore predittivo delle demenze\" itemscope itemtype=\"https:\/\/schema.org\/CreativeWork\"><a class=\"entry-image-link\" href=\"https:\/\/neuronup.com\/it\/stimolazione-e-riabilitazione-cognitiva\/malattie-neurodegenerative\/malattia-di-alzheimer\/il-linguaggio-come-fattore-predittivo-delle-demenze\/\" tabindex=\"-1\" aria-hidden=\"true\"><img decoding=\"async\" width=\"400\" height=\"267\" src=\"https:\/\/neuronup.com\/it\/wp-content\/uploads\/2023\/11\/El-lenguaje-como-factor-predictor-de-las-demencias-1-1.webp\" class=\"entry-image size-landscape-sm\" alt=\"Disegno stilizzato di cervello su sfondo chiaro; una parte del cervello si stacca rivelando un volto, simboleggia pensiero e identit\u00e0.\" srcset=\"https:\/\/neuronup.com\/it\/wp-content\/uploads\/2023\/11\/El-lenguaje-como-factor-predictor-de-las-demencias-1-1-300x200.webp 300w, https:\/\/neuronup.com\/it\/wp-content\/uploads\/2023\/11\/El-lenguaje-como-factor-predictor-de-las-demencias-1-1-768x512.webp 768w, https:\/\/neuronup.com\/it\/wp-content\/uploads\/2023\/11\/El-lenguaje-como-factor-predictor-de-las-demencias-1-1-1024x683.webp 1024w, https:\/\/neuronup.com\/it\/wp-content\/uploads\/2023\/11\/El-lenguaje-como-factor-predictor-de-las-demencias-1-1.webp 1200w\" sizes=\"(max-width:599px) 599px, (min-width:600px) and (max-width: 799px) 799px, (min-width:800px) and (max-width: 999px) 333px, (min-width:1000px) 400px\" \/><\/a><div class=\"entry-wrap entry-wrap-grid\"><h3 class=\"entry-title\" itemprop=\"headline\"><a class=\"entry-title-link\" href=\"https:\/\/neuronup.com\/it\/stimolazione-e-riabilitazione-cognitiva\/malattie-neurodegenerative\/malattia-di-alzheimer\/il-linguaggio-come-fattore-predittivo-delle-demenze\/\" rel=\"bookmark\">La lingua come fattore predittivo delle demenze<\/a><\/h3>\n<\/div><\/article><article class=\"entry entry-grid is-column has-entry-link has-image has-image-first type-post category-malattia-di-alzheimer tag-alzheimer tag-anziani tag-attivita-di-stimolazione-cognitiva\" style=\"--entry-index:3;\" aria-label=\"Laboratorio cognitivo con NeuronUP per anziani con alzheimer\" itemscope itemtype=\"https:\/\/schema.org\/CreativeWork\"><a class=\"entry-image-link\" href=\"https:\/\/neuronup.com\/it\/stimolazione-e-riabilitazione-cognitiva\/malattie-neurodegenerative\/malattia-di-alzheimer\/laboratorio-cognitivo-con-neuronup-per-persone-anziane-con-alzheimer\/\" tabindex=\"-1\" aria-hidden=\"true\"><img decoding=\"async\" width=\"400\" height=\"223\" src=\"https:\/\/neuronup.com\/it\/wp-content\/uploads\/2025\/02\/Actividad-de-NeuronUP-para-la-intervencion-de-personas-mayores-con-alzheimer-Post-it-ordenados.webp\" class=\"entry-image size-landscape-sm\" alt=\"Interfaccia su bacheca di sughero con tre post-it numerati, barra 0\/5 e cuore, raffigura un esercizio sequenziale.\" srcset=\"https:\/\/neuronup.com\/it\/wp-content\/uploads\/2025\/02\/Actividad-de-NeuronUP-para-la-intervencion-de-personas-mayores-con-alzheimer-Post-it-ordenados-300x167.webp 300w, https:\/\/neuronup.com\/it\/wp-content\/uploads\/2025\/02\/Actividad-de-NeuronUP-para-la-intervencion-de-personas-mayores-con-alzheimer-Post-it-ordenados-768x428.webp 768w, https:\/\/neuronup.com\/it\/wp-content\/uploads\/2025\/02\/Actividad-de-NeuronUP-para-la-intervencion-de-personas-mayores-con-alzheimer-Post-it-ordenados-1024x571.webp 1024w, https:\/\/neuronup.com\/it\/wp-content\/uploads\/2025\/02\/Actividad-de-NeuronUP-para-la-intervencion-de-personas-mayores-con-alzheimer-Post-it-ordenados-1536x857.webp 1536w, https:\/\/neuronup.com\/it\/wp-content\/uploads\/2025\/02\/Actividad-de-NeuronUP-para-la-intervencion-de-personas-mayores-con-alzheimer-Post-it-ordenados.webp 1916w\" sizes=\"(max-width:599px) 599px, (min-width:600px) and (max-width: 799px) 799px, (min-width:800px) and (max-width: 999px) 333px, (min-width:1000px) 400px\" \/><\/a><div class=\"entry-wrap entry-wrap-grid\"><h3 class=\"entry-title\" itemprop=\"headline\"><a class=\"entry-title-link\" href=\"https:\/\/neuronup.com\/it\/stimolazione-e-riabilitazione-cognitiva\/malattie-neurodegenerative\/malattia-di-alzheimer\/laboratorio-cognitivo-con-neuronup-per-persone-anziane-con-alzheimer\/\" rel=\"bookmark\">Laboratorio cognitivo con NeuronUP per anziani con alzheimer<\/a><\/h3>\n<\/div><\/article><article class=\"entry entry-grid is-column has-entry-link has-image has-image-first type-post category-sclerosi-multipla tag-attivita-di-stimolazione-cognitiva tag-sclerosi-multipla\" style=\"--entry-index:4;\" aria-label=\"Laboratorio cognitivo con NeuronUP per l&#8217;intervento della sclerosi multipla (SM)\" itemscope itemtype=\"https:\/\/schema.org\/CreativeWork\"><a class=\"entry-image-link\" href=\"https:\/\/neuronup.com\/it\/stimolazione-e-riabilitazione-cognitiva\/malattie-neurodegenerative\/sclerosi-multipla\/laboratorio-cognitivo-con-neuronup-per-lintervento-nella-sclerosi-multipla-em\/\" tabindex=\"-1\" aria-hidden=\"true\"><img decoding=\"async\" width=\"400\" height=\"300\" src=\"https:\/\/neuronup.com\/it\/wp-content\/uploads\/2024\/10\/Actividad-Objetos-en-el-hogar.webp\" class=\"entry-image size-landscape-sm\" alt=\"Collage di ambienti domestici: giardino fiorito, camera, lavanderia e accessori casa; segni di progresso in basso.\" srcset=\"https:\/\/neuronup.com\/it\/wp-content\/uploads\/2024\/10\/Actividad-Objetos-en-el-hogar-300x225.webp 300w, https:\/\/neuronup.com\/it\/wp-content\/uploads\/2024\/10\/Actividad-Objetos-en-el-hogar-768x577.webp 768w, https:\/\/neuronup.com\/it\/wp-content\/uploads\/2024\/10\/Actividad-Objetos-en-el-hogar-1024x769.webp 1024w, https:\/\/neuronup.com\/it\/wp-content\/uploads\/2024\/10\/Actividad-Objetos-en-el-hogar.webp 1200w\" sizes=\"(max-width:599px) 599px, (min-width:600px) and (max-width: 799px) 799px, (min-width:800px) and (max-width: 999px) 333px, (min-width:1000px) 400px\" \/><\/a><div class=\"entry-wrap entry-wrap-grid\"><h3 class=\"entry-title\" itemprop=\"headline\"><a class=\"entry-title-link\" href=\"https:\/\/neuronup.com\/it\/stimolazione-e-riabilitazione-cognitiva\/malattie-neurodegenerative\/sclerosi-multipla\/laboratorio-cognitivo-con-neuronup-per-lintervento-nella-sclerosi-multipla-em\/\" rel=\"bookmark\">Laboratorio cognitivo con NeuronUP per l&#8217;intervento della sclerosi multipla (SM)<\/a><\/h3>\n<\/div><\/article><article class=\"entry entry-grid is-column has-entry-link has-image has-image-first type-post category-malattia-di-alzheimer tag-alzheimer tag-anziani tag-invecchiamento-normale tag-malattie-neurodegenerative\" style=\"--entry-index:5;\" aria-label=\"Design di attivit\u00e0 significative per pazienti con demenza e invecchiamento sano\" itemscope itemtype=\"https:\/\/schema.org\/CreativeWork\"><a class=\"entry-image-link\" href=\"https:\/\/neuronup.com\/it\/stimolazione-e-riabilitazione-cognitiva\/malattie-neurodegenerative\/malattia-di-alzheimer\/progettazione-di-attivita-per-pazienti-con-demenza-e-invecchiamento-sano\/\" tabindex=\"-1\" aria-hidden=\"true\"><img decoding=\"async\" width=\"400\" height=\"300\" src=\"https:\/\/neuronup.com\/it\/wp-content\/uploads\/2022\/10\/1202982913070921.Td96AfIJM1Twk8FZADJl_height640-1-1-1-1-1-1-1-1-1-1-1.webp\" class=\"entry-image size-landscape-sm\" alt=\"Tre anziane sedute attorno a un tavolo partecipano a un\u2019attivit\u00e0 creativa con scatole e una figura di legno, in ambiente.\" srcset=\"https:\/\/neuronup.com\/it\/wp-content\/uploads\/2022\/10\/1202982913070921.Td96AfIJM1Twk8FZADJl_height640-1-1-1-1-1-1-1-1-1-1-1-300x225.webp 300w, https:\/\/neuronup.com\/it\/wp-content\/uploads\/2022\/10\/1202982913070921.Td96AfIJM1Twk8FZADJl_height640-1-1-1-1-1-1-1-1-1-1-1-768x576.webp 768w, https:\/\/neuronup.com\/it\/wp-content\/uploads\/2022\/10\/1202982913070921.Td96AfIJM1Twk8FZADJl_height640-1-1-1-1-1-1-1-1-1-1-1-1024x768.webp 1024w, https:\/\/neuronup.com\/it\/wp-content\/uploads\/2022\/10\/1202982913070921.Td96AfIJM1Twk8FZADJl_height640-1-1-1-1-1-1-1-1-1-1-1.webp 1200w\" sizes=\"(max-width:599px) 599px, (min-width:600px) and (max-width: 799px) 799px, (min-width:800px) and (max-width: 999px) 333px, (min-width:1000px) 400px\" \/><\/a><div class=\"entry-wrap entry-wrap-grid\"><h3 class=\"entry-title\" itemprop=\"headline\"><a class=\"entry-title-link\" href=\"https:\/\/neuronup.com\/it\/stimolazione-e-riabilitazione-cognitiva\/malattie-neurodegenerative\/malattia-di-alzheimer\/progettazione-di-attivita-per-pazienti-con-demenza-e-invecchiamento-sano\/\" rel=\"bookmark\">Design di attivit\u00e0 significative per pazienti con demenza e invecchiamento sano<\/a><\/h3>\n<\/div><\/article><article class=\"entry entry-grid is-column has-entry-link has-image has-image-first type-post category-attivita-di-neuroriabilitazione category-attivita-per-gnosia category-attivita-per-le-funzioni-cognitive category-malattie-neurodegenerative category-stimolazione-e-riabilitazione-cognitiva tag-adulti tag-attivita-per-la-stimolazione-cognitiva tag-attivita-di-stimolazione-cognitiva-per-adulti tag-malattie-neurodegenerative\" style=\"--entry-index:6;\" aria-label=\"Nuova attivit\u00e0 cartacea: Memorizza la sequenza di immagini!\" itemscope itemtype=\"https:\/\/schema.org\/CreativeWork\"><a class=\"entry-image-link\" href=\"https:\/\/neuronup.com\/it\/stimolazione-e-riabilitazione-cognitiva\/nuova-attivita-cartacea-memorizza-la-sequenza-di-immagini\/\" tabindex=\"-1\" aria-hidden=\"true\"><img decoding=\"async\" width=\"400\" height=\"300\" src=\"https:\/\/neuronup.com\/it\/wp-content\/uploads\/2025\/12\/EWM2A1-400x300.webp\" class=\"entry-image size-landscape-sm\" alt=\"In fila: torta bianca, oggetto rosso a forma di triangolo, coniglio grigio, ananas, oggetto arancione e scatola di cartone.\" srcset=\"https:\/\/neuronup.com\/it\/wp-content\/uploads\/2025\/12\/EWM2A1-400x300.webp 400w, https:\/\/neuronup.com\/it\/wp-content\/uploads\/2025\/12\/EWM2A1-800x600.webp 800w, https:\/\/neuronup.com\/it\/wp-content\/uploads\/2025\/12\/EWM2A1-1200x900.webp 1200w\" sizes=\"(max-width:599px) 599px, (min-width:600px) and (max-width: 799px) 799px, (min-width:800px) and (max-width: 999px) 333px, (min-width:1000px) 400px\" \/><\/a><div class=\"entry-wrap entry-wrap-grid\"><h3 class=\"entry-title\" itemprop=\"headline\"><a class=\"entry-title-link\" href=\"https:\/\/neuronup.com\/it\/stimolazione-e-riabilitazione-cognitiva\/nuova-attivita-cartacea-memorizza-la-sequenza-di-immagini\/\" rel=\"bookmark\">Nuova attivit\u00e0 cartacea: Memorizza la sequenza di immagini!<\/a><\/h3>\n<\/div><\/article><article class=\"entry entry-grid is-column has-entry-link has-image has-image-first type-post category-metodi-e-tecniche-di-intervento-terapeutico-e-psicologico tag-attivita-di-stimolazione-cognitiva-per-bambini tag-autismo tag-bambini tag-disabilita-intellettiva tag-disturbi-del-neurosviluppo tag-malattie-neurodegenerative tag-sclerosi-multipla tag-sindrome-di-down\" style=\"--entry-index:7;\" aria-label=\"Ipoterapia: che cos&#8217;\u00e8, fondamenti, benefici e metodologia\" itemscope itemtype=\"https:\/\/schema.org\/CreativeWork\"><a class=\"entry-image-link\" href=\"https:\/\/neuronup.com\/it\/stimolazione-e-riabilitazione-cognitiva\/metodi-e-tecniche-di-intervento-terapeutico-e-psicologico\/ippoterapia-che-cose-fondamenti-benefici-e-metodologia\/\" tabindex=\"-1\" aria-hidden=\"true\"><img decoding=\"async\" width=\"400\" height=\"267\" src=\"https:\/\/neuronup.com\/it\/wp-content\/uploads\/2022\/08\/portrait-of-riding-horse-in-sunlight.webp\" class=\"entry-image size-landscape-sm\" alt=\"Ragazzo in casco da equitazione su cavallo marrone con macchia bianca sulla fronte, sorriso sereno; cielo nuvoloso.\" srcset=\"https:\/\/neuronup.com\/it\/wp-content\/uploads\/2022\/08\/portrait-of-riding-horse-in-sunlight-300x200.webp 300w, https:\/\/neuronup.com\/it\/wp-content\/uploads\/2022\/08\/portrait-of-riding-horse-in-sunlight-768x512.webp 768w, https:\/\/neuronup.com\/it\/wp-content\/uploads\/2022\/08\/portrait-of-riding-horse-in-sunlight-1024x683.webp 1024w, https:\/\/neuronup.com\/it\/wp-content\/uploads\/2022\/08\/portrait-of-riding-horse-in-sunlight.webp 1200w\" sizes=\"(max-width:599px) 599px, (min-width:600px) and (max-width: 799px) 799px, (min-width:800px) and (max-width: 999px) 333px, (min-width:1000px) 400px\" \/><\/a><div class=\"entry-wrap entry-wrap-grid\"><h3 class=\"entry-title\" itemprop=\"headline\"><a class=\"entry-title-link\" href=\"https:\/\/neuronup.com\/it\/stimolazione-e-riabilitazione-cognitiva\/metodi-e-tecniche-di-intervento-terapeutico-e-psicologico\/ippoterapia-che-cose-fondamenti-benefici-e-metodologia\/\" rel=\"bookmark\">Ipoterapia: che cos&#8217;\u00e8, fondamenti, benefici e metodologia<\/a><\/h3>\n<\/div><\/article><article class=\"entry entry-grid is-column has-entry-link has-image has-image-first type-post category-malattie-neurodegenerative tag-alzheimer tag-anziani tag-malattie-neurodegenerative tag-morbo-di-parkinson tag-sclerosi-multipla\" style=\"--entry-index:8;\" aria-label=\"Cinque film sulle malattie neurodegenerative\" itemscope itemtype=\"https:\/\/schema.org\/CreativeWork\"><a class=\"entry-image-link\" href=\"https:\/\/neuronup.com\/it\/stimolazione-e-riabilitazione-cognitiva\/malattie-neurodegenerative\/cinque-film-sulle-malattie-neurodegenerative\/\" tabindex=\"-1\" aria-hidden=\"true\"><img decoding=\"async\" width=\"400\" height=\"267\" src=\"https:\/\/neuronup.com\/it\/wp-content\/uploads\/2022\/06\/Amor-y-otras-drogas.webp\" class=\"entry-image size-landscape-sm\" alt=\"Due persone in uno studio creativo: una ragazza con salopette taglia stampe con righello e cutter, un ragazzo con macchina fotografica.\" srcset=\"https:\/\/neuronup.com\/it\/wp-content\/uploads\/2022\/06\/Amor-y-otras-drogas-300x200.webp 300w, https:\/\/neuronup.com\/it\/wp-content\/uploads\/2022\/06\/Amor-y-otras-drogas-768x512.webp 768w, https:\/\/neuronup.com\/it\/wp-content\/uploads\/2022\/06\/Amor-y-otras-drogas.webp 1000w\" sizes=\"(max-width:599px) 599px, (min-width:600px) and (max-width: 799px) 799px, (min-width:800px) and (max-width: 999px) 333px, (min-width:1000px) 400px\" \/><\/a><div class=\"entry-wrap entry-wrap-grid\"><h3 class=\"entry-title\" itemprop=\"headline\"><a class=\"entry-title-link\" href=\"https:\/\/neuronup.com\/it\/stimolazione-e-riabilitazione-cognitiva\/malattie-neurodegenerative\/cinque-film-sulle-malattie-neurodegenerative\/\" rel=\"bookmark\">Cinque film sulle malattie neurodegenerative<\/a><\/h3>\n<\/div><\/article><article class=\"entry entry-grid is-column has-entry-link has-image has-image-first type-post category-malattia-di-parkinson tag-morbo-di-parkinson tag-riabilitazione-cognitiva\" style=\"--entry-index:9;\" aria-label=\"Riabilitazione neuropsicologica nella malattia di Parkinson\" itemscope itemtype=\"https:\/\/schema.org\/CreativeWork\"><a class=\"entry-image-link\" href=\"https:\/\/neuronup.com\/it\/stimolazione-e-riabilitazione-cognitiva\/malattie-neurodegenerative\/malattia-di-parkinson\/riabilitazione-neuropsicologica-nella-malattia-di-parkinson\/\" tabindex=\"-1\" aria-hidden=\"true\"><img decoding=\"async\" width=\"398\" height=\"300\" src=\"https:\/\/neuronup.com\/it\/wp-content\/uploads\/2023\/10\/Rehabilitacion-neuropsicologica-en-la-enfermedad-de-Parkinson-2-1.webp\" class=\"entry-image size-landscape-sm\" alt=\"Persona seduta di spalle davanti a un computer, schermo con icone a griglia; punta un dito verso una icona, ambiente moderno.\" srcset=\"https:\/\/neuronup.com\/it\/wp-content\/uploads\/2023\/10\/Rehabilitacion-neuropsicologica-en-la-enfermedad-de-Parkinson-2-1-300x226.webp 300w, https:\/\/neuronup.com\/it\/wp-content\/uploads\/2023\/10\/Rehabilitacion-neuropsicologica-en-la-enfermedad-de-Parkinson-2-1-768x579.webp 768w, https:\/\/neuronup.com\/it\/wp-content\/uploads\/2023\/10\/Rehabilitacion-neuropsicologica-en-la-enfermedad-de-Parkinson-2-1-1024x771.webp 1024w, https:\/\/neuronup.com\/it\/wp-content\/uploads\/2023\/10\/Rehabilitacion-neuropsicologica-en-la-enfermedad-de-Parkinson-2-1.webp 1200w\" sizes=\"(max-width:599px) 599px, (min-width:600px) and (max-width: 799px) 799px, (min-width:800px) and (max-width: 999px) 333px, (min-width:1000px) 400px\" \/><\/a><div class=\"entry-wrap entry-wrap-grid\"><h3 class=\"entry-title\" itemprop=\"headline\"><a class=\"entry-title-link\" href=\"https:\/\/neuronup.com\/it\/stimolazione-e-riabilitazione-cognitiva\/malattie-neurodegenerative\/malattia-di-parkinson\/riabilitazione-neuropsicologica-nella-malattia-di-parkinson\/\" rel=\"bookmark\">Riabilitazione neuropsicologica nella malattia di Parkinson<\/a><\/h3>\n<\/div><\/article><article class=\"entry entry-grid is-column has-entry-link has-image has-image-first type-post category-metodi-e-tecniche-di-intervento-terapeutico-e-psicologico tag-adulti tag-anziani tag-invecchiamento-normale\" style=\"--entry-index:10;\" aria-label=\"Biofeedback della VFC per migliorare la cognizione negli anziani: Uno strumento basato sull&#8217;evidenza\" itemscope itemtype=\"https:\/\/schema.org\/CreativeWork\"><a class=\"entry-image-link\" href=\"https:\/\/neuronup.com\/it\/stimolazione-e-riabilitazione-cognitiva\/metodi-e-tecniche-di-intervento-terapeutico-e-psicologico\/biofeedback-della-variabilita-della-frequenza-cardiaca-per-migliorare-la-cognizione-negli-anziani-uno-strumento-basato-sull-evidenza\/\" tabindex=\"-1\" aria-hidden=\"true\"><img decoding=\"async\" width=\"400\" height=\"229\" src=\"https:\/\/neuronup.com\/it\/wp-content\/uploads\/2025\/08\/Biofeedback-de-la-VFC-para-mejorar-la-cognicion-en-adultos-mayores-Una-herramienta-basada-en-evidencia.webp\" class=\"entry-image size-landscape-sm\" alt=\"Medico in camice bianco ha uno smartwatch con grafico del battito cardiaco; ambiente clinico con luci soffuse.\" srcset=\"https:\/\/neuronup.com\/it\/wp-content\/uploads\/2025\/08\/Biofeedback-de-la-VFC-para-mejorar-la-cognicion-en-adultos-mayores-Una-herramienta-basada-en-evidencia-300x172.webp 300w, https:\/\/neuronup.com\/it\/wp-content\/uploads\/2025\/08\/Biofeedback-de-la-VFC-para-mejorar-la-cognicion-en-adultos-mayores-Una-herramienta-basada-en-evidencia-768x439.webp 768w, https:\/\/neuronup.com\/it\/wp-content\/uploads\/2025\/08\/Biofeedback-de-la-VFC-para-mejorar-la-cognicion-en-adultos-mayores-Una-herramienta-basada-en-evidencia-1024x585.webp 1024w, https:\/\/neuronup.com\/it\/wp-content\/uploads\/2025\/08\/Biofeedback-de-la-VFC-para-mejorar-la-cognicion-en-adultos-mayores-Una-herramienta-basada-en-evidencia.webp 1200w\" sizes=\"(max-width:599px) 599px, (min-width:600px) and (max-width: 799px) 799px, (min-width:800px) and (max-width: 999px) 333px, (min-width:1000px) 400px\" \/><\/a><div class=\"entry-wrap entry-wrap-grid\"><h3 class=\"entry-title\" itemprop=\"headline\"><a class=\"entry-title-link\" href=\"https:\/\/neuronup.com\/it\/stimolazione-e-riabilitazione-cognitiva\/metodi-e-tecniche-di-intervento-terapeutico-e-psicologico\/biofeedback-della-variabilita-della-frequenza-cardiaca-per-migliorare-la-cognizione-negli-anziani-uno-strumento-basato-sull-evidenza\/\" rel=\"bookmark\">Biofeedback della VFC per migliorare la cognizione negli anziani: Uno strumento basato sull&#8217;evidenza<\/a><\/h3>\n<\/div><\/article><article class=\"entry entry-grid is-column has-entry-link has-image has-image-first type-post category-metodi-e-tecniche-di-intervento-terapeutico-e-psicologico tag-adulti tag-anziani tag-invecchiamento-normale\" style=\"--entry-index:11;\" aria-label=\"La variabilit\u00e0 della frequenza cardiaca (VFC) e la sua relazione con il deterioramento cognitivo\" itemscope itemtype=\"https:\/\/schema.org\/CreativeWork\"><a class=\"entry-image-link\" href=\"https:\/\/neuronup.com\/it\/stimolazione-e-riabilitazione-cognitiva\/metodi-e-tecniche-di-intervento-terapeutico-e-psicologico\/variabilita-della-frequenza-cardiaca-e-la-sua-relazione-con-il-deterioramento-cognitivo\/\" tabindex=\"-1\" aria-hidden=\"true\"><img decoding=\"async\" width=\"400\" height=\"218\" src=\"https:\/\/neuronup.com\/it\/wp-content\/uploads\/2025\/08\/La-variabilidad-de-la-frecuencia-cardiaca-VFC-y-su-relacion-con-el-deterioro-cognitivo.webp\" class=\"entry-image size-landscape-sm\" alt=\"Tracciato grafico della frequenza cardiaca in linea blu su sfondo scuro; esagoni sullo sfondo e un effetto luminoso moderno.\" srcset=\"https:\/\/neuronup.com\/it\/wp-content\/uploads\/2025\/08\/La-variabilidad-de-la-frecuencia-cardiaca-VFC-y-su-relacion-con-el-deterioro-cognitivo-300x164.webp 300w, https:\/\/neuronup.com\/it\/wp-content\/uploads\/2025\/08\/La-variabilidad-de-la-frecuencia-cardiaca-VFC-y-su-relacion-con-el-deterioro-cognitivo-768x419.webp 768w, https:\/\/neuronup.com\/it\/wp-content\/uploads\/2025\/08\/La-variabilidad-de-la-frecuencia-cardiaca-VFC-y-su-relacion-con-el-deterioro-cognitivo-1024x558.webp 1024w, https:\/\/neuronup.com\/it\/wp-content\/uploads\/2025\/08\/La-variabilidad-de-la-frecuencia-cardiaca-VFC-y-su-relacion-con-el-deterioro-cognitivo.webp 1238w\" sizes=\"(max-width:599px) 599px, (min-width:600px) and (max-width: 799px) 799px, (min-width:800px) and (max-width: 999px) 333px, (min-width:1000px) 400px\" \/><\/a><div class=\"entry-wrap entry-wrap-grid\"><h3 class=\"entry-title\" itemprop=\"headline\"><a class=\"entry-title-link\" href=\"https:\/\/neuronup.com\/it\/stimolazione-e-riabilitazione-cognitiva\/metodi-e-tecniche-di-intervento-terapeutico-e-psicologico\/variabilita-della-frequenza-cardiaca-e-la-sua-relazione-con-il-deterioramento-cognitivo\/\" rel=\"bookmark\">La variabilit\u00e0 della frequenza cardiaca (VFC) e la sua relazione con il deterioramento cognitivo<\/a><\/h3>\n<\/div><\/article><article class=\"entry entry-grid is-column has-entry-link has-image has-image-first type-post category-malattia-di-parkinson tag-morbo-di-parkinson\" style=\"--entry-index:12;\" aria-label=\"Odore di Parkinson\" itemscope itemtype=\"https:\/\/schema.org\/CreativeWork\"><a class=\"entry-image-link\" href=\"https:\/\/neuronup.com\/it\/stimolazione-e-riabilitazione-cognitiva\/malattie-neurodegenerative\/malattia-di-parkinson\/odore-di-parkinson\/\" tabindex=\"-1\" aria-hidden=\"true\"><img decoding=\"async\" width=\"400\" height=\"267\" src=\"https:\/\/neuronup.com\/it\/wp-content\/uploads\/2023\/04\/olor-a-parkinson.webp\" class=\"entry-image size-landscape-sm\" alt=\"Due mani si stringono: una mano anziana rugosa accanto a una mano giovane liscia, gesto di sostegno su sfondo neutro caldo.\" srcset=\"https:\/\/neuronup.com\/it\/wp-content\/uploads\/2023\/04\/olor-a-parkinson-300x200.webp 300w, https:\/\/neuronup.com\/it\/wp-content\/uploads\/2023\/04\/olor-a-parkinson-768x512.webp 768w, https:\/\/neuronup.com\/it\/wp-content\/uploads\/2023\/04\/olor-a-parkinson-1024x683.webp 1024w, https:\/\/neuronup.com\/it\/wp-content\/uploads\/2023\/04\/olor-a-parkinson.webp 1200w\" sizes=\"(max-width:599px) 599px, (min-width:600px) and (max-width: 799px) 799px, (min-width:800px) and (max-width: 999px) 333px, (min-width:1000px) 400px\" \/><\/a><div class=\"entry-wrap entry-wrap-grid\"><h3 class=\"entry-title\" itemprop=\"headline\"><a class=\"entry-title-link\" href=\"https:\/\/neuronup.com\/it\/stimolazione-e-riabilitazione-cognitiva\/malattie-neurodegenerative\/malattia-di-parkinson\/odore-di-parkinson\/\" rel=\"bookmark\">Odore di Parkinson<\/a><\/h3>\n<\/div><\/article><\/div><\/div>","protected":false},"excerpt":{"rendered":"<p>L&#8217;intervento appropriato in questi casi \u00e8 la stimolazione cognitiva, poich\u00e9 la progressione di questo tipo di malattia \u00e8 inevitabile, ma \u00e8 possibile rallentare il deterioramento cognitivo e funzionale. Alcune delle malattie neurodegenerative pi\u00f9 importanti sono: Sclerosi multipla \u00c8 una malattia demielinizzante che colpisce la materia bianca che riveste gli assoni.Per molto tempo le manifestazioni cliniche &hellip;<\/p>\n","protected":false},"author":7,"featured_media":0,"parent":1534,"menu_order":0,"comment_status":"closed","ping_status":"closed","template":"","meta":{"_acf_changed":false,"_genesis_hide_title":false,"_genesis_hide_breadcrumbs":false,"_genesis_hide_singular_image":false,"_genesis_hide_footer_widgets":false,"_genesis_custom_body_class":"nup-style neurorehab","_genesis_custom_post_class":"","_genesis_layout":"","footnotes":""},"class_list":{"1":"page","2":"type-page","5":"entry"},"acf":[],"_links":{"self":[{"href":"https:\/\/neuronup.com\/it\/wp-json\/wp\/v2\/pages\/1565","targetHints":{"allow":["GET"]}}],"collection":[{"href":"https:\/\/neuronup.com\/it\/wp-json\/wp\/v2\/pages"}],"about":[{"href":"https:\/\/neuronup.com\/it\/wp-json\/wp\/v2\/types\/page"}],"author":[{"embeddable":true,"href":"https:\/\/neuronup.com\/it\/wp-json\/wp\/v2\/users\/7"}],"replies":[{"embeddable":true,"href":"https:\/\/neuronup.com\/it\/wp-json\/wp\/v2\/comments?post=1565"}],"version-history":[{"count":0,"href":"https:\/\/neuronup.com\/it\/wp-json\/wp\/v2\/pages\/1565\/revisions"}],"up":[{"embeddable":true,"href":"https:\/\/neuronup.com\/it\/wp-json\/wp\/v2\/pages\/1534"}],"wp:attachment":[{"href":"https:\/\/neuronup.com\/it\/wp-json\/wp\/v2\/media?parent=1565"}],"curies":[{"name":"wp","href":"https:\/\/api.w.org\/{rel}","templated":true}]}}