{"id":32448,"date":"2024-10-31T11:39:16","date_gmt":"2024-10-31T09:39:16","guid":{"rendered":"https:\/\/neuronup.com\/fr\/?page_id=32448"},"modified":"2025-01-07T23:04:53","modified_gmt":"2025-01-07T21:04:53","slug":"les-troubles-neuro-developpementaux","status":"publish","type":"page","link":"https:\/\/neuronup.com\/fr\/la-neuro-reeducation\/les-troubles-neuro-developpementaux\/","title":{"rendered":"Les Troubles neuro-d\u00e9veloppementaux"},"content":{"rendered":"\n<hr class=\"wp-block-separator has-alpha-channel-opacity\"\/>\n\n\n\n<p>Il est essentiel de conna\u00eetre le d\u00e9veloppement du syst\u00e8me nerveux et ses diff\u00e9rentes \u00e9tapes pour comprendre les d\u00e9ficits qui peuvent appara\u00eetre en raison d\u2019un d\u00e9veloppement c\u00e9r\u00e9bral anormal ou en raison de l\u00e9sions c\u00e9r\u00e9brales \u00e0 un \u00e2ge pr\u00e9coce. En fonction du moment o\u00f9 ces anomalies ou l\u00e9sions surviennent (pendant la grossesse, en p\u00e9riode p\u00e9rinatale, ou pendant l\u2019enfance), ses r\u00e9percussions varieront.<\/p>\n\n\n\n<p>Certains des troubles inclus dans cette classification peuvent \u00eatre corrig\u00e9s compl\u00e8tement par une intervention appropri\u00e9e. D\u2019autres sont chroniques, mais dans ce cas, une intervention correcte est \u00e9galement essentielle, car il est possible d\u2019att\u00e9nuer \u00e0 un degr\u00e9 plus ou moins grand et, dans certains cas, m\u00eame d\u2019\u00e9liminer les cons\u00e9quences n\u00e9gatives des sympt\u00f4mes produits par le trouble en question.<\/p>\n\n\n\n<p><small>* La d\u00e9ficience intellectuelle remplit tous les crit\u00e8res pour appartenir \u00e0 cette cat\u00e9gorie, mais nous avons consid\u00e9r\u00e9 justifi\u00e9 de lui attribuer sa propre section.<\/small><\/p>\n\n\n\n<div class=\"wp-block-buttons is-content-justification-center is-layout-flex wp-container-core-buttons-is-layout-16018d1d wp-block-buttons-is-layout-flex\">\n<div class=\"wp-block-button\"><a class=\"wp-block-button__link button wp-element-button\" href=\"https:\/\/neuronup.com\/fr\/actualites-de-la-stimulation-cognitive\/troubles-neuro-developpementaux\/troubles-neurodeveloppementaux-impact-sur-les-fonctions-cognitives\/\">Troubles neurod\u00e9veloppementaux : impact sur les fonctions cognitives<\/a><\/div>\n<\/div>\n\n\n\n<h2 class=\"wp-block-heading\">Trouble de l\u2019attention avec hyperactivit\u00e9 (TDAH)<\/h2>\n\n\n\n<p>Il se caract\u00e9rise par des sympt\u00f4mes manifestes d\u2019inattention et\/ou d\u2019impulsivit\u00e9-hyperactivit\u00e9. Les sous-types sont pr\u00e9sent\u00e9s selon que le sympt\u00f4me pr\u00e9dominant est le d\u00e9ficit de l\u2019attention, l\u2019hyperactivit\u00e9-impulsivit\u00e9 ou si les deux sont \u00e9quivalentes.<\/p>\n\n\n\n<p>Les principales manifestations de chacun des domaines sont :<\/p>\n\n\n\n<h4 class=\"wp-block-heading\">L\u2019Inattention :<\/h4>\n\n\n\n<ul class=\"wp-block-list\">\n<li>Manque d\u2019attention aux d\u00e9tails et erreurs de n\u00e9gligence.<\/li>\n\n\n\n<li>Difficult\u00e9 \u00e0 maintenir l\u2019attention dans des t\u00e2ches ou des activit\u00e9s ludiques.<\/li>\n\n\n\n<li>Facilement distrait par des stimuli non pertinents.<\/li>\n\n\n\n<li>Ne para\u00eet pas \u00e9couter quand on lui parle directement.<\/li>\n\n\n\n<li>Ne suit pas les instructions et ne termine pas les t\u00e2ches.<\/li>\n\n\n\n<li>A des difficult\u00e9s \u00e0 organiser des t\u00e2ches\/devoirs et des activit\u00e9s.<\/li>\n\n\n\n<li>\u00c9vite dans la mesure du possible les t\u00e2ches qui requi\u00e8rent un effort mental soutenu.<\/li>\n\n\n\n<li>Est distrait dans les activit\u00e9s de la vie quotidienne.<\/li>\n<\/ul>\n\n\n\n<h4 class=\"wp-block-heading\">L\u2019Hyperactivit\u00e9 :<\/h4>\n\n\n\n<ul class=\"wp-block-list\">\n<li>S\u2019agite sur le si\u00e8ge ou bouge excessivement les mains et les pieds.<\/li>\n\n\n\n<li>Se l\u00e8ve dans des situations o\u00f9 il doit rester assis.<\/li>\n\n\n\n<li>Exc\u00e8s d\u2019\u00e9nergie.<\/li>\n\n\n\n<li>Cours et saute excessivement dans des situations inappropri\u00e9es (chez les adultes, sentiment d\u2019agitation).<\/li>\n\n\n\n<li>Difficult\u00e9s \u00e0 jouer ou \u00e0 se d\u00e9dier tranquillement \u00e0 des activit\u00e9s de loisirs.<\/li>\n\n\n\n<li>Parle trop.<\/li>\n<\/ul>\n\n\n\n<h4 class=\"wp-block-heading\">L\u2019Impulsivit\u00e9 :<\/h4>\n\n\n\n<ul class=\"wp-block-list\">\n<li>Se pr\u00e9cipite dans les r\u00e9ponses sans avoir termin\u00e9 la question.<\/li>\n\n\n\n<li>Est impatient.<\/li>\n\n\n\n<li>Interrompt ou s\u2019immisce dans les activit\u00e9s d\u2019autrui.<\/li>\n<\/ul>\n\n\n\n<div class=\"wp-block-buttons is-content-justification-center is-layout-flex wp-container-core-buttons-is-layout-16018d1d wp-block-buttons-is-layout-flex\">\n<div class=\"wp-block-button\"><a class=\"wp-block-button__link button has-text-align-left wp-element-button\" href=\"https:\/\/neuronup.com\/fr\/la-neuro-reeducation\/les-troubles-neuro-developpementaux\/trouble-deficitaire-de-lattention-avec-hyperactivite-tdah\/\">En savoir plus les TDAH<\/a><\/div>\n<\/div>\n\n\n\n<h2 class=\"wp-block-heading\" id=\"troubles-apprentissage\">Troubles sp\u00e9cifiques de l\u2019apprentissage<\/h2>\n\n\n\n<p>Les comp\u00e9tences cognitives ne sont pas homog\u00e8nes d\u2019une personne \u00e0 une autre, mais si apr\u00e8s un d\u00e9veloppement appropri\u00e9 il existe un domaine particuli\u00e8rement d\u00e9faillant, nous nous r\u00e9f\u00e9rons \u00e0 un probl\u00e8me sp\u00e9cifique de l\u2019apprentissage. Il se caract\u00e9rise par un rendement acad\u00e9mique nettement inf\u00e9rieur aux attentes compte tenu de l\u2019\u00e2ge du sujet, de la mesure de l\u2019intelligence et de l\u2019enseignement adapt\u00e9 \u00e0 l\u2019\u00e2ge. Ils interf\u00e8rent de mani\u00e8re significative avec les performances scolaires, rendant difficile pour l\u2019enfant de progresser correctement et d\u2019atteindre les objectifs fix\u00e9s dans les diff\u00e9rents plans \u00e9ducatifs.<\/p>\n\n\n\n<h4 class=\"wp-block-heading\">Trouble de la lecture (dyslexie)<\/h4>\n\n\n\n<p>Elle se caract\u00e9rise par une capacit\u00e9 r\u00e9duite \u00e0 reconna\u00eetre les mots, une lecture lente et incertaine et une mauvaise compr\u00e9hension.<\/p>\n\n\n\n<h4 class=\"wp-block-heading\">Trouble de l\u2019expression \u00e9crite (dysgraphie)<\/h4>\n\n\n\n<p>Le probl\u00e8me peut-\u00eatre dans l\u2019\u00e9criture concr\u00e8te de mots ou dans l\u2019\u00e9criture-composition g\u00e9n\u00e9rale.<\/p>\n\n\n\n<h4 class=\"wp-block-heading\">Trouble du calcul (Dyscalculie)<\/h4>\n\n\n\n<p>Il affecte l\u2019apprentissage des connaissances arithm\u00e9tiques de base (Addition, soustraction, multiplication et division), plus que les autres connaissances math\u00e9matiques plus abstraites (alg\u00e8bre et g\u00e9om\u00e9trie).<\/p>\n\n\n\n<h2 class=\"wp-block-heading\" id=\"trouble-expression\">Trouble de l\u2019expression<\/h2>\n\n\n\n<p>Il affecte l\u2019apprentissage des connaissances arithm\u00e9tiques de base (Addition, soustraction, multiplication et division), plus que les autres connaissances math\u00e9matiques plus abstraites (alg\u00e8bre et g\u00e9om\u00e9trie).<\/p>\n\n\n\n<h4 class=\"wp-block-heading\">Trouble de l&rsquo;expression<\/h4>\n\n\n\n<p>La capacit\u00e9 pour s\u2019exprimer oralement est nettement inf\u00e9rieure au niveau appropri\u00e9 pour l\u2019\u00e2ge mental de l\u2019enfant. Les difficult\u00e9s peuvent appara\u00eetre \u00e0 la fois dans le langage verbal et gestuel.<\/p>\n\n\n\n<p>Ses principales caract\u00e9ristiques sont : un discours limit\u00e9 quantitativement, un vocabulaire r\u00e9duit, une difficult\u00e9 \u00e0 acqu\u00e9rir des nouveaux mots, des erreurs de vocabulaire ou de rappel de mots, des phrases courtes, des structures grammaticales simplifi\u00e9es, une limitation des vari\u00e9t\u00e9s structurales grammaticales et des types de phrases, des omissions de parties critiques des phrases, une utilisation dans un ordre inhabituel de mots et ralentissement du d\u00e9veloppement du langage.<\/p>\n\n\n\n<h4 class=\"wp-block-heading\">Trouble de la compr\u00e9hension<\/h4>\n\n\n\n<p>La capacit\u00e9 de compr\u00e9hension est nettement inf\u00e9rieure au niveau appropri\u00e9 pour l\u2019\u00e2ge mental de l\u2019enfant. L\u2019expression est \u00e9galement fortement affect\u00e9e (ce trouble est souvent appel\u00e9 : trouble du langage mixte r\u00e9ceptif-expressif), car le d\u00e9veloppement du langage expressif repose sur l\u2019acquisition des capacit\u00e9s r\u00e9ceptives<\/p>\n\n\n\n<p>Outre les caract\u00e9ristiques propres du trouble de l\u2019expression mentionn\u00e9es auparavant, on observe dans ce cas une difficult\u00e9 \u00e0 comprendre les mots, les phrases ou les types sp\u00e9cifiques de mots. Il peut y avoir \u00e9galement un d\u00e9ficit dans diff\u00e9rents domaines du traitement auditif : discrimination des sons, associations de sons et de symboles, stockage, rappel et s\u00e9quen\u00e7age.<\/p>\n\n\n\n<h4 class=\"wp-block-heading\">Trouble phonologique (dyslalie)<\/h4>\n\n\n\n<p>Sa principale caract\u00e9ristique est l\u2019incapacit\u00e9 \u00e0 utiliser les sons de la parole adapt\u00e9s au d\u00e9veloppement pour l\u2019\u00e2ge et la langue de l\u2019enfant.<\/p>\n\n\n\n<p>Cela peut impliquer des erreurs de la production, de l&rsquo;utilisation, de la repr\u00e9sentation ou de l&rsquo;organisation des sons, comme par exemple les substitutions d&rsquo;un son pour un autre, ou l&rsquo;omission de sons.<\/p>\n\n\n\n<h4 class=\"wp-block-heading\">B\u00e9gaiement (dysph\u00e9mie)<\/h4>\n\n\n\n<p>Trouble de la fluidit\u00e9 normale et de la structuration temporelle de la parole inappropri\u00e9e pour l\u2019\u00e2ge du sujet.<\/p>\n\n\n\n<p>Il se caract\u00e9rise par de fr\u00e9quentes r\u00e9p\u00e9titions ou prolongations des sons et des syllabes. Des interjections, une fragmentation des mots, des blocages (audibles ou silencieux), des circonlocutions, des mots produits avec des exc\u00e8s de tension physique et des r\u00e9p\u00e9titions de monosyllabes peuvent \u00e9galement se produire.<\/p>\n\n\n\n<p>Cela ne se produit g\u00e9n\u00e9ralement pas lors d\u2019une lecture orale, en chantant ou en parlant \u00e0 des objets inanim\u00e9s ou \u00e0 des animaux.<\/p>\n\n\n\n<div style=\"height:50px\" aria-hidden=\"true\" class=\"wp-block-spacer\"><\/div>\n\n\n\n<h2 class=\"wp-block-heading\">\u00a0Troubles du spectre autistique (TSA)<\/h2>\n\n\n\n<p>Il s\u2019agit d\u2019un groupe de troubles du d\u00e9veloppement qui peuvent causer de graves probl\u00e8mes, voire chroniques, de socialisation, de communication et de comportement.<\/p>\n\n\n\n<p>La mani\u00e8re dont ses alt\u00e9rations se manifestent varie fortement en fonction d\u2019un enfant \u00e0 un autre, on parle donc d\u2019un \u201cspectre\u201d ou \u201ccontinuum des troubles\u201d, ce qui signifie qu\u2019il existe diff\u00e9rentes mani\u00e8res dont apparaissent les sympt\u00f4mes de ce type de troubles, et leur gravit\u00e9 varie en fonction d\u2019un cas \u00e0 l\u2019autre. Le tableau clinique n\u2019est pas uniforme et ou absolument d\u00e9limit\u00e9, sa pr\u00e9sentation varie d\u2019un spectre plus grand \u00e0 moindre, varie avec le temps et se voit influenc\u00e9 par plusieurs facteurs comme le niveau de capacit\u00e9 intellectuelle associ\u00e9e ou l\u2019acc\u00e8s \u00e0 un soutien sp\u00e9cialis\u00e9.<\/p>\n\n\n\n<p>Les personnes atteintes du TSA traitent l\u2019information de mani\u00e8re distincte des autres et se d\u00e9veloppent \u00e0 des rythmes diff\u00e9rents dans chaque domaine. Elles se caract\u00e9risent par la pr\u00e9sentation de difficult\u00e9s cliniquement significatives et persistantes dans la communication sociale (difficult\u00e9 marqu\u00e9e dans la communication non-verbale et verbale utilis\u00e9e dans l\u2019interaction, absence de r\u00e9ciprocit\u00e9 sociale et difficult\u00e9s \u00e0 d\u00e9velopper et maintenir des relations avec les pairs adapt\u00e9s au d\u00e9veloppement), comportements moteurs ou verbaux st\u00e9r\u00e9otyp\u00e9s, comportements sensoriels inhabituels, adh\u00e9rence excessive aux routines et aux sch\u00e9mas de comportements rituels et int\u00e9r\u00eats restreints.<\/p>\n\n\n\n<div class=\"wp-block-buttons is-content-justification-center is-layout-flex wp-container-core-buttons-is-layout-16018d1d wp-block-buttons-is-layout-flex\">\n<div class=\"wp-block-button\"><a class=\"wp-block-button__link button has-text-align-left wp-element-button\" href=\"https:\/\/neuronup.com\/fr\/la-neuro-reeducation\/les-troubles-neuro-developpementaux\/troubles-du-spectre-autistique-tsa\/\">En savoir plus sur les TSA<\/a><\/div>\n<\/div>\n\n\n\n<h3 class=\"wp-block-heading\">Quelques articles qui pourraient vous int\u00e9resser :&nbsp;<\/h3>\n\n\n<div class=\"mai-grid entries entries-grid has-boxed has-image-left-full\" style=\"--entry-title-font-size:var(--font-size-lg);--aspect-ratio:4\/3;--entry-image-link-max-width:25%;--align-text:start;--align-text-vertical:unset;--entry-meta-text-align:start;\"><div class=\"entries-wrap has-columns has-image-stack\" style=\"--columns-xs:1\/1;--columns-sm:1\/1;--columns-md:1\/1;--columns-lg:1\/1;--flex-xs:0 0 var(--flex-basis);--flex-sm:0 0 var(--flex-basis);--flex-md:0 0 var(--flex-basis);--flex-lg:0 0 var(--flex-basis);--column-gap:var(--spacing-lg);--row-gap:var(--spacing-lg);--align-columns:start;\"><article class=\"entry entry-grid is-column has-entry-link has-image has-image-first type-post category-tsa tag-autisme tag-enfants tag-neuropsychologie tag-troubles-du-neurodeveloppement\" style=\"--entry-index:1;\" aria-label=\"Le syndrome d&#8217;Asperger : d\u00e9finition, domaines, caract\u00e9ristiques et neuropsychologie\" itemscope itemtype=\"https:\/\/schema.org\/CreativeWork\"><a class=\"entry-image-link\" href=\"https:\/\/neuronup.com\/fr\/actualites-de-la-stimulation-cognitive\/troubles-neuro-developpementaux\/tsa\/le-syndrome-dasperger-quest-ce-que-cest-domaines-caracteristiques-et-neuropsychologie\/\" tabindex=\"-1\" aria-hidden=\"true\"><img decoding=\"async\" width=\"400\" height=\"267\" src=\"https:\/\/neuronup.com\/fr\/wp-content\/uploads\/2022\/11\/El-sindrome-de-Asperger.webp\" class=\"entry-image size-landscape-sm\" alt=\"Jeune gar\u00e7on assis sur le sol, visage pensif, chemise bleue \u00e0 rayures et d\u00e9cor minimaliste, th\u00e8me Asperger.\" srcset=\"https:\/\/neuronup.com\/fr\/wp-content\/uploads\/2022\/11\/El-sindrome-de-Asperger-300x200.webp 300w, https:\/\/neuronup.com\/fr\/wp-content\/uploads\/2022\/11\/El-sindrome-de-Asperger-768x512.webp 768w, https:\/\/neuronup.com\/fr\/wp-content\/uploads\/2022\/11\/El-sindrome-de-Asperger-1024x683.webp 1024w, https:\/\/neuronup.com\/fr\/wp-content\/uploads\/2022\/11\/El-sindrome-de-Asperger.webp 1205w\" sizes=\"(max-width:599px) 599px, (min-width:600px) and (max-width: 799px) 199.75px, (min-width:800px) and (max-width: 999px) 249.75px, (min-width:1000px) 300px\" \/><\/a><div class=\"entry-wrap entry-wrap-grid\"><h3 class=\"entry-title\" itemprop=\"headline\"><a class=\"entry-title-link\" href=\"https:\/\/neuronup.com\/fr\/actualites-de-la-stimulation-cognitive\/troubles-neuro-developpementaux\/tsa\/le-syndrome-dasperger-quest-ce-que-cest-domaines-caracteristiques-et-neuropsychologie\/\" rel=\"bookmark\">Le syndrome d&#8217;Asperger : d\u00e9finition, domaines, caract\u00e9ristiques et neuropsychologie<\/a><\/h3>\n<div class=\"entry-excerpt\"><p>\u00c0 l&rsquo;occasion de la Journ\u00e9e internationale de l&rsquo;Asperger, dans cet article, nous expliquons ce qu&rsquo;est le syndrome d&rsquo;Asperger du point de vue neuropsychologique, ses caract\u00e9ristiques et ses domaines. Qu&rsquo;est-ce que le syndrome d&rsquo;Asperger&nbsp;? Le syndrome d&rsquo;Asperger est un trouble neurologique, consid\u00e9r\u00e9 comme un trouble du spectre de l&rsquo;autisme (TSA) qui affecte la fa\u00e7on dont le &hellip;<\/p>\n<\/div><div class=\"entry-more\"><a class=\"entry-more-link button button-secondary button-small\" href=\"https:\/\/neuronup.com\/fr\/actualites-de-la-stimulation-cognitive\/troubles-neuro-developpementaux\/tsa\/le-syndrome-dasperger-quest-ce-que-cest-domaines-caracteristiques-et-neuropsychologie\/\">Voir des activit\u00e9s pour les enfants ayant des besoins \u00e9ducatifs sp\u00e9ciaux.<span class=\"screen-reader-text\">Le syndrome d&#8217;Asperger : d\u00e9finition, domaines, caract\u00e9ristiques et neuropsychologie<\/span><\/a><\/div><\/div><\/article><article class=\"entry entry-grid is-column has-entry-link has-image has-image-first type-post category-troubles-neuro-developpementaux tag-enfants tag-lesion-cerebrale tag-troubles-du-neurodeveloppement\" style=\"--entry-index:2;\" aria-label=\"Paralysie c\u00e9r\u00e9brale : comprendre et traiter une maladie complexe du neurod\u00e9veloppement\" itemscope itemtype=\"https:\/\/schema.org\/CreativeWork\"><a class=\"entry-image-link\" href=\"https:\/\/neuronup.com\/fr\/actualites-de-la-stimulation-cognitive\/troubles-neuro-developpementaux\/paralysie-cerebrale\/\" tabindex=\"-1\" aria-hidden=\"true\"><img decoding=\"async\" width=\"400\" height=\"267\" src=\"https:\/\/neuronup.com\/fr\/wp-content\/uploads\/2023\/10\/Nina-con-paralisis-cerebral.webp\" class=\"entry-image size-landscape-sm\" alt=\"Jeune fille assise dans un fauteuil adapt\u00e9, en plein air dans un parc, bras lev\u00e9s et sourire, entour\u00e9e d&#039;arbres.\" srcset=\"https:\/\/neuronup.com\/fr\/wp-content\/uploads\/2023\/10\/Nina-con-paralisis-cerebral-300x201.webp 300w, https:\/\/neuronup.com\/fr\/wp-content\/uploads\/2023\/10\/Nina-con-paralisis-cerebral-768x513.webp 768w, https:\/\/neuronup.com\/fr\/wp-content\/uploads\/2023\/10\/Nina-con-paralisis-cerebral-1024x684.webp 1024w, https:\/\/neuronup.com\/fr\/wp-content\/uploads\/2023\/10\/Nina-con-paralisis-cerebral.webp 1200w\" sizes=\"(max-width:599px) 599px, (min-width:600px) and (max-width: 799px) 199.75px, (min-width:800px) and (max-width: 999px) 249.75px, (min-width:1000px) 300px\" \/><\/a><div class=\"entry-wrap entry-wrap-grid\"><h3 class=\"entry-title\" itemprop=\"headline\"><a class=\"entry-title-link\" href=\"https:\/\/neuronup.com\/fr\/actualites-de-la-stimulation-cognitive\/troubles-neuro-developpementaux\/paralysie-cerebrale\/\" rel=\"bookmark\">Paralysie c\u00e9r\u00e9brale : comprendre et traiter une maladie complexe du neurod\u00e9veloppement<\/a><\/h3>\n<div class=\"entry-excerpt\"><p>Cet article vise \u00e0 offrir une compr\u00e9hension approfondie de la paralysie c\u00e9r\u00e9brale, y compris ses causes, types, sympt\u00f4mes, diagnostic, traitement, pronostic, des strat\u00e9gies pour y faire face et les derni\u00e8res avanc\u00e9es de la recherche. Qu&rsquo;est-ce que la paralysie c\u00e9r\u00e9brale&nbsp;? La paralysie c\u00e9r\u00e9brale est une maladie complexe du neurod\u00e9veloppement qui affecte les capacit\u00e9s motrices, communicatives et &hellip;<\/p>\n<\/div><div class=\"entry-more\"><a class=\"entry-more-link button button-secondary button-small\" href=\"https:\/\/neuronup.com\/fr\/actualites-de-la-stimulation-cognitive\/troubles-neuro-developpementaux\/paralysie-cerebrale\/\">Voir des activit\u00e9s pour les enfants ayant des besoins \u00e9ducatifs sp\u00e9ciaux.<span class=\"screen-reader-text\">Paralysie c\u00e9r\u00e9brale : comprendre et traiter une maladie complexe du neurod\u00e9veloppement<\/span><\/a><\/div><\/div><\/article><article class=\"entry entry-grid is-column has-entry-link has-image has-image-first type-post category-tdah tag-enfants tag-tdah tag-troubles-du-neurodeveloppement\" style=\"--entry-index:3;\" aria-label=\"TDAH chez les enfants : sympt\u00f4mes, types et traitement multidisciplinaire\" itemscope itemtype=\"https:\/\/schema.org\/CreativeWork\"><a class=\"entry-image-link\" href=\"https:\/\/neuronup.com\/fr\/actualites-de-la-stimulation-cognitive\/troubles-neuro-developpementaux\/tdah\/tdah-pendant-lenfance-symptomes-diagnostic-et-traitement\/\" tabindex=\"-1\" aria-hidden=\"true\"><img decoding=\"async\" width=\"400\" height=\"245\" src=\"https:\/\/neuronup.com\/fr\/wp-content\/uploads\/2021\/09\/TDAH-sintomas-diagnostico-tratamiento.webp\" class=\"entry-image size-landscape-sm\" alt=\"Enfant assis devant un ordinateur avec \u00e9couteurs, interagissant avec animation montrant des personnages sur podium, mur de briques.\" srcset=\"https:\/\/neuronup.com\/fr\/wp-content\/uploads\/2021\/09\/TDAH-sintomas-diagnostico-tratamiento-300x184.webp 300w, https:\/\/neuronup.com\/fr\/wp-content\/uploads\/2021\/09\/TDAH-sintomas-diagnostico-tratamiento-768x470.webp 768w, https:\/\/neuronup.com\/fr\/wp-content\/uploads\/2021\/09\/TDAH-sintomas-diagnostico-tratamiento-1024x627.webp 1024w, https:\/\/neuronup.com\/fr\/wp-content\/uploads\/2021\/09\/TDAH-sintomas-diagnostico-tratamiento.webp 1200w\" sizes=\"(max-width:599px) 599px, (min-width:600px) and (max-width: 799px) 199.75px, (min-width:800px) and (max-width: 999px) 249.75px, (min-width:1000px) 300px\" \/><\/a><div class=\"entry-wrap entry-wrap-grid\"><h3 class=\"entry-title\" itemprop=\"headline\"><a class=\"entry-title-link\" href=\"https:\/\/neuronup.com\/fr\/actualites-de-la-stimulation-cognitive\/troubles-neuro-developpementaux\/tdah\/tdah-pendant-lenfance-symptomes-diagnostic-et-traitement\/\" rel=\"bookmark\">TDAH chez les enfants : sympt\u00f4mes, types et traitement multidisciplinaire<\/a><\/h3>\n<div class=\"entry-excerpt\"><p>Le TDAH est l\u2019acronyme de Trouble du d\u00e9ficit de l\u2019attention avec hyperactivit\u00e9. Il s\u2019agit d\u2019un trouble dont souffre entre 2 % et 5 % de la population enfantine et juv\u00e9nile. Au niveau scolaire, on estime que dans une classe de 30 \u00e9l\u00e8ves, un \u00e0 deux \u00e9l\u00e8ves sont atteints de TDAH. Ce trouble est chronique et &hellip;<\/p>\n<\/div><div class=\"entry-more\"><a class=\"entry-more-link button button-secondary button-small\" href=\"https:\/\/neuronup.com\/fr\/actualites-de-la-stimulation-cognitive\/troubles-neuro-developpementaux\/tdah\/tdah-pendant-lenfance-symptomes-diagnostic-et-traitement\/\">Voir des activit\u00e9s pour les enfants ayant des besoins \u00e9ducatifs sp\u00e9ciaux.<span class=\"screen-reader-text\">TDAH chez les enfants : sympt\u00f4mes, types et traitement multidisciplinaire<\/span><\/a><\/div><\/div><\/article><article class=\"entry entry-grid is-column has-entry-link has-image has-image-first type-post category-tdah\" style=\"--entry-index:4;\" aria-label=\"L&#8217;intervention cognitive chez les enfants atteints de TDAH\" itemscope itemtype=\"https:\/\/schema.org\/CreativeWork\"><a class=\"entry-image-link\" href=\"https:\/\/neuronup.com\/fr\/actualites-de-la-stimulation-cognitive\/troubles-neuro-developpementaux\/tdah\/lintervention-cognitive-chez-les-enfants-atteints-de-tdah\/\" tabindex=\"-1\" aria-hidden=\"true\"><img decoding=\"async\" width=\"400\" height=\"225\" src=\"https:\/\/neuronup.com\/fr\/wp-content\/uploads\/2021\/09\/actividades-para-ninos-con-tdah-neuronup.webp\" class=\"entry-image size-landscape-sm\" alt=\"Consultation en cabinet entre m\u00e9decin et jeune fille, ordinateur portable sur table, ambiance professionnelle et neutre.\" srcset=\"https:\/\/neuronup.com\/fr\/wp-content\/uploads\/2021\/09\/actividades-para-ninos-con-tdah-neuronup-300x169.webp 300w, https:\/\/neuronup.com\/fr\/wp-content\/uploads\/2021\/09\/actividades-para-ninos-con-tdah-neuronup-768x432.webp 768w, https:\/\/neuronup.com\/fr\/wp-content\/uploads\/2021\/09\/actividades-para-ninos-con-tdah-neuronup-1024x576.webp 1024w, https:\/\/neuronup.com\/fr\/wp-content\/uploads\/2021\/09\/actividades-para-ninos-con-tdah-neuronup.webp 1200w\" sizes=\"(max-width:599px) 599px, (min-width:600px) and (max-width: 799px) 199.75px, (min-width:800px) and (max-width: 999px) 249.75px, (min-width:1000px) 300px\" \/><\/a><div class=\"entry-wrap entry-wrap-grid\"><h3 class=\"entry-title\" itemprop=\"headline\"><a class=\"entry-title-link\" href=\"https:\/\/neuronup.com\/fr\/actualites-de-la-stimulation-cognitive\/troubles-neuro-developpementaux\/tdah\/lintervention-cognitive-chez-les-enfants-atteints-de-tdah\/\" rel=\"bookmark\">L&#8217;intervention cognitive chez les enfants atteints de TDAH<\/a><\/h3>\n<div class=\"entry-excerpt\"><p>Je suis psychop\u00e9dagogue chez&nbsp;Psico 360&nbsp;et je travaille principalement avec des enfants et des adolescents. Beaucoup de mes patients pr\u00e9sentent&nbsp;Trouble du d\u00e9ficit de l\u2019attention avec hyperactivit\u00e9&nbsp;(TDAH). Les personnes atteintes de TDAH, qu\u2019il s\u2019agisse d\u2019enfants ou d\u2019adultes, font face \u00e0 de nombreuses difficult\u00e9s dans leur vie quotidienne, tant dans les relations personnelles que dans l\u2019interaction en groupe. &hellip;<\/p>\n<\/div><div class=\"entry-more\"><a class=\"entry-more-link button button-secondary button-small\" href=\"https:\/\/neuronup.com\/fr\/actualites-de-la-stimulation-cognitive\/troubles-neuro-developpementaux\/tdah\/lintervention-cognitive-chez-les-enfants-atteints-de-tdah\/\">Voir des activit\u00e9s pour les enfants ayant des besoins \u00e9ducatifs sp\u00e9ciaux.<span class=\"screen-reader-text\">L&#8217;intervention cognitive chez les enfants atteints de TDAH<\/span><\/a><\/div><\/div><\/article><article class=\"entry entry-grid is-column has-entry-link has-image has-image-first type-post category-troubles-neuro-developpementaux tag-enfants tag-troubles-du-neurodeveloppement\" style=\"--entry-index:5;\" aria-label=\"Troubles du neurod\u00e9veloppement et perspective de genre : cl\u00e9s pour un diagnostic et une intervention plus \u00e9quitables\" itemscope itemtype=\"https:\/\/schema.org\/CreativeWork\"><a class=\"entry-image-link\" href=\"https:\/\/neuronup.com\/fr\/actualites-de-la-stimulation-cognitive\/troubles-neuro-developpementaux\/troubles-du-neurodeveloppement-et-perspective-de-genre-clefs-pour-un-diagnostic-et-une-intervention-plus-equitables\/\" tabindex=\"-1\" aria-hidden=\"true\"><img decoding=\"async\" width=\"400\" height=\"267\" src=\"https:\/\/neuronup.com\/fr\/wp-content\/uploads\/2025\/08\/Trastornos-del-neurodesarrollo-y-perspectiva-de-genero-claves-para-un-diagnostico-e-intervencion-mas-equitativos-.webp\" class=\"entry-image size-landscape-sm\" alt=\"Jeune fille devant un ordinateur dans une biblioth\u00e8que: m\u00e9lancolie face aux troubles du neurod\u00e9veloppement et du genre.\" srcset=\"https:\/\/neuronup.com\/fr\/wp-content\/uploads\/2025\/08\/Trastornos-del-neurodesarrollo-y-perspectiva-de-genero-claves-para-un-diagnostico-e-intervencion-mas-equitativos--300x200.webp 300w, https:\/\/neuronup.com\/fr\/wp-content\/uploads\/2025\/08\/Trastornos-del-neurodesarrollo-y-perspectiva-de-genero-claves-para-un-diagnostico-e-intervencion-mas-equitativos--768x512.webp 768w, https:\/\/neuronup.com\/fr\/wp-content\/uploads\/2025\/08\/Trastornos-del-neurodesarrollo-y-perspectiva-de-genero-claves-para-un-diagnostico-e-intervencion-mas-equitativos--1024x683.webp 1024w, https:\/\/neuronup.com\/fr\/wp-content\/uploads\/2025\/08\/Trastornos-del-neurodesarrollo-y-perspectiva-de-genero-claves-para-un-diagnostico-e-intervencion-mas-equitativos-.webp 1200w\" sizes=\"(max-width:599px) 599px, (min-width:600px) and (max-width: 799px) 199.75px, (min-width:800px) and (max-width: 999px) 249.75px, (min-width:1000px) 300px\" \/><\/a><div class=\"entry-wrap entry-wrap-grid\"><h3 class=\"entry-title\" itemprop=\"headline\"><a class=\"entry-title-link\" href=\"https:\/\/neuronup.com\/fr\/actualites-de-la-stimulation-cognitive\/troubles-neuro-developpementaux\/troubles-du-neurodeveloppement-et-perspective-de-genre-clefs-pour-un-diagnostic-et-une-intervention-plus-equitables\/\" rel=\"bookmark\">Troubles du neurod\u00e9veloppement et perspective de genre : cl\u00e9s pour un diagnostic et une intervention plus \u00e9quitables<\/a><\/h3>\n<div class=\"entry-excerpt\"><p>La neuropsychologue infanto-juvenile Alba Mart\u00ednez aborde dans cet article les troubles du neurod\u00e9veloppement selon une perspective de genre.&nbsp; 1. Introduction Les troubles du neurod\u00e9veloppement constituent un groupe h\u00e9t\u00e9rog\u00e8ne de conditions affectant le d\u00e9veloppement cognitif, comportemental et socio-\u00e9motionnel d\u00e8s les premi\u00e8res \u00e9tapes de la vie. Malgr\u00e9 les avanc\u00e9es de la recherche, un foss\u00e9 significatif subsiste dans &hellip;<\/p>\n<\/div><div class=\"entry-more\"><a class=\"entry-more-link button button-secondary button-small\" href=\"https:\/\/neuronup.com\/fr\/actualites-de-la-stimulation-cognitive\/troubles-neuro-developpementaux\/troubles-du-neurodeveloppement-et-perspective-de-genre-clefs-pour-un-diagnostic-et-une-intervention-plus-equitables\/\">Voir des activit\u00e9s pour les enfants ayant des besoins \u00e9ducatifs sp\u00e9ciaux.<span class=\"screen-reader-text\">Troubles du neurod\u00e9veloppement et perspective de genre : cl\u00e9s pour un diagnostic et une intervention plus \u00e9quitables<\/span><\/a><\/div><\/div><\/article><article class=\"entry entry-grid is-column has-entry-link has-image has-image-first type-post category-tsa tag-sante-mentale tag-stimulation-cognitive tag-tsa\" style=\"--entry-index:6;\" aria-label=\"Traitement \u00e9motionnel chez les personnes atteintes de trouble du spectre autistique (TSA)\" itemscope itemtype=\"https:\/\/schema.org\/CreativeWork\"><a class=\"entry-image-link\" href=\"https:\/\/neuronup.com\/fr\/actualites-de-la-stimulation-cognitive\/troubles-neuro-developpementaux\/tsa\/traitement-emotionnel-chez-les-personnes-atteintes-dun-trouble-du-spectre-de-lautisme-tsa\/\" tabindex=\"-1\" aria-hidden=\"true\"><img decoding=\"async\" width=\"400\" height=\"224\" src=\"https:\/\/neuronup.com\/fr\/wp-content\/uploads\/2024\/10\/Procesamiento-emocional-en-personas-con-trastorno-del-espectro-autista-TEA-NeuronUP.webp\" class=\"entry-image size-landscape-sm\" alt=\"Jeune enfant brun escalade un mur int\u00e9rieur, visage poudr\u00e9 de magn\u00e9sie; prises color\u00e9es visibles en arri\u00e8re-plan, ambiance sportive.\" srcset=\"https:\/\/neuronup.com\/fr\/wp-content\/uploads\/2024\/10\/Procesamiento-emocional-en-personas-con-trastorno-del-espectro-autista-TEA-NeuronUP-300x168.webp 300w, https:\/\/neuronup.com\/fr\/wp-content\/uploads\/2024\/10\/Procesamiento-emocional-en-personas-con-trastorno-del-espectro-autista-TEA-NeuronUP-768x431.webp 768w, https:\/\/neuronup.com\/fr\/wp-content\/uploads\/2024\/10\/Procesamiento-emocional-en-personas-con-trastorno-del-espectro-autista-TEA-NeuronUP-1024x574.webp 1024w, https:\/\/neuronup.com\/fr\/wp-content\/uploads\/2024\/10\/Procesamiento-emocional-en-personas-con-trastorno-del-espectro-autista-TEA-NeuronUP.webp 1204w\" sizes=\"(max-width:599px) 599px, (min-width:600px) and (max-width: 799px) 199.75px, (min-width:800px) and (max-width: 999px) 249.75px, (min-width:1000px) 300px\" \/><\/a><div class=\"entry-wrap entry-wrap-grid\"><h3 class=\"entry-title\" itemprop=\"headline\"><a class=\"entry-title-link\" href=\"https:\/\/neuronup.com\/fr\/actualites-de-la-stimulation-cognitive\/troubles-neuro-developpementaux\/tsa\/traitement-emotionnel-chez-les-personnes-atteintes-dun-trouble-du-spectre-de-lautisme-tsa\/\" rel=\"bookmark\">Traitement \u00e9motionnel chez les personnes atteintes de trouble du spectre autistique (TSA)<\/a><\/h3>\n<div class=\"entry-excerpt\"><p>Ilse Andrea Carranza Ram\u00edrez, psychologue clinicienne sp\u00e9cialis\u00e9e dans les TSA, explore comment les personnes avec un TSA vivent et traitent les \u00e9motions, les difficult\u00e9s auxquelles elles sont confront\u00e9es et les interventions possibles pour am\u00e9liorer ces comp\u00e9tences. Qu&rsquo;est-ce que le trouble du spectre de l&rsquo;autisme (TSA) Le trouble du spectre de l&rsquo;autisme (TSA) est un trouble &hellip;<\/p>\n<\/div><div class=\"entry-more\"><a class=\"entry-more-link button button-secondary button-small\" href=\"https:\/\/neuronup.com\/fr\/actualites-de-la-stimulation-cognitive\/troubles-neuro-developpementaux\/tsa\/traitement-emotionnel-chez-les-personnes-atteintes-dun-trouble-du-spectre-de-lautisme-tsa\/\">Voir des activit\u00e9s pour les enfants ayant des besoins \u00e9ducatifs sp\u00e9ciaux.<span class=\"screen-reader-text\">Traitement \u00e9motionnel chez les personnes atteintes de trouble du spectre autistique (TSA)<\/span><\/a><\/div><\/div><\/article><\/div><\/div>","protected":false},"excerpt":{"rendered":"<p>Il est essentiel de conna\u00eetre le d\u00e9veloppement du syst\u00e8me nerveux et ses diff\u00e9rentes \u00e9tapes pour comprendre les d\u00e9ficits qui peuvent appara\u00eetre en raison d\u2019un d\u00e9veloppement c\u00e9r\u00e9bral anormal ou en raison de l\u00e9sions c\u00e9r\u00e9brales \u00e0 un \u00e2ge pr\u00e9coce. En fonction du moment o\u00f9 ces anomalies ou l\u00e9sions surviennent (pendant la grossesse, en p\u00e9riode p\u00e9rinatale, ou pendant &hellip;<\/p>\n","protected":false},"author":1,"featured_media":32431,"parent":32426,"menu_order":3,"comment_status":"closed","ping_status":"closed","template":"","meta":{"_acf_changed":false,"_genesis_hide_title":false,"_genesis_hide_breadcrumbs":false,"_genesis_hide_singular_image":false,"_genesis_hide_footer_widgets":false,"_genesis_custom_body_class":"nup-style neurorehab","_genesis_custom_post_class":"nup-style neurorehab","_genesis_layout":"","footnotes":""},"class_list":{"1":"page","2":"type-page","6":"entry","7":"nup-style neurorehab"},"acf":[],"_links":{"self":[{"href":"https:\/\/neuronup.com\/fr\/wp-json\/wp\/v2\/pages\/32448","targetHints":{"allow":["GET"]}}],"collection":[{"href":"https:\/\/neuronup.com\/fr\/wp-json\/wp\/v2\/pages"}],"about":[{"href":"https:\/\/neuronup.com\/fr\/wp-json\/wp\/v2\/types\/page"}],"author":[{"embeddable":true,"href":"https:\/\/neuronup.com\/fr\/wp-json\/wp\/v2\/users\/1"}],"replies":[{"embeddable":true,"href":"https:\/\/neuronup.com\/fr\/wp-json\/wp\/v2\/comments?post=32448"}],"version-history":[{"count":0,"href":"https:\/\/neuronup.com\/fr\/wp-json\/wp\/v2\/pages\/32448\/revisions"}],"up":[{"embeddable":true,"href":"https:\/\/neuronup.com\/fr\/wp-json\/wp\/v2\/pages\/32426"}],"wp:featuredmedia":[{"embeddable":true,"href":"https:\/\/neuronup.com\/fr\/wp-json\/wp\/v2\/media\/32431"}],"wp:attachment":[{"href":"https:\/\/neuronup.com\/fr\/wp-json\/wp\/v2\/media?parent=32448"}],"curies":[{"name":"wp","href":"https:\/\/api.w.org\/{rel}","templated":true}]}}