{"id":32436,"date":"2024-10-31T11:16:13","date_gmt":"2024-10-31T09:16:13","guid":{"rendered":"https:\/\/neuronup.com\/fr\/?page_id=32436"},"modified":"2025-01-07T23:03:13","modified_gmt":"2025-01-07T21:03:13","slug":"les-lesions-cerebrales-acquises","status":"publish","type":"page","link":"https:\/\/neuronup.com\/fr\/la-neuro-reeducation\/les-lesions-cerebrales-acquises\/","title":{"rendered":"Les l\u00e9sions c\u00e9r\u00e9brales acquises"},"content":{"rendered":"\n<h2 class=\"wp-block-heading\" id=\"TC\">Les traumatismes cr\u00e2niens (TC) :<\/h2>\n\n\n\n<p>Tableau clinique caus\u00e9 par une l\u00e9sion directe des structures cr\u00e2niennes, enc\u00e9phaliques ou m\u00e9ning\u00e9es dues \u00e0 une force traumatique externe (contusion, l\u00e9sion p\u00e9n\u00e9trante ou forces d\u2019acc\u00e9l\u00e9ration-d\u00e9c\u00e9l\u00e9ration).<br>Cela peut affecter le cerveau de diverses mani\u00e8res :<\/p>\n\n\n\n<ul class=\"wp-block-list\">\n<li>Par blessure directe.<\/li>\n\n\n\n<li>En interrompant le flux sanguin.<\/li>\n\n\n\n<li>En causant h\u00e9morragies et h\u00e9matomes.<\/li>\n\n\n\n<li>En causant une inflammation des structures.<\/li>\n\n\n\n<li>En provoquant une infection.<\/li>\n\n\n\n<li>Transformation des cicatrices en foyer \u00e9pileptog\u00e8ne<\/li>\n<\/ul>\n\n\n\n<h2 class=\"wp-block-heading\" id=\"AVC\">Les Accidents cardio-vasculaires (AVC) :<\/h2>\n\n\n\n<p>\u00c9galement connu sous le nom d\u2019ictus. Il s\u2019agit de tableaux cliniques caus\u00e9s par des conditions pathologiques des vaisseaux sanguins qui causent des dommages dans certaines parties du cerveau, ce qui entra\u00eene divers d\u00e9ficits en fonction de la zone touch\u00e9e.<\/p>\n\n\n\n<p>Il existe deux types d\u2019accidents cardio-vasculaires :<\/p>\n\n\n\n<ol class=\"wp-block-list\">\n<li><strong>ISCH\u00c9MIE : <\/strong> Le Flux sanguin qui irrigue le tissu c\u00e9r\u00e9bral diminue ou est interrompu. Cela peut \u00eatre d\u00fb \u00e0 plusieurs causes :<br>\u2013 Trombose : lorsque des caillots sanguins se forment \u00e0 l&rsquo;int\u00e9rieur des parois des vaisseaux, bloquant la circulation sanguine.<br>\u2013 Embolie : un caillot, une bulle d\u2019air ou de graisse, ou tout autre substance, bouche un vaisseau apr\u00e8s son transport dans la circulation sanguine.<br>\u2013 Art\u00e9rioscl\u00e9rose : durcissement des art\u00e8res.<br>\u2013 Vascularite : inflammation des vaisseaux sanguins.<\/li>\n\n\n\n<li><strong>H\u00c9MORRAGIE : <\/strong> un vaisseau sanguin se rompt, provoquant une fuite de sang dans des zones inappropri\u00e9es du cerveau.<\/li>\n<\/ol>\n\n\n\n<div class=\"wp-block-buttons is-layout-flex wp-block-buttons-is-layout-flex\">\n<div class=\"wp-block-button\"><a class=\"wp-block-button__link button wp-element-button\" href=\"https:\/\/neuronup.com\/fr\/actualites-de-la-stimulation-cognitive\/lesions-cerebrales\/avc\/avc-definition-types-causes-symptomes-et-prevention\/\">En savoir plus sur les AVC<\/a><\/div>\n<\/div>\n\n\n\n<h2 class=\"wp-block-heading\" id=\"tumeurs-cerebrales\">Les Tumeurs c\u00e9r\u00e9brales :<\/h2>\n\n\n\n<p>Croissance cellulaires anormales dans le cr\u00e2ne. Comme il s\u2019agit d\u2019un espace clos, une croissance anormale du tissu provoque une pression sur le cerveau et affecte son bon fonctionnement.<\/p>\n\n\n\n<h3 class=\"wp-block-heading\">Elles peuvent \u00eatre de deux types :<\/h3>\n\n\n\n<ul class=\"wp-block-list\">\n<li>B\u00e9nignes : les cellules sont semblables aux cellules normales, se d\u00e9veloppent lentement et sont localis\u00e9es dans une certaine r\u00e9gion.<\/li>\n\n\n\n<li>Malignes : les cellules sont diff\u00e9rentes des cellules normales, se d\u00e9veloppent rapidement et s\u2019\u00e9tendent facilement \u00e0 d\u2019autres zones.<\/li>\n<\/ul>\n\n\n\n<h2 class=\"wp-block-heading\" id=\"anoxie-cerebrale\">L\u2019Anoxie c\u00e9r\u00e9brale :<\/h2>\n\n\n\n<p>Situation dans laquelle il y a un manque d\u2019approvisionnement en oxyg\u00e8ne du cerveau. Ce dernier est extr\u00eamement sensible m\u00eame \u00e0 une br\u00e8ve diminution d\u2019apport en oxyg\u00e8ne, de sorte qu\u2019une privation compl\u00e8te d\u2019oxyg\u00e8ne de plus de 5 minutes ou 15 minutes avec un apport r\u00e9duit en oxyg\u00e8ne, peut provoquer des l\u00e9sions c\u00e9r\u00e9brales permanentes.<\/p>\n\n\n\n<p>Certaines causes sont la noyade, l\u2019intoxication au monoxyde de carbone (inhalation de fum\u00e9e), l\u2019\u00e9tranglement, l\u2019embolie pulmonaire, l\u2019overdose, l\u2019infarctus du myocarde, le choc anaphylactique ou l\u2019insuffisance respiratoire associ\u00e9e \u00e0 une pneumonie ou \u00e0 un \u00e9tat \u00e9pileptique prolong\u00e9.<\/p>\n\n\n\n<h2 class=\"wp-block-heading\" id=\"infections\">Les Infections :<\/h2>\n\n\n\n<p>Dues \u00e0 l\u2019invasion de microorganismes pathog\u00e8nes (virus, bact\u00e9ries, champignons ou parasites) et de la r\u00e9action des tissus \u00e0 leur pr\u00e9sence et aux toxines qu\u2019ils g\u00e9n\u00e8rent.<\/p>\n\n\n\n<p>Les plus importantes sont:<\/p>\n\n\n\n<ul class=\"wp-block-list\">\n<li>D\u00e9mence complexe-sida.<\/li>\n\n\n\n<li>Infection \u00e0 cytom\u00e9galovirus.<\/li>\n\n\n\n<li>Herp\u00e8s simple.<\/li>\n\n\n\n<li>Leucoenc\u00e9phalopathie multifocale progressive.<\/li>\n\n\n\n<li>Neuro-syphilis.<\/li>\n\n\n\n<li>Neuro-tuberculose, m\u00e9ningo-enc\u00e9phalite tuberculeuse.<\/li>\n\n\n\n<li>Toxoplasmose c\u00e9r\u00e9brale.<\/li>\n\n\n\n<li>Paludisme.<\/li>\n\n\n\n<li>Enc\u00e9phalopathie spongiforme et maladie de Creutzfeldt-Jakob.<\/li>\n<\/ul>\n\n\n\n<div style=\"height:100px\" aria-hidden=\"true\" class=\"wp-block-spacer\"><\/div>\n\n\n\n<h2 class=\"wp-block-heading\">Quelques articles qui pourraient vous int\u00e9resser :<\/h2>\n\n\n\n\n<div class=\"mai-grid entries entries-grid has-boxed has-image-full\" style=\"--entry-title-font-size:var(--font-size-lg);--align-text:start;--entry-meta-text-align:start;\"><div class=\"entries-wrap has-columns\" style=\"--columns-xs:1\/1;--columns-sm:1\/1;--columns-md:1\/3;--columns-lg:1\/3;--flex-xs:0 0 var(--flex-basis);--flex-sm:0 0 var(--flex-basis);--flex-md:0 0 var(--flex-basis);--flex-lg:0 0 var(--flex-basis);--column-gap:var(--spacing-lg);--row-gap:var(--spacing-lg);--align-columns:start;\"><article class=\"entry entry-grid is-column has-entry-link has-image has-image-first type-post category-lesions-cerebrales tag-lesion-cerebrale\" style=\"--entry-index:1;\" aria-label=\"Ne puis-je pas profiter de ma sexualit\u00e9 \u00e0 cause de ma paralysie c\u00e9r\u00e9brale ?\" itemscope itemtype=\"https:\/\/schema.org\/CreativeWork\"><a class=\"entry-image-link\" href=\"https:\/\/neuronup.com\/fr\/actualites-de-la-stimulation-cognitive\/lesions-cerebrales\/je-ne-peux-pas-profiter-de-ma-sexualite-a-cause-de-ma-paralysie-cerebrale\/\" tabindex=\"-1\" aria-hidden=\"true\"><img decoding=\"async\" width=\"400\" height=\"267\" src=\"https:\/\/neuronup.com\/fr\/wp-content\/uploads\/2023\/03\/sexualidad-paralisis-cerebral.webp\" class=\"entry-image size-landscape-sm\" alt=\"Deux personnes en fauteuil roulant discutent pr\u00e8s d&#039;une \u00e9tendue d&#039;eau, avec des b\u00e2timents modernes et des drapeaux en arri\u00e8re-plan.\" srcset=\"https:\/\/neuronup.com\/fr\/wp-content\/uploads\/2023\/03\/sexualidad-paralisis-cerebral-300x200.webp 300w, https:\/\/neuronup.com\/fr\/wp-content\/uploads\/2023\/03\/sexualidad-paralisis-cerebral-768x513.webp 768w, https:\/\/neuronup.com\/fr\/wp-content\/uploads\/2023\/03\/sexualidad-paralisis-cerebral-1024x684.webp 1024w, https:\/\/neuronup.com\/fr\/wp-content\/uploads\/2023\/03\/sexualidad-paralisis-cerebral.webp 1200w\" sizes=\"(max-width:599px) 599px, (min-width:600px) and (max-width: 799px) 799px, (min-width:800px) and (max-width: 999px) 333px, (min-width:1000px) 400px\" \/><\/a><div class=\"entry-wrap entry-wrap-grid\"><h3 class=\"entry-title\" itemprop=\"headline\"><a class=\"entry-title-link\" href=\"https:\/\/neuronup.com\/fr\/actualites-de-la-stimulation-cognitive\/lesions-cerebrales\/je-ne-peux-pas-profiter-de-ma-sexualite-a-cause-de-ma-paralysie-cerebrale\/\" rel=\"bookmark\">Ne puis-je pas profiter de ma sexualit\u00e9 \u00e0 cause de ma paralysie c\u00e9r\u00e9brale ?<\/a><\/h3>\n<\/div><\/article><article class=\"entry entry-grid is-column has-entry-link has-image has-image-first type-post category-lesions-cerebrales tag-activites-de-stimulation-cognitive tag-lesion-cerebrale-acquise\" style=\"--entry-index:2;\" aria-label=\"Activit\u00e9s de r\u00e9\u00e9ducation cognitive apr\u00e8s une l\u00e9sion c\u00e9r\u00e9brale acquise\" itemscope itemtype=\"https:\/\/schema.org\/CreativeWork\"><a class=\"entry-image-link\" href=\"https:\/\/neuronup.com\/fr\/actualites-de-la-stimulation-cognitive\/lesions-cerebrales\/activites-de-reeducation-cognitive-apres-une-lesion-cerebrale-acquise\/\" tabindex=\"-1\" aria-hidden=\"true\"><img decoding=\"async\" width=\"400\" height=\"260\" src=\"https:\/\/neuronup.com\/fr\/wp-content\/uploads\/2021\/10\/Actividades-de-rehabilitacion-cognitiva-tras-un-dano-cerebral-adquirido-1-1.webp\" class=\"entry-image size-landscape-sm\" alt=\"Activit\u00e9 de NeuronUP &quot;Reconnaissance \u00e9motionnelle&quot;\" srcset=\"https:\/\/neuronup.com\/fr\/wp-content\/uploads\/2021\/10\/Actividades-de-rehabilitacion-cognitiva-tras-un-dano-cerebral-adquirido-1-1-300x195.webp 300w, https:\/\/neuronup.com\/fr\/wp-content\/uploads\/2021\/10\/Actividades-de-rehabilitacion-cognitiva-tras-un-dano-cerebral-adquirido-1-1.webp 768w\" sizes=\"(max-width:599px) 599px, (min-width:600px) and (max-width: 799px) 799px, (min-width:800px) and (max-width: 999px) 333px, (min-width:1000px) 400px\" \/><\/a><div class=\"entry-wrap entry-wrap-grid\"><h3 class=\"entry-title\" itemprop=\"headline\"><a class=\"entry-title-link\" href=\"https:\/\/neuronup.com\/fr\/actualites-de-la-stimulation-cognitive\/lesions-cerebrales\/activites-de-reeducation-cognitive-apres-une-lesion-cerebrale-acquise\/\" rel=\"bookmark\">Activit\u00e9s de r\u00e9\u00e9ducation cognitive apr\u00e8s une l\u00e9sion c\u00e9r\u00e9brale acquise<\/a><\/h3>\n<\/div><\/article><article class=\"entry entry-grid is-column has-entry-link has-image has-image-first type-post category-lesions-cerebrales tag-accident-vasculaire-cerebral tag-lesion-cerebrale-acquise\" style=\"--entry-index:3;\" aria-label=\"NeuronUP vous rapproche de la l\u00e9sion c\u00e9r\u00e9brale acquise\" itemscope itemtype=\"https:\/\/schema.org\/CreativeWork\"><a class=\"entry-image-link\" href=\"https:\/\/neuronup.com\/fr\/actualites-de-la-stimulation-cognitive\/lesions-cerebrales\/neuronup-vous-rapproche-de-la-lesion-cerebrale-acquise\/\" tabindex=\"-1\" aria-hidden=\"true\"><img decoding=\"async\" width=\"400\" height=\"246\" src=\"https:\/\/neuronup.com\/fr\/wp-content\/uploads\/2021\/10\/NeuronUP-te-acerca-al-dano-cerebral-adquirido-1.webp\" class=\"entry-image size-landscape-sm\" alt=\"Personne en blouse blanche de dos, examinant des images radiologiques c\u00e9r\u00e9brales sur fond sombre.\" srcset=\"https:\/\/neuronup.com\/fr\/wp-content\/uploads\/2021\/10\/NeuronUP-te-acerca-al-dano-cerebral-adquirido-1-300x185.webp 300w, https:\/\/neuronup.com\/fr\/wp-content\/uploads\/2021\/10\/NeuronUP-te-acerca-al-dano-cerebral-adquirido-1.webp 768w\" sizes=\"(max-width:599px) 599px, (min-width:600px) and (max-width: 799px) 799px, (min-width:800px) and (max-width: 999px) 333px, (min-width:1000px) 400px\" \/><\/a><div class=\"entry-wrap entry-wrap-grid\"><h3 class=\"entry-title\" itemprop=\"headline\"><a class=\"entry-title-link\" href=\"https:\/\/neuronup.com\/fr\/actualites-de-la-stimulation-cognitive\/lesions-cerebrales\/neuronup-vous-rapproche-de-la-lesion-cerebrale-acquise\/\" rel=\"bookmark\">NeuronUP vous rapproche de la l\u00e9sion c\u00e9r\u00e9brale acquise<\/a><\/h3>\n<\/div><\/article><article class=\"entry entry-grid is-column has-entry-link has-image has-image-first type-post category-lesions-cerebrales tag-lesion-cerebrale-acquise\" style=\"--entry-index:4;\" aria-label=\"Des centaines d&#8217;accidents de la circulation aboutissent \u00e0 des l\u00e9sions c\u00e9r\u00e9brales acquises\" itemscope itemtype=\"https:\/\/schema.org\/CreativeWork\"><a class=\"entry-image-link\" href=\"https:\/\/neuronup.com\/fr\/actualites-de-la-stimulation-cognitive\/lesions-cerebrales\/des-centaines-d-accidents-de-la-circulation-entrainent-des-lesions-cerebrales-acquises\/\" tabindex=\"-1\" aria-hidden=\"true\"><img decoding=\"async\" width=\"400\" height=\"246\" src=\"https:\/\/neuronup.com\/fr\/wp-content\/uploads\/2021\/10\/NeuronUP-te-acerca-al-dano-cerebral-adquirido-1.webp\" class=\"entry-image size-landscape-sm\" alt=\"Personne en blouse blanche de dos, examinant des images radiologiques c\u00e9r\u00e9brales sur fond sombre.\" srcset=\"https:\/\/neuronup.com\/fr\/wp-content\/uploads\/2021\/10\/NeuronUP-te-acerca-al-dano-cerebral-adquirido-1-300x185.webp 300w, https:\/\/neuronup.com\/fr\/wp-content\/uploads\/2021\/10\/NeuronUP-te-acerca-al-dano-cerebral-adquirido-1.webp 768w\" sizes=\"(max-width:599px) 599px, (min-width:600px) and (max-width: 799px) 799px, (min-width:800px) and (max-width: 999px) 333px, (min-width:1000px) 400px\" \/><\/a><div class=\"entry-wrap entry-wrap-grid\"><h3 class=\"entry-title\" itemprop=\"headline\"><a class=\"entry-title-link\" href=\"https:\/\/neuronup.com\/fr\/actualites-de-la-stimulation-cognitive\/lesions-cerebrales\/des-centaines-d-accidents-de-la-circulation-entrainent-des-lesions-cerebrales-acquises\/\" rel=\"bookmark\">Des centaines d&#8217;accidents de la circulation aboutissent \u00e0 des l\u00e9sions c\u00e9r\u00e9brales acquises<\/a><\/h3>\n<\/div><\/article><article class=\"entry entry-grid is-column has-entry-link has-image has-image-first type-post category-tcc tag-lesion-cerebrale tag-lesion-cerebrale-acquise\" style=\"--entry-index:5;\" aria-label=\"Traumatisme cr\u00e2nio-enc\u00e9phalique suite \u00e0 un accident automobile et la diaschisis: impact neuropsychologique\" itemscope itemtype=\"https:\/\/schema.org\/CreativeWork\"><a class=\"entry-image-link\" href=\"https:\/\/neuronup.com\/fr\/actualites-de-la-stimulation-cognitive\/lesions-cerebrales\/tcc\/traumatisme-cranioencephalique-par-accident-automobile-et-disquisis-impact-neuropsychologique\/\" tabindex=\"-1\" aria-hidden=\"true\"><img decoding=\"async\" width=\"400\" height=\"225\" src=\"https:\/\/neuronup.com\/fr\/wp-content\/uploads\/2025\/09\/Traumatismo-craneoencefalico-por-accidente-automovilistico-y-diasquisis-impacto-neuropsicologico.webp\" class=\"entry-image size-landscape-sm\" alt=\"Profil d&#039;une silhouette humaine avec cerveau mis en \u00e9vidence par des zones rouges lumineuses sur fond bleu.\" srcset=\"https:\/\/neuronup.com\/fr\/wp-content\/uploads\/2025\/09\/Traumatismo-craneoencefalico-por-accidente-automovilistico-y-diasquisis-impacto-neuropsicologico-300x169.webp 300w, https:\/\/neuronup.com\/fr\/wp-content\/uploads\/2025\/09\/Traumatismo-craneoencefalico-por-accidente-automovilistico-y-diasquisis-impacto-neuropsicologico-768x432.webp 768w, https:\/\/neuronup.com\/fr\/wp-content\/uploads\/2025\/09\/Traumatismo-craneoencefalico-por-accidente-automovilistico-y-diasquisis-impacto-neuropsicologico-1024x576.webp 1024w, https:\/\/neuronup.com\/fr\/wp-content\/uploads\/2025\/09\/Traumatismo-craneoencefalico-por-accidente-automovilistico-y-diasquisis-impacto-neuropsicologico.webp 1200w\" sizes=\"(max-width:599px) 599px, (min-width:600px) and (max-width: 799px) 799px, (min-width:800px) and (max-width: 999px) 333px, (min-width:1000px) 400px\" \/><\/a><div class=\"entry-wrap entry-wrap-grid\"><h3 class=\"entry-title\" itemprop=\"headline\"><a class=\"entry-title-link\" href=\"https:\/\/neuronup.com\/fr\/actualites-de-la-stimulation-cognitive\/lesions-cerebrales\/tcc\/traumatisme-cranioencephalique-par-accident-automobile-et-disquisis-impact-neuropsychologique\/\" rel=\"bookmark\">Traumatisme cr\u00e2nio-enc\u00e9phalique suite \u00e0 un accident automobile et la diaschisis: impact neuropsychologique<\/a><\/h3>\n<\/div><\/article><article class=\"entry entry-grid is-column has-entry-link has-image has-image-first type-post category-avc tag-accident-vasculaire-cerebral tag-activites-de-stimulation-cognitive tag-enfants tag-lesion-cerebrale-acquise\" style=\"--entry-index:6;\" aria-label=\"Atelier cognitif avec NeuronUP pour l&rsquo;intervention en cas d&rsquo;AVC infantile\" itemscope itemtype=\"https:\/\/schema.org\/CreativeWork\"><a class=\"entry-image-link\" href=\"https:\/\/neuronup.com\/fr\/actualites-de-la-stimulation-cognitive\/lesions-cerebrales\/avc\/atelier-cognitif-avec-neuronup-pour-lintervention-de-laccident-vasculaire-cerebral-infantile\/\" tabindex=\"-1\" aria-hidden=\"true\"><img decoding=\"async\" width=\"400\" height=\"222\" src=\"https:\/\/neuronup.com\/fr\/wp-content\/uploads\/2025\/02\/Fase-8-de-la-actividad-de-NeuronUP-Completa-el-puzzle.webp\" class=\"entry-image size-landscape-sm\" alt=\"Puzzle en cours d&#039;assemblage avec pi\u00e8ces dispers\u00e9es; image de r\u00e9f\u00e9rence en bas \u00e0 gauche montrant statues et paysage pastel.\" srcset=\"https:\/\/neuronup.com\/fr\/wp-content\/uploads\/2025\/02\/Fase-8-de-la-actividad-de-NeuronUP-Completa-el-puzzle-300x167.webp 300w, https:\/\/neuronup.com\/fr\/wp-content\/uploads\/2025\/02\/Fase-8-de-la-actividad-de-NeuronUP-Completa-el-puzzle-768x426.webp 768w, https:\/\/neuronup.com\/fr\/wp-content\/uploads\/2025\/02\/Fase-8-de-la-actividad-de-NeuronUP-Completa-el-puzzle-1024x568.webp 1024w, https:\/\/neuronup.com\/fr\/wp-content\/uploads\/2025\/02\/Fase-8-de-la-actividad-de-NeuronUP-Completa-el-puzzle.webp 1216w\" sizes=\"(max-width:599px) 599px, (min-width:600px) and (max-width: 799px) 799px, (min-width:800px) and (max-width: 999px) 333px, (min-width:1000px) 400px\" \/><\/a><div class=\"entry-wrap entry-wrap-grid\"><h3 class=\"entry-title\" itemprop=\"headline\"><a class=\"entry-title-link\" href=\"https:\/\/neuronup.com\/fr\/actualites-de-la-stimulation-cognitive\/lesions-cerebrales\/avc\/atelier-cognitif-avec-neuronup-pour-lintervention-de-laccident-vasculaire-cerebral-infantile\/\" rel=\"bookmark\">Atelier cognitif avec NeuronUP pour l&rsquo;intervention en cas d&rsquo;AVC infantile<\/a><\/h3>\n<\/div><\/article><\/div><\/div>","protected":false},"excerpt":{"rendered":"<p>Les traumatismes cr\u00e2niens (TC) : Tableau clinique caus\u00e9 par une l\u00e9sion directe des structures cr\u00e2niennes, enc\u00e9phaliques ou m\u00e9ning\u00e9es dues \u00e0 une force traumatique externe (contusion, l\u00e9sion p\u00e9n\u00e9trante ou forces d\u2019acc\u00e9l\u00e9ration-d\u00e9c\u00e9l\u00e9ration).Cela peut affecter le cerveau de diverses mani\u00e8res : Les Accidents cardio-vasculaires (AVC) : \u00c9galement connu sous le nom d\u2019ictus. Il s\u2019agit de tableaux cliniques caus\u00e9s &hellip;<\/p>\n","protected":false},"author":1,"featured_media":31658,"parent":32426,"menu_order":1,"comment_status":"closed","ping_status":"closed","template":"","meta":{"_acf_changed":false,"_genesis_hide_title":false,"_genesis_hide_breadcrumbs":false,"_genesis_hide_singular_image":false,"_genesis_hide_footer_widgets":false,"_genesis_custom_body_class":"nup-style neurorehab","_genesis_custom_post_class":"nup-style neurorehab","_genesis_layout":"","footnotes":""},"class_list":{"1":"page","2":"type-page","6":"entry","7":"nup-style neurorehab"},"acf":[],"_links":{"self":[{"href":"https:\/\/neuronup.com\/fr\/wp-json\/wp\/v2\/pages\/32436","targetHints":{"allow":["GET"]}}],"collection":[{"href":"https:\/\/neuronup.com\/fr\/wp-json\/wp\/v2\/pages"}],"about":[{"href":"https:\/\/neuronup.com\/fr\/wp-json\/wp\/v2\/types\/page"}],"author":[{"embeddable":true,"href":"https:\/\/neuronup.com\/fr\/wp-json\/wp\/v2\/users\/1"}],"replies":[{"embeddable":true,"href":"https:\/\/neuronup.com\/fr\/wp-json\/wp\/v2\/comments?post=32436"}],"version-history":[{"count":0,"href":"https:\/\/neuronup.com\/fr\/wp-json\/wp\/v2\/pages\/32436\/revisions"}],"up":[{"embeddable":true,"href":"https:\/\/neuronup.com\/fr\/wp-json\/wp\/v2\/pages\/32426"}],"wp:featuredmedia":[{"embeddable":true,"href":"https:\/\/neuronup.com\/fr\/wp-json\/wp\/v2\/media\/31658"}],"wp:attachment":[{"href":"https:\/\/neuronup.com\/fr\/wp-json\/wp\/v2\/media?parent=32436"}],"curies":[{"name":"wp","href":"https:\/\/api.w.org\/{rel}","templated":true}]}}