{"id":34598,"date":"2024-12-11T10:53:11","date_gmt":"2024-12-11T08:53:11","guid":{"rendered":"https:\/\/neuronup.com\/br\/?page_id=34598"},"modified":"2025-04-16T10:39:57","modified_gmt":"2025-04-16T08:39:57","slug":"transtornos-do-espectro-autista-tea","status":"publish","type":"page","link":"https:\/\/neuronup.com\/br\/neurorreabilitacao\/perturbacoes-do-neurodesenvolvimento\/transtornos-do-espectro-autista-tea\/","title":{"rendered":"Transtornos do Espectro Autista (TEA)"},"content":{"rendered":"\n<p>A maneira como esses transtornos se manifestam varia muito de crian\u00e7a para crian\u00e7a, da\u00ed o termo &#8220;espectro&#8221; ou &#8220;cont\u00ednuo de transtornos&#8221;, o que significa que <strong>h\u00e1 diferentes maneiras de os sintomas desses transtornos aparecerem<\/strong> e que a gravidade dos sintomas varia de caso para caso. <strong>O quadro cl\u00ednico n\u00e3o \u00e9 uniforme<\/strong> nem absolutamente demarcado, e sua apresenta\u00e7\u00e3o varia em um espectro de mais a menos afetado, varia com o tempo e \u00e9 influenciada por fatores como o grau de habilidade intelectual associada ou o acesso a apoio especializado.<\/p>\n\n\n\n<p>Os indiv\u00edduos com TEA processam as informa\u00e7\u00f5es em seu c\u00e9rebro de forma diferente dos outros e se desenvolvem em um ritmo diferente em cada \u00e1rea. Eles s\u00e3o caracterizados pela <strong>apresenta\u00e7\u00e3o de dificuldades clinicamente significativas e persistentes na comunica\u00e7\u00e3o social<\/strong> (dificuldade acentuada na comunica\u00e7\u00e3o verbal e n\u00e3o verbal usada na intera\u00e7\u00e3o, aus\u00eancia de reciprocidade social e dificuldades no desenvolvimento e na manuten\u00e7\u00e3o de relacionamentos com colegas adequados ao desenvolvimento), comportamentos motores ou verbais estereotipados, comportamentos sensoriais incomuns, ades\u00e3o excessiva a rotinas e padr\u00f5es de comportamento ritual\u00edsticos e interesses restritos.<\/p>\n\n\n\n<p>Para o diagn\u00f3stico atual, s\u00e3o propostos os seguintes crit\u00e9rios:<\/p>\n\n\n\n<p class=\"has-lg-font-size\">A. D\u00e9ficits persistentes na comunica\u00e7\u00e3o e na intera\u00e7\u00e3o social em v\u00e1rios contextos, manifestados atualmente ou no passado das seguintes formas:<\/p>\n\n\n\n<p>1. D\u00e9ficits na reciprocidade socioemocional.<\/p>\n\n\n\n<p>2. D\u00e9ficits nos comportamentos de comunica\u00e7\u00e3o n\u00e3o verbal usados nas intera\u00e7\u00f5es sociais.<\/p>\n\n\n\n<p>3. D\u00e9ficits no desenvolvimento, estabelecimento e compreens\u00e3o de relacionamentos.<\/p>\n\n\n\n<p>*A gravidade deve ser especificada.<\/p>\n\n\n\n<p class=\"has-lg-font-size\">B. Repert\u00f3rio de comportamentos, interesses ou atividades restritas e repetitivas, manifestando pelo menos dois dos seguintes crit\u00e9rios, atualmente ou no passado:<\/p>\n\n\n\n<p>1. Movimentos motores, uso de objetos ou vocaliza\u00e7\u00e3o estereotipados ou repetitivos.<\/p>\n\n\n\n<p>2. Insist\u00eancia na monotonia, apego inflex\u00edvel a padr\u00f5es rotineiros ou ritual\u00edsticos de comportamentos verbais ou n\u00e3o verbais.<\/p>\n\n\n\n<p>3. Interesses muito restritos e fixos com um grau anormal de intensidade e foco.<\/p>\n\n\n\n<p>4. Rea\u00e7\u00e3o incomum a est\u00edmulos sensoriais ou interesse incomum por aspectos sensoriais do ambiente.<\/p>\n\n\n\n<p>*A gravidade deve ser especificada.<\/p>\n\n\n\n<p class=\"has-lg-font-size\">C. Os sintomas devem estar presentes desde o per\u00edodo inicial do desenvolvimento (embora possam n\u00e3o se manifestar totalmente at\u00e9 que as capacidades limitadas n\u00e3o permitam mais que as demandas sociais sejam atendidas, ou podem ser mascarados posteriormente por estrat\u00e9gias aprendidas).<\/p>\n\n\n\n<p class=\"has-lg-font-size\">D. Os sintomas implicam em defici\u00eancias clinicamente significativas em \u00e1reas sociais, ocupacionais ou mesmo em outras \u00e1reas de funcionamento.<\/p>\n\n\n\n<p class=\"has-lg-font-size\">E. A defici\u00eancia intelectual (transtorno do desenvolvimento intelectual) ou o atraso geral no desenvolvimento n\u00e3o \u00e9 a melhor justificativa para esses transtornos.<\/p>\n\n\n\n<p>Tamb\u00e9m \u00e9 essencial especificar os seguintes pontos:<\/p>\n\n\n\n<ul class=\"wp-block-list\">\n<li>Presen\u00e7a de defici\u00eancia intelectual<\/li>\n\n\n\n<li>Presen\u00e7a de defici\u00eancia de linguagem<\/li>\n\n\n\n<li>Associado a uma condi\u00e7\u00e3o m\u00e9dica ou gen\u00e9tica conhecida, ou a um fator ambiental<\/li>\n\n\n\n<li>Associado a outro dist\u00farbio de neurodesenvolvimento, mental ou comportamental<\/li>\n\n\n\n<li>Catatonia<\/li>\n\n\n\n<li>Perda de habilidades adquiridas<\/li>\n<\/ul>\n\n\n\n<p><strong><em>Mudan\u00e7a de paradigma<\/em><\/strong><\/p>\n\n\n\n<p>Nos \u00faltimos anos, com a publica\u00e7\u00e3o do DSM-V, houve uma mudan\u00e7a muito relevante na classifica\u00e7\u00e3o dessa patologia. O DSM-IV estabeleceu a se\u00e7\u00e3o &#8220;Transtornos Pervasivos do Desenvolvimento&#8221;, que inclu\u00eda 5 tipos:<\/p>\n\n\n\n<ul class=\"wp-block-list\">\n<li>Trastorno Autista<\/li>\n\n\n\n<li>Trastorno de Rett<\/li>\n\n\n\n<li>Trastorno desintegrativo infantil<\/li>\n\n\n\n<li>Trastorno de Asperger<\/li>\n\n\n\n<li>Transtorno Invasivo do Desenvolvimento N\u00e3o Especificado<\/li>\n<\/ul>\n\n\n\n<p>O DSM-V criou o termo &#8220;<em>Transtorno do Espectro Autista<\/em>&#8221; (TEA), inclu\u00eddo na categoria &#8220;<em>Transtorno do Neurodesenvolvimento<\/em>&#8220;, que engloba todos eles, com exce\u00e7\u00e3o do Transtorno de Rett, que n\u00e3o faz mais parte dessa categoria. Em vez de fazer distin\u00e7\u00e3o entre esses subtipos, a defini\u00e7\u00e3o diagn\u00f3stica do DSM-V especifica tr\u00eas n\u00edveis de gravidade dos sintomas, bem como o n\u00edvel de apoio necess\u00e1rio, conforme desenvolvido acima.<\/p>\n\n\n\n<h3 class=\"wp-block-heading\">Talvez sejam interessantes os seguintes artigos sobre TEA:<\/h3>\n\n\n<div class=\"mai-grid entries entries-grid has-boxed has-image-full\" style=\"--entry-title-font-size:var(--font-size-lg);--align-text:start;--entry-meta-text-align:start;\"><div class=\"entries-wrap has-columns\" style=\"--columns-xs:1\/1;--columns-sm:1\/1;--columns-md:1\/3;--columns-lg:1\/3;--flex-xs:0 0 var(--flex-basis);--flex-sm:0 0 var(--flex-basis);--flex-md:0 0 var(--flex-basis);--flex-lg:0 0 var(--flex-basis);--column-gap:var(--spacing-lg);--row-gap:var(--spacing-lg);--align-columns:start;\"><article class=\"entry entry-grid is-column has-entry-link has-image has-image-first type-post category-tea-transtorno-do-espectro-do-autismo tag-autismo tag-criancas tag-dislexia tag-transtornos-do-neurodesenvolvimento\" style=\"--entry-index:1;\" aria-label=\"Coexist\u00eancia entre a condi\u00e7\u00e3o do espectro autista e a dislexia: preval\u00eancia e estrat\u00e9gias de interven\u00e7\u00e3o\" itemscope itemtype=\"https:\/\/schema.org\/CreativeWork\"><a class=\"entry-image-link\" href=\"https:\/\/neuronup.com\/br\/noticias-de-estimulacao-cognitiva\/transtornos-do-desenvolvimento\/tea-transtorno-do-espectro-do-autismo\/coexistencia-entre-a-condicao-do-espectro-autista-e-a-dislexia-prevalencia-e-estrategias-de-intervencao\/\" tabindex=\"-1\" aria-hidden=\"true\"><img decoding=\"async\" width=\"400\" height=\"267\" src=\"https:\/\/neuronup.com\/br\/wp-content\/uploads\/2024\/11\/Coexistencia-entre-la-condicion-del-espectro-autista-y-la-dislexia-prevalencia-y-estrategias-de-intervencion-NeuronUP.webp\" class=\"entry-image size-landscape-sm\" alt=\"Menino de cabelos castanhos curtos l\u00ea um livro aberto, deitado em sof\u00e1 acolhedor, express\u00e3o concentrada.\" srcset=\"https:\/\/neuronup.com\/br\/wp-content\/uploads\/2024\/11\/Coexistencia-entre-la-condicion-del-espectro-autista-y-la-dislexia-prevalencia-y-estrategias-de-intervencion-NeuronUP-300x200.webp 300w, https:\/\/neuronup.com\/br\/wp-content\/uploads\/2024\/11\/Coexistencia-entre-la-condicion-del-espectro-autista-y-la-dislexia-prevalencia-y-estrategias-de-intervencion-NeuronUP-768x512.webp 768w, https:\/\/neuronup.com\/br\/wp-content\/uploads\/2024\/11\/Coexistencia-entre-la-condicion-del-espectro-autista-y-la-dislexia-prevalencia-y-estrategias-de-intervencion-NeuronUP-1024x683.webp 1024w, https:\/\/neuronup.com\/br\/wp-content\/uploads\/2024\/11\/Coexistencia-entre-la-condicion-del-espectro-autista-y-la-dislexia-prevalencia-y-estrategias-de-intervencion-NeuronUP.webp 1200w\" sizes=\"(max-width:599px) 599px, (min-width:600px) and (max-width: 799px) 799px, (min-width:800px) and (max-width: 999px) 333px, (min-width:1000px) 400px\" \/><\/a><div class=\"entry-wrap entry-wrap-grid\"><h3 class=\"entry-title\" itemprop=\"headline\"><a class=\"entry-title-link\" href=\"https:\/\/neuronup.com\/br\/noticias-de-estimulacao-cognitiva\/transtornos-do-desenvolvimento\/tea-transtorno-do-espectro-do-autismo\/coexistencia-entre-a-condicao-do-espectro-autista-e-a-dislexia-prevalencia-e-estrategias-de-intervencao\/\" rel=\"bookmark\">Coexist\u00eancia entre a condi\u00e7\u00e3o do espectro autista e a dislexia: preval\u00eancia e estrat\u00e9gias de interven\u00e7\u00e3o<\/a><\/h3>\n<\/div><\/article><article class=\"entry entry-grid is-column has-entry-link has-image has-image-first type-post category-tea-transtorno-do-espectro-do-autismo tag-autismo tag-criancas tag-transtorno-do-espectro-autista\" style=\"--entry-index:2;\" aria-label=\"O autismo e a realidade das pessoas com transtorno do espectro autista\" itemscope itemtype=\"https:\/\/schema.org\/CreativeWork\"><a class=\"entry-image-link\" href=\"https:\/\/neuronup.com\/br\/noticias-de-estimulacao-cognitiva\/transtornos-do-desenvolvimento\/tea-transtorno-do-espectro-do-autismo\/cha\/\" tabindex=\"-1\" aria-hidden=\"true\"><img decoding=\"async\" width=\"400\" height=\"300\" src=\"https:\/\/neuronup.com\/br\/wp-content\/uploads\/2024\/09\/dia-mundial-sobre-el-autismo.webp\" class=\"entry-image size-landscape-sm\" alt=\"V\u00e1rias m\u00e3os de diferentes idades erguidas diante de um fundo colorido com pe\u00e7as de quebra-cabe\u00e7a, simbolizando diversidade e inclus\u00e3o.\" srcset=\"https:\/\/neuronup.com\/br\/wp-content\/uploads\/2024\/09\/dia-mundial-sobre-el-autismo-300x225.webp 300w, https:\/\/neuronup.com\/br\/wp-content\/uploads\/2024\/09\/dia-mundial-sobre-el-autismo-768x576.webp 768w, https:\/\/neuronup.com\/br\/wp-content\/uploads\/2024\/09\/dia-mundial-sobre-el-autismo-1024x768.webp 1024w, https:\/\/neuronup.com\/br\/wp-content\/uploads\/2024\/09\/dia-mundial-sobre-el-autismo.webp 1200w\" sizes=\"(max-width:599px) 599px, (min-width:600px) and (max-width: 799px) 799px, (min-width:800px) and (max-width: 999px) 333px, (min-width:1000px) 400px\" \/><\/a><div class=\"entry-wrap entry-wrap-grid\"><h3 class=\"entry-title\" itemprop=\"headline\"><a class=\"entry-title-link\" href=\"https:\/\/neuronup.com\/br\/noticias-de-estimulacao-cognitiva\/transtornos-do-desenvolvimento\/tea-transtorno-do-espectro-do-autismo\/cha\/\" rel=\"bookmark\">O autismo e a realidade das pessoas com transtorno do espectro autista<\/a><\/h3>\n<\/div><\/article><article class=\"entry entry-grid is-column has-entry-link has-image has-image-first type-post category-tea-transtorno-do-espectro-do-autismo tag-autismo tag-criancas tag-habilidades-sociais tag-psicologia tag-transtorno-do-espectro-autista tag-transtornos-do-neurodesenvolvimento\" style=\"--entry-index:3;\" aria-label=\"As pessoas que vivem com Asperger do ponto de vista social\" itemscope itemtype=\"https:\/\/schema.org\/CreativeWork\"><a class=\"entry-image-link\" href=\"https:\/\/neuronup.com\/br\/noticias-de-estimulacao-cognitiva\/transtornos-do-desenvolvimento\/tea-transtorno-do-espectro-do-autismo\/as-pessoas-que-vivem-com-asperger-do-ponto-de-vista-social\/\" tabindex=\"-1\" aria-hidden=\"true\"><img decoding=\"async\" width=\"400\" height=\"267\" src=\"https:\/\/neuronup.com\/br\/wp-content\/uploads\/2024\/09\/Terapia-de-juego-para-el-trastorno-de-autismo.webp\" class=\"entry-image size-landscape-sm\" alt=\"Mulher observando menina loira interagindo com quadro na sala, usando marcadores coloridos, em terapia de jogo para autismo.\" srcset=\"https:\/\/neuronup.com\/br\/wp-content\/uploads\/2024\/09\/Terapia-de-juego-para-el-trastorno-de-autismo-300x200.webp 300w, https:\/\/neuronup.com\/br\/wp-content\/uploads\/2024\/09\/Terapia-de-juego-para-el-trastorno-de-autismo-768x512.webp 768w, https:\/\/neuronup.com\/br\/wp-content\/uploads\/2024\/09\/Terapia-de-juego-para-el-trastorno-de-autismo-1024x683.webp 1024w, https:\/\/neuronup.com\/br\/wp-content\/uploads\/2024\/09\/Terapia-de-juego-para-el-trastorno-de-autismo.webp 1202w\" sizes=\"(max-width:599px) 599px, (min-width:600px) and (max-width: 799px) 799px, (min-width:800px) and (max-width: 999px) 333px, (min-width:1000px) 400px\" \/><\/a><div class=\"entry-wrap entry-wrap-grid\"><h3 class=\"entry-title\" itemprop=\"headline\"><a class=\"entry-title-link\" href=\"https:\/\/neuronup.com\/br\/noticias-de-estimulacao-cognitiva\/transtornos-do-desenvolvimento\/tea-transtorno-do-espectro-do-autismo\/as-pessoas-que-vivem-com-asperger-do-ponto-de-vista-social\/\" rel=\"bookmark\">As pessoas que vivem com Asperger do ponto de vista social<\/a><\/h3>\n<\/div><\/article><article class=\"entry entry-grid is-column has-entry-link has-image has-image-first type-post category-tea-transtorno-do-espectro-do-autismo tag-autismo tag-transtornos-do-neurodesenvolvimento\" style=\"--entry-index:4;\" aria-label=\"O imenso desafio de levar uma vida com autismo\" itemscope itemtype=\"https:\/\/schema.org\/CreativeWork\"><a class=\"entry-image-link\" href=\"https:\/\/neuronup.com\/br\/noticias-de-estimulacao-cognitiva\/transtornos-do-desenvolvimento\/tea-transtorno-do-espectro-do-autismo\/o-imenso-desafio-de-levar-uma-vida-com-autismo\/\" tabindex=\"-1\" aria-hidden=\"true\"><img decoding=\"async\" width=\"400\" height=\"267\" src=\"https:\/\/neuronup.com\/br\/wp-content\/uploads\/2023\/09\/vida-con-autismo.webp\" class=\"entry-image size-landscape-sm\" alt=\"Mulher com cabelo castanho curto interage com crian\u00e7a sentadas \u00e0 mesa com pe\u00e7as coloridas em jogo educativo, em sala acolhedora.\" srcset=\"https:\/\/neuronup.com\/br\/wp-content\/uploads\/2023\/09\/vida-con-autismo-300x200.webp 300w, https:\/\/neuronup.com\/br\/wp-content\/uploads\/2023\/09\/vida-con-autismo-768x512.webp 768w, https:\/\/neuronup.com\/br\/wp-content\/uploads\/2023\/09\/vida-con-autismo-1024x683.webp 1024w, https:\/\/neuronup.com\/br\/wp-content\/uploads\/2023\/09\/vida-con-autismo.webp 1200w\" sizes=\"(max-width:599px) 599px, (min-width:600px) and (max-width: 799px) 799px, (min-width:800px) and (max-width: 999px) 333px, (min-width:1000px) 400px\" \/><\/a><div class=\"entry-wrap entry-wrap-grid\"><h3 class=\"entry-title\" itemprop=\"headline\"><a class=\"entry-title-link\" href=\"https:\/\/neuronup.com\/br\/noticias-de-estimulacao-cognitiva\/transtornos-do-desenvolvimento\/tea-transtorno-do-espectro-do-autismo\/o-imenso-desafio-de-levar-uma-vida-com-autismo\/\" rel=\"bookmark\">O imenso desafio de levar uma vida com autismo<\/a><\/h3>\n<\/div><\/article><article class=\"entry entry-grid is-column has-entry-link has-image has-image-first type-post category-para-tea-transtorno-espectro-autismo tag-atencao tag-atividades-de-estimulacao-cognitiva tag-atividades-de-estimulacao-cognitiva-para-criancas tag-autismo tag-neuronup\" style=\"--entry-index:5;\" aria-label=\"Tratamento do transtorno do espectro autista (TEA): Interven\u00e7\u00e3o cognitiva em crian\u00e7as com TEA\" itemscope itemtype=\"https:\/\/schema.org\/CreativeWork\"><a class=\"entry-image-link\" href=\"https:\/\/neuronup.com\/br\/atividades-de-neurorreabilitacao\/para-tea-transtorno-espectro-autismo\/tratamento-do-transtorno-do-espectro-autista-tea-intervencao-cognitiva-em-criancas-com-tea\/\" tabindex=\"-1\" aria-hidden=\"true\"><img decoding=\"async\" width=\"400\" height=\"275\" src=\"https:\/\/neuronup.com\/br\/wp-content\/uploads\/2023\/01\/Busca-y-encontraras-1.webp\" class=\"entry-image size-landscape-sm\" alt=\"Ilustra\u00e7\u00e3o colorida de fazenda com vacas, ovelhas, porcos, cavalos, aves e insetos; casa vermelha ao topo.\" srcset=\"https:\/\/neuronup.com\/br\/wp-content\/uploads\/2023\/01\/Busca-y-encontraras-1-300x207.webp 300w, https:\/\/neuronup.com\/br\/wp-content\/uploads\/2023\/01\/Busca-y-encontraras-1-768x529.webp 768w, https:\/\/neuronup.com\/br\/wp-content\/uploads\/2023\/01\/Busca-y-encontraras-1-1024x705.webp 1024w, https:\/\/neuronup.com\/br\/wp-content\/uploads\/2023\/01\/Busca-y-encontraras-1.webp 1200w\" sizes=\"(max-width:599px) 599px, (min-width:600px) and (max-width: 799px) 799px, (min-width:800px) and (max-width: 999px) 333px, (min-width:1000px) 400px\" \/><\/a><div class=\"entry-wrap entry-wrap-grid\"><h3 class=\"entry-title\" itemprop=\"headline\"><a class=\"entry-title-link\" href=\"https:\/\/neuronup.com\/br\/atividades-de-neurorreabilitacao\/para-tea-transtorno-espectro-autismo\/tratamento-do-transtorno-do-espectro-autista-tea-intervencao-cognitiva-em-criancas-com-tea\/\" rel=\"bookmark\">Tratamento do transtorno do espectro autista (TEA): Interven\u00e7\u00e3o cognitiva em crian\u00e7as com TEA<\/a><\/h3>\n<\/div><\/article><article class=\"entry entry-grid is-column has-entry-link has-image has-image-first type-post category-tea-transtorno-do-espectro-do-autismo tag-autismo tag-funcoes-executivas tag-transtornos-do-neurodesenvolvimento\" style=\"--entry-index:6;\" aria-label=\"Autismo em mulheres e fun\u00e7\u00f5es executivas\" itemscope itemtype=\"https:\/\/schema.org\/CreativeWork\"><a class=\"entry-image-link\" href=\"https:\/\/neuronup.com\/br\/noticias-de-estimulacao-cognitiva\/transtornos-do-desenvolvimento\/tea-transtorno-do-espectro-do-autismo\/autismo-em-mulheres-e-funcoes-executivas\/\" tabindex=\"-1\" aria-hidden=\"true\"><img decoding=\"async\" width=\"400\" height=\"267\" src=\"https:\/\/neuronup.com\/br\/wp-content\/uploads\/2024\/05\/La-invisibilidad-del-autismo-en-ninas-adolescentes-y-mujeres-Raquel-Hernandez-Autora-NeuronUP.webp\" class=\"entry-image size-landscape-sm\" alt=\"Crian\u00e7a com cabelos cacheados deitada em gramado verde, sorriso suave e olhar tranquilo, segurando algo entre as m\u00e3os.\" srcset=\"https:\/\/neuronup.com\/br\/wp-content\/uploads\/2024\/05\/La-invisibilidad-del-autismo-en-ninas-adolescentes-y-mujeres-Raquel-Hernandez-Autora-NeuronUP-300x200.webp 300w, https:\/\/neuronup.com\/br\/wp-content\/uploads\/2024\/05\/La-invisibilidad-del-autismo-en-ninas-adolescentes-y-mujeres-Raquel-Hernandez-Autora-NeuronUP-768x512.webp 768w, https:\/\/neuronup.com\/br\/wp-content\/uploads\/2024\/05\/La-invisibilidad-del-autismo-en-ninas-adolescentes-y-mujeres-Raquel-Hernandez-Autora-NeuronUP-1024x683.webp 1024w, https:\/\/neuronup.com\/br\/wp-content\/uploads\/2024\/05\/La-invisibilidad-del-autismo-en-ninas-adolescentes-y-mujeres-Raquel-Hernandez-Autora-NeuronUP.webp 1202w\" sizes=\"(max-width:599px) 599px, (min-width:600px) and (max-width: 799px) 799px, (min-width:800px) and (max-width: 999px) 333px, (min-width:1000px) 400px\" \/><\/a><div class=\"entry-wrap entry-wrap-grid\"><h3 class=\"entry-title\" itemprop=\"headline\"><a class=\"entry-title-link\" href=\"https:\/\/neuronup.com\/br\/noticias-de-estimulacao-cognitiva\/transtornos-do-desenvolvimento\/tea-transtorno-do-espectro-do-autismo\/autismo-em-mulheres-e-funcoes-executivas\/\" rel=\"bookmark\">Autismo em mulheres e fun\u00e7\u00f5es executivas<\/a><\/h3>\n<\/div><\/article><article class=\"entry entry-grid is-column has-entry-link has-image has-image-first type-post category-tea-transtorno-do-espectro-do-autismo tag-autismo\" style=\"--entry-index:7;\" aria-label=\"A invisibilidade do autismo em meninas, adolescentes e mulheres\" itemscope itemtype=\"https:\/\/schema.org\/CreativeWork\"><a class=\"entry-image-link\" href=\"https:\/\/neuronup.com\/br\/noticias-de-estimulacao-cognitiva\/transtornos-do-desenvolvimento\/tea-transtorno-do-espectro-do-autismo\/a-invisibilidade-do-autismo-em-meninas-adolescentes-e-mulheres\/\" tabindex=\"-1\" aria-hidden=\"true\"><img decoding=\"async\" width=\"400\" height=\"300\" src=\"https:\/\/neuronup.com\/br\/wp-content\/uploads\/2024\/12\/o-problema-do-autismo-em-meninas-400x300.webp\" class=\"entry-image size-landscape-sm\" alt=\"Crian\u00e7a com cabelos cacheados e olhos azuis, sorrindo em ambiente ao ar livre, com grama ao fundo e camiseta clara.\" srcset=\"https:\/\/neuronup.com\/br\/wp-content\/uploads\/2024\/12\/o-problema-do-autismo-em-meninas-400x300.webp 400w, https:\/\/neuronup.com\/br\/wp-content\/uploads\/2024\/12\/o-problema-do-autismo-em-meninas-800x600.webp 800w\" sizes=\"(max-width:599px) 599px, (min-width:600px) and (max-width: 799px) 799px, (min-width:800px) and (max-width: 999px) 333px, (min-width:1000px) 400px\" \/><\/a><div class=\"entry-wrap entry-wrap-grid\"><h3 class=\"entry-title\" itemprop=\"headline\"><a class=\"entry-title-link\" href=\"https:\/\/neuronup.com\/br\/noticias-de-estimulacao-cognitiva\/transtornos-do-desenvolvimento\/tea-transtorno-do-espectro-do-autismo\/a-invisibilidade-do-autismo-em-meninas-adolescentes-e-mulheres\/\" rel=\"bookmark\">A invisibilidade do autismo em meninas, adolescentes e mulheres<\/a><\/h3>\n<\/div><\/article><article class=\"entry entry-grid is-column has-entry-link has-image has-image-first type-post category-tea-transtorno-do-espectro-do-autismo tag-autismo tag-criancas tag-depoimentos tag-disturbios-do-desenvolvimento-neurologico\" style=\"--entry-index:8;\" aria-label=\"Como trabalhar a estimula\u00e7\u00e3o cognitiva em crian\u00e7as com transtorno do espectro autista\" itemscope itemtype=\"https:\/\/schema.org\/CreativeWork\"><a class=\"entry-image-link\" href=\"https:\/\/neuronup.com\/br\/noticias-de-estimulacao-cognitiva\/transtornos-do-desenvolvimento\/tea-transtorno-do-espectro-do-autismo\/como-trabalhar-a-estimulacao-cognitiva-em-criancas-com-transtorno-do-espectro-do-autismo\/\" tabindex=\"-1\" aria-hidden=\"true\"><img decoding=\"async\" width=\"400\" height=\"300\" src=\"https:\/\/neuronup.com\/br\/wp-content\/uploads\/2024\/12\/Crianca-trabalhando-com-as-atividades-da-NeuronUP.-1-400x300.webp\" class=\"entry-image size-landscape-sm\" alt=\"Menino sentado \u00e0 mesa, olhando para um laptop aberto; ao fundo, janela com persianas verdes e itens de organiza\u00e7\u00e3o na bancada.\" srcset=\"https:\/\/neuronup.com\/br\/wp-content\/uploads\/2024\/12\/Crianca-trabalhando-com-as-atividades-da-NeuronUP.-1-400x300.webp 400w, https:\/\/neuronup.com\/br\/wp-content\/uploads\/2024\/12\/Crianca-trabalhando-com-as-atividades-da-NeuronUP.-1-800x600.webp 800w\" sizes=\"(max-width:599px) 599px, (min-width:600px) and (max-width: 799px) 799px, (min-width:800px) and (max-width: 999px) 333px, (min-width:1000px) 400px\" \/><\/a><div class=\"entry-wrap entry-wrap-grid\"><h3 class=\"entry-title\" itemprop=\"headline\"><a class=\"entry-title-link\" href=\"https:\/\/neuronup.com\/br\/noticias-de-estimulacao-cognitiva\/transtornos-do-desenvolvimento\/tea-transtorno-do-espectro-do-autismo\/como-trabalhar-a-estimulacao-cognitiva-em-criancas-com-transtorno-do-espectro-do-autismo\/\" rel=\"bookmark\">Como trabalhar a estimula\u00e7\u00e3o cognitiva em crian\u00e7as com transtorno do espectro autista<\/a><\/h3>\n<\/div><\/article><article class=\"entry entry-grid is-column has-entry-link has-image has-image-first type-post category-tea-transtorno-do-espectro-do-autismo tag-autismo tag-neuropsicologia tag-transtornos-do-desenvolvimento\" style=\"--entry-index:9;\" aria-label=\"S\u00edndrome de Asperger, segundo o ponto de vista da Neuropsicologia\" itemscope itemtype=\"https:\/\/schema.org\/CreativeWork\"><a class=\"entry-image-link\" href=\"https:\/\/neuronup.com\/br\/noticias-de-estimulacao-cognitiva\/transtornos-do-desenvolvimento\/tea-transtorno-do-espectro-do-autismo\/sindrome-de-asperger\/\" tabindex=\"-1\" aria-hidden=\"true\"><img decoding=\"async\" width=\"400\" height=\"300\" src=\"https:\/\/neuronup.com\/br\/wp-content\/uploads\/2021\/04\/Sindrome-de-Asperger-segundo-o-ponto-de-vista-da-Neuropsicologia-400x300.webp\" class=\"entry-image size-landscape-sm\" alt=\"Crian\u00e7a segurando pe\u00e7as de quebra-cabe\u00e7a diante do rosto, com pe\u00e7as coloridas ao fundo, representando Asperger e neuropsicologia.\" srcset=\"https:\/\/neuronup.com\/br\/wp-content\/uploads\/2021\/04\/Sindrome-de-Asperger-segundo-o-ponto-de-vista-da-Neuropsicologia-400x300.webp 400w, https:\/\/neuronup.com\/br\/wp-content\/uploads\/2021\/04\/Sindrome-de-Asperger-segundo-o-ponto-de-vista-da-Neuropsicologia-800x600.webp 800w\" sizes=\"(max-width:599px) 599px, (min-width:600px) and (max-width: 799px) 799px, (min-width:800px) and (max-width: 999px) 333px, (min-width:1000px) 400px\" \/><\/a><div class=\"entry-wrap entry-wrap-grid\"><h3 class=\"entry-title\" itemprop=\"headline\"><a class=\"entry-title-link\" href=\"https:\/\/neuronup.com\/br\/noticias-de-estimulacao-cognitiva\/transtornos-do-desenvolvimento\/tea-transtorno-do-espectro-do-autismo\/sindrome-de-asperger\/\" rel=\"bookmark\">S\u00edndrome de Asperger, segundo o ponto de vista da Neuropsicologia<\/a><\/h3>\n<\/div><\/article><article class=\"entry entry-grid is-column has-entry-link has-image has-image-first type-post category-tea-transtorno-do-espectro-do-autismo tag-autismo tag-transtornos-do-desenvolvimento\" style=\"--entry-index:10;\" aria-label=\"Autismo e c\u00e9rebro: causas neurobiol\u00f3gicas do autismo.\" itemscope itemtype=\"https:\/\/schema.org\/CreativeWork\"><a class=\"entry-image-link\" href=\"https:\/\/neuronup.com\/br\/noticias-de-estimulacao-cognitiva\/transtornos-do-desenvolvimento\/tea-transtorno-do-espectro-do-autismo\/autismo-e-cerebro-causas-neurobiologicas-do-autismo\/\" tabindex=\"-1\" aria-hidden=\"true\"><img decoding=\"async\" width=\"400\" height=\"300\" src=\"https:\/\/neuronup.com\/br\/wp-content\/uploads\/2024\/12\/autismo-criancas-400x300.webp\" class=\"entry-image size-landscape-sm\" alt=\"Representa\u00e7\u00e3o art\u00edstica de c\u00e9rebro humano com conex\u00f5es neurais iluminadas, destaque na regi\u00e3o cerebral, fundo azul et\u00e9reo.\" srcset=\"https:\/\/neuronup.com\/br\/wp-content\/uploads\/2024\/12\/autismo-criancas-400x300.webp 400w, https:\/\/neuronup.com\/br\/wp-content\/uploads\/2024\/12\/autismo-criancas-800x600.webp 800w\" sizes=\"(max-width:599px) 599px, (min-width:600px) and (max-width: 799px) 799px, (min-width:800px) and (max-width: 999px) 333px, (min-width:1000px) 400px\" \/><\/a><div class=\"entry-wrap entry-wrap-grid\"><h3 class=\"entry-title\" itemprop=\"headline\"><a class=\"entry-title-link\" href=\"https:\/\/neuronup.com\/br\/noticias-de-estimulacao-cognitiva\/transtornos-do-desenvolvimento\/tea-transtorno-do-espectro-do-autismo\/autismo-e-cerebro-causas-neurobiologicas-do-autismo\/\" rel=\"bookmark\">Autismo e c\u00e9rebro: causas neurobiol\u00f3gicas do autismo.<\/a><\/h3>\n<\/div><\/article><\/div><\/div>","protected":false},"excerpt":{"rendered":"<p>A maneira como esses transtornos se manifestam varia muito de crian\u00e7a para crian\u00e7a, da\u00ed o termo &#8220;espectro&#8221; ou &#8220;cont\u00ednuo de transtornos&#8221;, o que significa que h\u00e1 diferentes maneiras de os sintomas desses transtornos aparecerem e que a gravidade dos sintomas varia de caso para caso. O quadro cl\u00ednico n\u00e3o \u00e9 uniforme nem absolutamente demarcado, e &hellip;<\/p>\n","protected":false},"author":1,"featured_media":34599,"parent":32448,"menu_order":0,"comment_status":"closed","ping_status":"closed","template":"","meta":{"_acf_changed":false,"_genesis_hide_title":false,"_genesis_hide_breadcrumbs":false,"_genesis_hide_singular_image":false,"_genesis_hide_footer_widgets":false,"_genesis_custom_body_class":"","_genesis_custom_post_class":"","_genesis_layout":"","footnotes":""},"class_list":{"1":"page","2":"type-page","6":"entry"},"acf":[],"_links":{"self":[{"href":"https:\/\/neuronup.com\/br\/wp-json\/wp\/v2\/pages\/34598","targetHints":{"allow":["GET"]}}],"collection":[{"href":"https:\/\/neuronup.com\/br\/wp-json\/wp\/v2\/pages"}],"about":[{"href":"https:\/\/neuronup.com\/br\/wp-json\/wp\/v2\/types\/page"}],"author":[{"embeddable":true,"href":"https:\/\/neuronup.com\/br\/wp-json\/wp\/v2\/users\/1"}],"replies":[{"embeddable":true,"href":"https:\/\/neuronup.com\/br\/wp-json\/wp\/v2\/comments?post=34598"}],"version-history":[{"count":0,"href":"https:\/\/neuronup.com\/br\/wp-json\/wp\/v2\/pages\/34598\/revisions"}],"up":[{"embeddable":true,"href":"https:\/\/neuronup.com\/br\/wp-json\/wp\/v2\/pages\/32448"}],"wp:featuredmedia":[{"embeddable":true,"href":"https:\/\/neuronup.com\/br\/wp-json\/wp\/v2\/media\/34599"}],"wp:attachment":[{"href":"https:\/\/neuronup.com\/br\/wp-json\/wp\/v2\/media?parent=34598"}],"curies":[{"name":"wp","href":"https:\/\/api.w.org\/{rel}","templated":true}]}}