{"id":34572,"date":"2024-12-10T17:56:52","date_gmt":"2024-12-10T15:56:52","guid":{"rendered":"https:\/\/neuronup.com\/br\/?page_id=34572"},"modified":"2025-02-13T12:01:15","modified_gmt":"2025-02-13T10:01:15","slug":"doenca-de-alzheimer","status":"publish","type":"page","link":"https:\/\/neuronup.com\/br\/neurorreabilitacao\/doencas-neurodegenerativas\/doenca-de-alzheimer\/","title":{"rendered":"Doen\u00e7a de Alzheimer"},"content":{"rendered":"\n<p>O in\u00edcio desta <strong>dem\u00eancia <\/strong>\u00e9 lento, afetando primeiro as partes do c\u00e9rebro que lidam com a <a href=\"https:\/\/neuronup.com\/br\/areas-de-intervencao\/funcoes-cognitivas\/memoria\/\" data-type=\"link\" data-id=\"https:\/\/neuronup.com\/br\/areas-de-intervencao\/funcoes-cognitivas\/memoria\">mem\u00f3ria<\/a>, o pensamento e a linguagem. Com o tempo, esses sintomas se agravam at\u00e9 o ponto em que as pessoas com <strong>Alzheimer <\/strong>n\u00e3o reconhecem mais os familiares pr\u00f3ximos e t\u00eam problemas com as atividades da vida di\u00e1ria, como vestir-se e arrumar-se. Al\u00e9m dos problemas de mem\u00f3ria caracter\u00edsticos, outros sintomas da doen\u00e7a de <strong>Alzheimer incluem capacidade de racioc\u00ednio prejudicada, afasia, apraxia, perda da capacidade espacial e mudan\u00e7as no car\u00e1ter da pessoa.<\/strong><\/p>\n\n\n\n<p>Como caracter\u00edsticas patol\u00f3gicas da doen\u00e7a de <strong>Alzheimer<\/strong>, foram encontradas a forma\u00e7\u00e3o progressiva de placas senis e emaranhados neurofibrilares no c\u00f3rtex cerebral, bem como a perda neuronal e sin\u00e1ptica.<\/p>\n\n\n\n<p>Por outro lado, para ser considerada doen\u00e7a de <strong>Alzheimer<\/strong>, os seguintes crit\u00e9rios de diagn\u00f3stico devem ser atendidos em conjunto:<\/p>\n\n\n\n<ul class=\"wp-block-list\">\n<li>Dem\u00eancia estabelecida por diagn\u00f3stico cl\u00ednico e documentada por teste.<\/li>\n\n\n\n<li>D\u00e9ficits em duas ou mais \u00e1reas cognitivas.<\/li>\n\n\n\n<li>Piora progressiva da mem\u00f3ria e de outras \u00e1reas cognitivas.<\/li>\n\n\n\n<li>Aus\u00eancia de altera\u00e7\u00e3o da consci\u00eancia.<\/li>\n\n\n\n<li>In\u00edcio entre 40 e 90 anos de idade.<\/li>\n\n\n\n<li>Aus\u00eancia de outras doen\u00e7as cerebrais ou sist\u00eamicas que possam afetar a cogni\u00e7\u00e3o.<\/li>\n<\/ul>\n\n\n\n<p>Os fatores progn\u00f3sticos para essa doen\u00e7a incluem:<\/p>\n\n\n\n<ul class=\"wp-block-list\">\n<li>Defici\u00eancia visuoespacial.<\/li>\n\n\n\n<li>Sinais extrapiramidais.<\/li>\n\n\n\n<li>Psicose, depress\u00e3o.<\/li>\n\n\n\n<li>Gravidade inicial, incapacidade funcional.<\/li>\n\n\n\n<li>Desnutri\u00e7\u00e3o, diabetes mellitus, falta de exerc\u00edcios f\u00edsicos e doen\u00e7as cardiovasculares.<\/li>\n<\/ul>\n\n\n\n<p>Por fim, em termos de tratamento, <strong>atualmente n\u00e3o h\u00e1 nenhum medicamento que possa reverter os sintomas dessa doen\u00e7a<\/strong>. Entretanto, temos <strong>medicamentos que retardam sua progress\u00e3o<\/strong>, especialmente nos est\u00e1gios iniciais e moderados, que s\u00e3o os inibidores da acetilcolinesterase.<\/p>\n\n\n\n<p class=\"has-sm-font-size\"><small>Refer\u00eancias: McKhann, G., Drachman, D., Folstein, M., Katzman, R., Price, D., &amp; Stadlan E. M. (1984). Clinical diagnosis of Alzheimer\u2019s disease: report of the NINCDS-ADRDA Work Group under the auspices of Department of Health and Human Services Task Force on Alzheimer\u2019s Disease. Neurology, 34(7), 939-44. doi: 10.1212\/WNL.34.7.939 See more at: http:\/\/www.neurology.org\/content\/34\/7\/939.full.pdf+html<\/small><\/p>\n\n\n\n<h3 class=\"wp-block-heading\" id=\"articulos-sobre-intervencion-en-afectados-por-la-enfermedad-alzheimer\">Artigos sobre interven\u00e7\u00e3o para portadores da doen\u00e7a de Alzheimer:<\/h3>\n\n\n<div class=\"mai-grid entries entries-grid has-boxed has-image-full\" style=\"--entry-title-font-size:var(--font-size-lg);--align-text:start;--entry-meta-text-align:start;\"><div class=\"entries-wrap has-columns\" style=\"--columns-xs:1\/1;--columns-sm:1\/1;--columns-md:1\/3;--columns-lg:1\/3;--flex-xs:0 0 var(--flex-basis);--flex-sm:0 0 var(--flex-basis);--flex-md:0 0 var(--flex-basis);--flex-lg:0 0 var(--flex-basis);--column-gap:var(--spacing-lg);--row-gap:var(--spacing-lg);--align-columns:start;\"><article class=\"entry entry-grid is-column has-entry-link has-image has-image-first type-post category-alzheimer tag-alzheimer tag-demencia tag-memoria\" style=\"--entry-index:1;\" aria-label=\"A linguagem como fator preditor das dem\u00eancias\" itemscope itemtype=\"https:\/\/schema.org\/CreativeWork\"><a class=\"entry-image-link\" href=\"https:\/\/neuronup.com\/br\/noticias-de-estimulacao-cognitiva\/doencas-neurodegenerativas\/alzheimer\/a-linguagem-como-fator-preditor-das-demencias\/\" tabindex=\"-1\" aria-hidden=\"true\"><img decoding=\"async\" width=\"400\" height=\"267\" src=\"https:\/\/neuronup.com\/br\/wp-content\/uploads\/2023\/11\/El-lenguaje-como-factor-predictor-de-las-demencias-1-2.webp\" class=\"entry-image size-landscape-sm\" alt=\"Ilustra\u00e7\u00e3o art\u00edstica de c\u00e9rebro branco com sulcos e fissuras pretas, parte desintegrando sobre fundo neutro\" srcset=\"https:\/\/neuronup.com\/br\/wp-content\/uploads\/2023\/11\/El-lenguaje-como-factor-predictor-de-las-demencias-1-2-300x200.webp 300w, https:\/\/neuronup.com\/br\/wp-content\/uploads\/2023\/11\/El-lenguaje-como-factor-predictor-de-las-demencias-1-2-768x512.webp 768w, https:\/\/neuronup.com\/br\/wp-content\/uploads\/2023\/11\/El-lenguaje-como-factor-predictor-de-las-demencias-1-2-1024x683.webp 1024w, https:\/\/neuronup.com\/br\/wp-content\/uploads\/2023\/11\/El-lenguaje-como-factor-predictor-de-las-demencias-1-2.webp 1200w\" sizes=\"(max-width:599px) 599px, (min-width:600px) and (max-width: 799px) 799px, (min-width:800px) and (max-width: 999px) 333px, (min-width:1000px) 400px\" \/><\/a><div class=\"entry-wrap entry-wrap-grid\"><h3 class=\"entry-title\" itemprop=\"headline\"><a class=\"entry-title-link\" href=\"https:\/\/neuronup.com\/br\/noticias-de-estimulacao-cognitiva\/doencas-neurodegenerativas\/alzheimer\/a-linguagem-como-fator-preditor-das-demencias\/\" rel=\"bookmark\">A linguagem como fator preditor das dem\u00eancias<\/a><\/h3>\n<\/div><\/article><article class=\"entry entry-grid is-column has-entry-link has-image has-image-first type-post category-para-alzheimer tag-alzheimer tag-atividades-de-estimulacao-cognitiva tag-idosos tag-memoria tag-neuronup\" style=\"--entry-index:2;\" aria-label=\"Sess\u00e3o de estimula\u00e7\u00e3o cognitiva para pessoas com Alzheimer\" itemscope itemtype=\"https:\/\/schema.org\/CreativeWork\"><a class=\"entry-image-link\" href=\"https:\/\/neuronup.com\/br\/atividades-de-neurorreabilitacao\/para-alzheimer\/sessao-de-estimulacao-cognitiva-para-pessoas-com-alzheimer\/\" tabindex=\"-1\" aria-hidden=\"true\"><img decoding=\"async\" width=\"400\" height=\"276\" src=\"https:\/\/neuronup.com\/br\/wp-content\/uploads\/2023\/01\/Evita-la-multa.webp\" class=\"entry-image size-landscape-sm\" alt=\"Tabuleiro com grade de quadrados e carros coloridos; mulher \u00e0 esquerda, esquiador \u00e0 direita; centro verde-amarelo com A1 a C3\" srcset=\"https:\/\/neuronup.com\/br\/wp-content\/uploads\/2023\/01\/Evita-la-multa-300x207.webp 300w, https:\/\/neuronup.com\/br\/wp-content\/uploads\/2023\/01\/Evita-la-multa-768x530.webp 768w, https:\/\/neuronup.com\/br\/wp-content\/uploads\/2023\/01\/Evita-la-multa-1024x707.webp 1024w, https:\/\/neuronup.com\/br\/wp-content\/uploads\/2023\/01\/Evita-la-multa.webp 1200w\" sizes=\"(max-width:599px) 599px, (min-width:600px) and (max-width: 799px) 799px, (min-width:800px) and (max-width: 999px) 333px, (min-width:1000px) 400px\" \/><\/a><div class=\"entry-wrap entry-wrap-grid\"><h3 class=\"entry-title\" itemprop=\"headline\"><a class=\"entry-title-link\" href=\"https:\/\/neuronup.com\/br\/atividades-de-neurorreabilitacao\/para-alzheimer\/sessao-de-estimulacao-cognitiva-para-pessoas-com-alzheimer\/\" rel=\"bookmark\">Sess\u00e3o de estimula\u00e7\u00e3o cognitiva para pessoas com Alzheimer<\/a><\/h3>\n<\/div><\/article><article class=\"entry entry-grid is-column has-entry-link has-image has-image-first type-post category-alzheimer tag-alzheimer tag-doencas-neurodegenerativas tag-envelhecimento-normal tag-idosos\" style=\"--entry-index:3;\" aria-label=\"Desenvolvimento de atividades significativas para pacientes com dem\u00eancia e envelhecimento saud\u00e1vel\" itemscope itemtype=\"https:\/\/schema.org\/CreativeWork\"><a class=\"entry-image-link\" href=\"https:\/\/neuronup.com\/br\/noticias-de-estimulacao-cognitiva\/doencas-neurodegenerativas\/alzheimer\/design-de-atividades-para-pacientes-com-demencia-e-envelhecimento-saudavel\/\" tabindex=\"-1\" aria-hidden=\"true\"><img decoding=\"async\" width=\"400\" height=\"300\" src=\"https:\/\/neuronup.com\/br\/wp-content\/uploads\/2022\/10\/1202982913070921.Td96AfIJM1Twk8FZADJl_height640-1-1-1-1-1-1-1-1-1-1-1.webp\" class=\"entry-image size-landscape-sm\" alt=\"Tr\u00eas senhoras idosas participam de atividades art\u00edsticas e jogos \u00e0 mesa; ao fundo, janela com cortinas e um teclado.\" srcset=\"https:\/\/neuronup.com\/br\/wp-content\/uploads\/2022\/10\/1202982913070921.Td96AfIJM1Twk8FZADJl_height640-1-1-1-1-1-1-1-1-1-1-1-300x225.webp 300w, https:\/\/neuronup.com\/br\/wp-content\/uploads\/2022\/10\/1202982913070921.Td96AfIJM1Twk8FZADJl_height640-1-1-1-1-1-1-1-1-1-1-1-768x576.webp 768w, https:\/\/neuronup.com\/br\/wp-content\/uploads\/2022\/10\/1202982913070921.Td96AfIJM1Twk8FZADJl_height640-1-1-1-1-1-1-1-1-1-1-1-1024x768.webp 1024w, https:\/\/neuronup.com\/br\/wp-content\/uploads\/2022\/10\/1202982913070921.Td96AfIJM1Twk8FZADJl_height640-1-1-1-1-1-1-1-1-1-1-1.webp 1200w\" sizes=\"(max-width:599px) 599px, (min-width:600px) and (max-width: 799px) 799px, (min-width:800px) and (max-width: 999px) 333px, (min-width:1000px) 400px\" \/><\/a><div class=\"entry-wrap entry-wrap-grid\"><h3 class=\"entry-title\" itemprop=\"headline\"><a class=\"entry-title-link\" href=\"https:\/\/neuronup.com\/br\/noticias-de-estimulacao-cognitiva\/doencas-neurodegenerativas\/alzheimer\/design-de-atividades-para-pacientes-com-demencia-e-envelhecimento-saudavel\/\" rel=\"bookmark\">Desenvolvimento de atividades significativas para pacientes com dem\u00eancia e envelhecimento saud\u00e1vel<\/a><\/h3>\n<\/div><\/article><article class=\"entry entry-grid is-column has-entry-link has-image has-image-first type-post category-alzheimer tag-alzheimer tag-doencas-neurodegenerativas tag-estimulacao-cognitiva tag-idosos\" style=\"--entry-index:4;\" aria-label=\"Detec\u00e7\u00e3o de Alzheimer em idosos\" itemscope itemtype=\"https:\/\/schema.org\/CreativeWork\"><a class=\"entry-image-link\" href=\"https:\/\/neuronup.com\/br\/noticias-de-estimulacao-cognitiva\/doencas-neurodegenerativas\/alzheimer\/deteccao-de-alzheimer-em-adultos-maiores\/\" tabindex=\"-1\" aria-hidden=\"true\"><img decoding=\"async\" width=\"400\" height=\"225\" src=\"https:\/\/neuronup.com\/br\/wp-content\/uploads\/2024\/11\/La-enfermedad-de-alzheimer-como-constructo-clinico-biologico-recomendacion-de-un-grupo-de-trabajo-internacional-NeuronUP-1.webp\" class=\"entry-image size-landscape-sm\" alt=\"Idoso com barba e cabelo brancos monta quebra-cabe\u00e7a, veste camiseta listrada; ao lado, algu\u00e9m oferece apoio em espa\u00e7o claro.\" srcset=\"https:\/\/neuronup.com\/br\/wp-content\/uploads\/2024\/11\/La-enfermedad-de-alzheimer-como-constructo-clinico-biologico-recomendacion-de-un-grupo-de-trabajo-internacional-NeuronUP-1-300x169.webp 300w, https:\/\/neuronup.com\/br\/wp-content\/uploads\/2024\/11\/La-enfermedad-de-alzheimer-como-constructo-clinico-biologico-recomendacion-de-un-grupo-de-trabajo-internacional-NeuronUP-1-768x432.webp 768w, https:\/\/neuronup.com\/br\/wp-content\/uploads\/2024\/11\/La-enfermedad-de-alzheimer-como-constructo-clinico-biologico-recomendacion-de-un-grupo-de-trabajo-internacional-NeuronUP-1-1024x576.webp 1024w, https:\/\/neuronup.com\/br\/wp-content\/uploads\/2024\/11\/La-enfermedad-de-alzheimer-como-constructo-clinico-biologico-recomendacion-de-un-grupo-de-trabajo-internacional-NeuronUP-1.webp 1200w\" sizes=\"(max-width:599px) 599px, (min-width:600px) and (max-width: 799px) 799px, (min-width:800px) and (max-width: 999px) 333px, (min-width:1000px) 400px\" \/><\/a><div class=\"entry-wrap entry-wrap-grid\"><h3 class=\"entry-title\" itemprop=\"headline\"><a class=\"entry-title-link\" href=\"https:\/\/neuronup.com\/br\/noticias-de-estimulacao-cognitiva\/doencas-neurodegenerativas\/alzheimer\/deteccao-de-alzheimer-em-adultos-maiores\/\" rel=\"bookmark\">Detec\u00e7\u00e3o de Alzheimer em idosos<\/a><\/h3>\n<\/div><\/article><article class=\"entry entry-grid is-column has-entry-link has-image has-image-first type-post category-alzheimer tag-alzheimer tag-doencas-neurodegenerativas tag-idosos\" style=\"--entry-index:5;\" aria-label=\"Os restos de um naufr\u00e1gio: mem\u00f3ria afetiva e Alzheimer\" itemscope itemtype=\"https:\/\/schema.org\/CreativeWork\"><a class=\"entry-image-link\" href=\"https:\/\/neuronup.com\/br\/noticias-de-estimulacao-cognitiva\/doencas-neurodegenerativas\/alzheimer\/os-restos-de-um-naufragio-memoria-afetiva-e-alzheimer\/\" tabindex=\"-1\" aria-hidden=\"true\"><img decoding=\"async\" width=\"400\" height=\"266\" src=\"https:\/\/neuronup.com\/br\/wp-content\/uploads\/2021\/11\/Capture-decran-2021-11-11-a-11.47.34-1.webp\" class=\"entry-image size-landscape-sm\" alt=\"Caixa de madeira com fotografias antigas de v\u00e1rios tamanhos, algumas em preto e branco, em ambiente nost\u00e1lgico.\" srcset=\"https:\/\/neuronup.com\/br\/wp-content\/uploads\/2021\/11\/Capture-decran-2021-11-11-a-11.47.34-1-300x199.webp 300w, https:\/\/neuronup.com\/br\/wp-content\/uploads\/2021\/11\/Capture-decran-2021-11-11-a-11.47.34-1-768x510.webp 768w, https:\/\/neuronup.com\/br\/wp-content\/uploads\/2021\/11\/Capture-decran-2021-11-11-a-11.47.34-1-1024x680.webp 1024w, https:\/\/neuronup.com\/br\/wp-content\/uploads\/2021\/11\/Capture-decran-2021-11-11-a-11.47.34-1.webp 1530w\" sizes=\"(max-width:599px) 599px, (min-width:600px) and (max-width: 799px) 799px, (min-width:800px) and (max-width: 999px) 333px, (min-width:1000px) 400px\" \/><\/a><div class=\"entry-wrap entry-wrap-grid\"><h3 class=\"entry-title\" itemprop=\"headline\"><a class=\"entry-title-link\" href=\"https:\/\/neuronup.com\/br\/noticias-de-estimulacao-cognitiva\/doencas-neurodegenerativas\/alzheimer\/os-restos-de-um-naufragio-memoria-afetiva-e-alzheimer\/\" rel=\"bookmark\">Os restos de um naufr\u00e1gio: mem\u00f3ria afetiva e Alzheimer<\/a><\/h3>\n<\/div><\/article><article class=\"entry entry-grid is-column has-entry-link has-image has-image-first type-post category-alzheimer tag-alzheimer tag-doencas-neurodegenerativas tag-memoria tag-reabilitacao-cognitiva\" style=\"--entry-index:6;\" aria-label=\"Reabilita\u00e7\u00e3o cognitiva para pessoas com Alzheimer\" itemscope itemtype=\"https:\/\/schema.org\/CreativeWork\"><a class=\"entry-image-link\" href=\"https:\/\/neuronup.com\/br\/noticias-de-estimulacao-cognitiva\/doencas-neurodegenerativas\/alzheimer\/reabilitacao-cognitiva-para-pessoas-com-alzheimer\/\" tabindex=\"-1\" aria-hidden=\"true\"><img decoding=\"async\" width=\"400\" height=\"267\" src=\"https:\/\/neuronup.com\/br\/wp-content\/uploads\/2021\/11\/providing-care-for-elderly-2021-08-26-22-39-35-utc-1.webp\" class=\"entry-image size-landscape-sm\" alt=\"Duas mulheres em sala interna bem iluminada: idosa segura um tablet enquanto a cuidadora sorri ao lado.\" srcset=\"https:\/\/neuronup.com\/br\/wp-content\/uploads\/2021\/11\/providing-care-for-elderly-2021-08-26-22-39-35-utc-1-300x200.webp 300w, https:\/\/neuronup.com\/br\/wp-content\/uploads\/2021\/11\/providing-care-for-elderly-2021-08-26-22-39-35-utc-1-768x512.webp 768w, https:\/\/neuronup.com\/br\/wp-content\/uploads\/2021\/11\/providing-care-for-elderly-2021-08-26-22-39-35-utc-1-1024x683.webp 1024w, https:\/\/neuronup.com\/br\/wp-content\/uploads\/2021\/11\/providing-care-for-elderly-2021-08-26-22-39-35-utc-1.webp 1200w\" sizes=\"(max-width:599px) 599px, (min-width:600px) and (max-width: 799px) 799px, (min-width:800px) and (max-width: 999px) 333px, (min-width:1000px) 400px\" \/><\/a><div class=\"entry-wrap entry-wrap-grid\"><h3 class=\"entry-title\" itemprop=\"headline\"><a class=\"entry-title-link\" href=\"https:\/\/neuronup.com\/br\/noticias-de-estimulacao-cognitiva\/doencas-neurodegenerativas\/alzheimer\/reabilitacao-cognitiva-para-pessoas-com-alzheimer\/\" rel=\"bookmark\">Reabilita\u00e7\u00e3o cognitiva para pessoas com Alzheimer<\/a><\/h3>\n<\/div><\/article><\/div><\/div>","protected":false},"excerpt":{"rendered":"<p>O in\u00edcio desta dem\u00eancia \u00e9 lento, afetando primeiro as partes do c\u00e9rebro que lidam com a mem\u00f3ria, o pensamento e a linguagem. Com o tempo, esses sintomas se agravam at\u00e9 o ponto em que as pessoas com Alzheimer n\u00e3o reconhecem mais os familiares pr\u00f3ximos e t\u00eam problemas com as atividades da vida di\u00e1ria, como vestir-se &hellip;<\/p>\n","protected":false},"author":1,"featured_media":34573,"parent":32443,"menu_order":0,"comment_status":"closed","ping_status":"closed","template":"","meta":{"_acf_changed":false,"_genesis_hide_title":false,"_genesis_hide_breadcrumbs":false,"_genesis_hide_singular_image":false,"_genesis_hide_footer_widgets":false,"_genesis_custom_body_class":"nup-style neurorehab","_genesis_custom_post_class":"","_genesis_layout":"","footnotes":""},"class_list":{"1":"page","2":"type-page","6":"entry"},"acf":[],"_links":{"self":[{"href":"https:\/\/neuronup.com\/br\/wp-json\/wp\/v2\/pages\/34572","targetHints":{"allow":["GET"]}}],"collection":[{"href":"https:\/\/neuronup.com\/br\/wp-json\/wp\/v2\/pages"}],"about":[{"href":"https:\/\/neuronup.com\/br\/wp-json\/wp\/v2\/types\/page"}],"author":[{"embeddable":true,"href":"https:\/\/neuronup.com\/br\/wp-json\/wp\/v2\/users\/1"}],"replies":[{"embeddable":true,"href":"https:\/\/neuronup.com\/br\/wp-json\/wp\/v2\/comments?post=34572"}],"version-history":[{"count":0,"href":"https:\/\/neuronup.com\/br\/wp-json\/wp\/v2\/pages\/34572\/revisions"}],"up":[{"embeddable":true,"href":"https:\/\/neuronup.com\/br\/wp-json\/wp\/v2\/pages\/32443"}],"wp:featuredmedia":[{"embeddable":true,"href":"https:\/\/neuronup.com\/br\/wp-json\/wp\/v2\/media\/34573"}],"wp:attachment":[{"href":"https:\/\/neuronup.com\/br\/wp-json\/wp\/v2\/media?parent=34572"}],"curies":[{"name":"wp","href":"https:\/\/api.w.org\/{rel}","templated":true}]}}