{"id":32535,"date":"2024-10-31T15:09:17","date_gmt":"2024-10-31T13:09:17","guid":{"rendered":"https:\/\/neuronup.com\/br\/?page_id=32535"},"modified":"2026-03-13T13:13:02","modified_gmt":"2026-03-13T11:13:02","slug":"memoria","status":"publish","type":"page","link":"https:\/\/neuronup.com\/br\/areas-de-intervencao\/funcoes-cognitivas\/memoria\/","title":{"rendered":"Mem\u00f3ria"},"content":{"rendered":"\n<div class=\"wp-block-columns is-layout-flex wp-container-core-columns-is-layout-9d6595d7 wp-block-columns-is-layout-flex\">\n<div class=\"wp-block-column is-layout-flow wp-block-column-is-layout-flow\" style=\"flex-basis:50%\">\n<blockquote class=\"wp-block-quote is-layout-flow wp-block-quote-is-layout-flow\">\n<p>\u201dA mem\u00f3ria \u00e9 o di\u00e1rio que todos carregamos conosco\u201d.<\/p>\n<cite><em>Oscar Wilde<\/em><\/cite><\/blockquote>\n\n\n\n<p>Trata-se de uma fun\u00e7\u00e3o do c\u00e9rebro que \u00e9 essencial para nossa aprendizagem e, portanto, para nossa sobreviv\u00eancia. Gra\u00e7as a ela, podemos nos adaptar melhor \u00e0s necessidades do nosso ambiente.<\/p>\n\n\n\n<p>Do ponto de vista morfol\u00f3gico, a <strong>mem\u00f3ria<\/strong>&nbsp;<strong>est\u00e1 estreitamente relacionada ao hipocampo<\/strong>, mas cabe destacar que v\u00e1rias regi\u00f5es do c\u00e9rebro influenciam o processo. \u00c9 interessante mencionar que o significado das palavras \u00e9 armazenado no hemisf\u00e9rio direito, as lembran\u00e7as da inf\u00e2ncia s\u00e3o conservadas no c\u00f3rtex temporal ou que os lobos frontais s\u00e3o respons\u00e1veis pela percep\u00e7\u00e3o e pelo pensamento.<\/p>\n\n\n\n<h2 class=\"wp-block-heading\">Tipos de mem\u00f3ria<\/h2>\n\n\n\n<p>Contamos com&nbsp;<strong>tr\u00eas tipos diferentes<\/strong>&nbsp;de acordo com a teoria multiarmazenamento de <em>Richard Atkinson e Richard Shiffrin<\/em>, que afirma que a informa\u00e7\u00e3o atravessa diferentes armazenamentos conforme \u00e9 processada. Portanto, fazemos a seguinte divis\u00e3o.<\/p>\n\n\n\n<h3 class=\"wp-block-heading\">Mem\u00f3ria sensorial<\/h3>\n\n\n\n<p>De curta dura\u00e7\u00e3o, registra a informa\u00e7\u00e3o por meio dos sentidos. Processa grande quantidade de est\u00edmulos, que permanecem o tempo necess\u00e1rio para sua sele\u00e7\u00e3o e identifica\u00e7\u00e3o para seu posterior processamento.<\/p>\n\n\n\n<h3 class=\"wp-block-heading\">Mem\u00f3ria de curto prazo<\/h3>\n\n\n\n<p>Tamb\u00e9m conhecida como operacional ou de trabalho. Sua capacidade \u00e9 limitada, podendo reter poucos elementos durante um breve per\u00edodo de tempo. Esse tipo se decomp\u00f5e em quatro partes.<\/p>\n\n\n\n<ul class=\"wp-block-list\">\n<li><strong>Agenda visuoespacial.&nbsp;<\/strong>\u00c9 respons\u00e1vel pela manuten\u00e7\u00e3o ativa de informa\u00e7\u00e3o (imagens). Teria lugar, por exemplo, na aprendizagem de um trajeto.<\/li>\n<\/ul>\n\n\n\n<ul class=\"wp-block-list\">\n<li><strong>Armazenamento epis\u00f3dico.&nbsp;<\/strong>\u00c9 um sistema especializado em integrar informa\u00e7\u00e3o proveniente de diversas fontes. Desse modo, representa a informa\u00e7\u00e3o visual, verbal, espacial e temporal.<\/li>\n<\/ul>\n\n\n\n<ul class=\"wp-block-list\">\n<li><strong>Al\u00e7a fonol\u00f3gica.&nbsp;<\/strong>Opera com a informa\u00e7\u00e3o verbal. Facilita a manuten\u00e7\u00e3o do processo de fala interna envolvido na mem\u00f3ria de curto prazo, como ocorre quando memorizamos um n\u00famero de telefone.<\/li>\n<\/ul>\n\n\n\n<ul class=\"wp-block-list\">\n<li><strong>Sistema executivo.&nbsp;<\/strong>Sua fun\u00e7\u00e3o \u00e9 controlar e regular o sistema de mem\u00f3ria operacional.<\/li>\n<\/ul>\n\n\n\n<h3 class=\"wp-block-heading\">Mem\u00f3ria de longo prazo<\/h3>\n\n\n\n<p>\u00c9 a que nos permite reter a informa\u00e7\u00e3o por mais tempo. Dentro dela, distinguimos dois tipos.<\/p>\n\n\n\n<ul class=\"wp-block-list\">\n<li><strong>Mem\u00f3ria expl\u00edcita ou declarativa:<\/strong>&nbsp;\u00e9 o armazenamento de informa\u00e7\u00e3o de forma consciente. Nesse tipo de mem\u00f3ria distinguimos a <strong>mem\u00f3ria epis\u00f3dica<\/strong> (caracteriza-se porque o que recordamos s\u00e3o fatos ou acontecimentos, experi\u00eancias vividas localizadas no espa\u00e7o e no tempo) e, por outro lado, a <strong>mem\u00f3ria sem\u00e2ntica <\/strong>(consiste no reconhecimento do significado dos objetos, do vocabul\u00e1rio ou do conhecimento de car\u00e1ter geral).<\/li>\n\n\n\n<li><strong>Mem\u00f3ria impl\u00edcita ou mem\u00f3ria procedural:<\/strong>&nbsp;faz refer\u00eancia a a\u00e7\u00f5es ou sequ\u00eancia de atos aprendidos, a maioria dos quais fazemos de maneira autom\u00e1tica sem necessidade de pensar em cada gesto ou movimento que fazemos (costuma ser dif\u00edcil verbaliz\u00e1-los).<\/li>\n<\/ul>\n\n\n\n<h2 class=\"wp-block-heading\" id=\"para-que-sirve-la-memoria\">Para que serve a mem\u00f3ria?<\/h2>\n\n\n\n<p>A mem\u00f3ria \u00e9 o armazenamento de nossas lembran\u00e7as e nossas experi\u00eancias. Gra\u00e7as a ela, lembramos com quem estivemos ontem, onde passamos as f\u00e9rias, as conversas que tivemos anteriormente, nosso conhecimento acad\u00eamico, a experi\u00eancia profissional etc.<\/p>\n\n\n\n<p>Gra\u00e7as \u00e0 mem\u00f3ria somos quem somos, aprendemos e mudamos de acordo com as rela\u00e7\u00f5es que temos e as necessidades do nosso ambiente.<\/p>\n\n\n\n<p>Por isso, doen\u00e7as como o Alzheimer, nas quais a mem\u00f3ria vai se perdendo paulatinamente, acabam pouco a pouco com a ess\u00eancia da pessoa.<\/p>\n\n\n\n<div style=\"height:50px\" aria-hidden=\"true\" class=\"wp-block-spacer\"><\/div>\n\n\n\n<h2 class=\"wp-block-heading\">Avalia\u00e7\u00e3o e estimula\u00e7\u00e3o cognitiva da mem\u00f3ria<\/h2>\n\n\n\n<p>Recorrer a um especialista em caso de apresentar um comprometimento cognitivo \u00e9 fundamental. O profissional colocar\u00e1 sua experi\u00eancia a seu servi\u00e7o para encontrar o melhor m\u00e9todo para trabalhar a mem\u00f3ria por meio da estimula\u00e7\u00e3o cognitiva.<\/p>\n\n\n\n<p>A estimula\u00e7\u00e3o cognitiva re\u00fane todas aquelas atividades direcionadas \u00e0 manuten\u00e7\u00e3o ou melhoria do funcionamento mental e \u00e0 desacelera\u00e7\u00e3o do comprometimento por meio de diferentes exerc\u00edcios com a ajuda de programas de estimula\u00e7\u00e3o.&nbsp;<strong>Na&nbsp;NeuronUP&nbsp;contamos com uma grande variedade de exerc\u00edcios de estimula\u00e7\u00e3o cognitiva voltados para o treinamento da mem\u00f3ria.<\/strong><\/p>\n\n\n\n<div style=\"height:50px\" aria-hidden=\"true\" class=\"wp-block-spacer\"><\/div>\n\n\n\n<h2 class=\"wp-block-heading\" id=\"ejercicios-de-neuronup-para-rehabilitar-la-memoria\">Exerc\u00edcios da NeuronUP para reabilitar a mem\u00f3ria<\/h2>\n\n\n<div class=\"wp-block-image image-interface\">\n<figure class=\"aligncenter size-full has-xxl-margin-bottom\"><img decoding=\"async\" width=\"1200\" height=\"675\" src=\"https:\/\/neuronup.com\/br\/wp-content\/uploads\/2026\/03\/Interfaz-de-la-plataforma-NeuronUP.-Actividades-para-la-memoria.webp\" alt=\"Atividades da NeuronUP destinadas \u00e0 reabilita\u00e7\u00e3o da mem\u00f3ria.\" class=\"wp-image-46730\" srcset=\"https:\/\/neuronup.com\/br\/wp-content\/uploads\/2026\/03\/Interfaz-de-la-plataforma-NeuronUP.-Actividades-para-la-memoria-300x169.webp 300w, https:\/\/neuronup.com\/br\/wp-content\/uploads\/2026\/03\/Interfaz-de-la-plataforma-NeuronUP.-Actividades-para-la-memoria-768x432.webp 768w, https:\/\/neuronup.com\/br\/wp-content\/uploads\/2026\/03\/Interfaz-de-la-plataforma-NeuronUP.-Actividades-para-la-memoria-1024x576.webp 1024w, https:\/\/neuronup.com\/br\/wp-content\/uploads\/2026\/03\/Interfaz-de-la-plataforma-NeuronUP.-Actividades-para-la-memoria.webp 1200w\" sizes=\"(max-width: 1200px) 100vw, 1200px\" \/><figcaption class=\"wp-element-caption\">Atividades da NeuronUP destinadas \u00e0 reabilita\u00e7\u00e3o da mem\u00f3ria.<\/figcaption><\/figure>\n<\/div>\n\n\n<p>Na NeuronUP contamos com diversas atividades para exercitar a mem\u00f3ria, por exemplo, em patologias como o <strong>Alzheimer<\/strong>. Em rela\u00e7\u00e3o \u00e0 mem\u00f3ria epis\u00f3dica, um dos exerc\u00edcios \u00e9 <em>Pares de animais<\/em>, que consiste em descobrir os pares entre todas as cartas colocadas viradas para baixo, tendo que vir\u00e1-las de duas em duas e, se n\u00e3o coincidirem, vir\u00e1-las novamente. Outro exemplo de exerc\u00edcio, neste caso para trabalhar a mem\u00f3ria sem\u00e2ntica e muito usado por nossos usu\u00e1rios com pessoas com <strong>Alzheimer<\/strong>, consiste em emparelhar elementos com a categoria \u00e0 qual pertencem.<\/p>\n\n\n\n<div style=\"height:50px\" aria-hidden=\"true\" class=\"wp-block-spacer\"><\/div>\n\n\n\n<div class=\"wp-block-columns are-vertically-aligned-top is-layout-flex wp-container-core-columns-is-layout-9d6595d7 wp-block-columns-is-layout-flex\">\n<div class=\"wp-block-column is-vertically-aligned-top is-layout-flow wp-block-column-is-layout-flow\">\n<figure class=\"wp-block-video aligncenter image-interface\"><video height=\"600\" style=\"aspect-ratio: 1200 \/ 600;\" width=\"1200\" autoplay loop muted src=\"https:\/\/neuronup.com\/br\/wp-content\/uploads\/2026\/02\/Atividade-da-NeuronUP-Pares-de-animais-Parejas-de-animales.webm\" playsinline><\/video><figcaption class=\"wp-element-caption\">Atividade da NeuronUP: Pares de animais.<\/figcaption><\/figure>\n<\/div>\n\n\n\n<div class=\"wp-block-column is-vertically-aligned-top is-layout-flow wp-block-column-is-layout-flow\">\n<figure class=\"wp-block-video aligncenter image-interface\"><video height=\"600\" style=\"aspect-ratio: 1200 \/ 600;\" width=\"1200\" autoplay loop muted src=\"https:\/\/neuronup.com\/br\/wp-content\/uploads\/2026\/02\/Atividade-da-NeuronUP-Entrega-em-domicilio-Entrega-a-domicilio.webm\" playsinline><\/video><figcaption class=\"wp-element-caption\">Atividade da NeuronUP: Entrega em domic\u00edlio.<\/figcaption><\/figure>\n<\/div>\n<\/div>\n\n\n\n<div class=\"wp-block-columns are-vertically-aligned-top is-layout-flex wp-container-core-columns-is-layout-9d6595d7 wp-block-columns-is-layout-flex\">\n<div class=\"wp-block-column is-vertically-aligned-top is-layout-flow wp-block-column-is-layout-flow\">\n<figure class=\"wp-block-video aligncenter image-interface\"><video height=\"600\" style=\"aspect-ratio: 1200 \/ 600;\" width=\"1200\" autoplay loop muted src=\"https:\/\/neuronup.com\/br\/wp-content\/uploads\/2026\/02\/Atividade-da-NeuronUP-Post-it-ordenados-Post-it-ordenados.webm\" playsinline><\/video><figcaption class=\"wp-element-caption\">Atividade da NeuronUP: Post-it ordenados.<\/figcaption><\/figure>\n<\/div>\n\n\n\n<div class=\"wp-block-column is-vertically-aligned-top is-layout-flow wp-block-column-is-layout-flow\">\n<figure class=\"wp-block-video aligncenter image-interface\"><video height=\"600\" style=\"aspect-ratio: 1200 \/ 600;\" width=\"1200\" autoplay loop muted src=\"https:\/\/neuronup.com\/br\/wp-content\/uploads\/2026\/02\/Atividade-da-NeuronUP-Aprenda-os-nomes-audio-Aprende-los-nombres-audio.webm\" playsinline><\/video><figcaption class=\"wp-element-caption\">Atividade da NeuronUP: Aprenda os nomes (\u00e1udio).<\/figcaption><\/figure>\n<\/div>\n<\/div>\n\n\n\n<div style=\"height:100px\" aria-hidden=\"true\" class=\"wp-block-spacer\"><\/div>\n\n\n\n<h3 class=\"wp-block-heading\" id=\"consulta-nuestros-articulos-sobre-orientacion\">Consulte nossos artigos sobre mem\u00f3ria<\/h3>\n<\/div>\n\n\n\n<div class=\"wp-block-column is-layout-flow wp-block-column-is-layout-flow\" style=\"flex-basis:50%\">\n<div class=\"wp-block-buttons sticky is-layout-flex wp-block-buttons-is-layout-flex\">\n<div class=\"wp-block-button\"><a class=\"wp-block-button__link button wp-element-button\" href=\"https:\/\/neuronup.com\/br\/areas-de-intervencao\/funcoes-cognitivas\/orientacao\/\">Orienta\u00e7\u00e3o<\/a><\/div>\n\n\n\n<div class=\"wp-block-button\"><a class=\"wp-block-button__link button wp-element-button\" href=\"https:\/\/neuronup.com\/br\/areas-de-intervencao\/funcoes-cognitivas\/gnosias\/\">Gnosias<\/a><\/div>\n\n\n\n<div class=\"wp-block-button\"><a class=\"wp-block-button__link button wp-element-button\" href=\"https:\/\/neuronup.com\/br\/areas-de-intervencao\/funcoes-cognitivas\/atencao\/\">Aten\u00e7\u00e3o<\/a><\/div>\n\n\n\n<div class=\"wp-block-button\"><a class=\"wp-block-button__link button wp-element-button\" href=\"https:\/\/neuronup.com\/br\/areas-de-intervencao\/funcoes-cognitivas\/funcoes-executivas\/\">Fun\u00e7\u00f5es Executivas<\/a><\/div>\n\n\n\n<div class=\"wp-block-button\"><a class=\"wp-block-button__link button wp-element-button\" href=\"https:\/\/neuronup.com\/br\/areas-de-intervencao\/funcoes-cognitivas\/praxias\/\">Praxias<\/a><\/div>\n\n\n\n<div class=\"wp-block-button\"><a class=\"wp-block-button__link button wp-element-button\" href=\"https:\/\/neuronup.com\/br\/areas-de-intervencao\/funcoes-cognitivas\/memoria\/\">Mem\u00f3ria<\/a><\/div>\n\n\n\n<div class=\"wp-block-button\"><a class=\"wp-block-button__link button wp-element-button\" href=\"https:\/\/neuronup.com\/br\/areas-de-intervencao\/funcoes-cognitivas\/linguagem\/\">Linguagem<\/a><\/div>\n\n\n\n<div class=\"wp-block-button\"><a class=\"wp-block-button__link button wp-element-button\" href=\"https:\/\/neuronup.com\/br\/areas-de-intervencao\/funcoes-cognitivas\/cognicao-social\/\">Cogni\u00e7\u00e3o Social<\/a><\/div>\n\n\n\n<div class=\"wp-block-button\"><a class=\"wp-block-button__link button wp-element-button\" href=\"https:\/\/neuronup.com\/br\/areas-de-intervencao\/funcoes-cognitivas\/habilidades-visuoespaciais\/\">Habilidades Visuoespaciais<\/a><\/div>\n<\/div>\n<\/div>\n<\/div>\n\n\n\n<h3 class=\"wp-block-heading\">Leia nossos artigos sobre mem\u00f3ria:<\/h3>\n\n\n<div class=\"mai-grid entries entries-grid has-boxed has-image-full\" style=\"--entry-title-font-size:var(--font-size-lg);--align-text:start;--entry-meta-text-align:start;\"><div class=\"entries-wrap has-columns\" style=\"--columns-xs:1\/1;--columns-sm:1\/1;--columns-md:1\/3;--columns-lg:1\/3;--flex-xs:0 0 var(--flex-basis);--flex-sm:0 0 var(--flex-basis);--flex-md:0 0 var(--flex-basis);--flex-lg:0 0 var(--flex-basis);--column-gap:var(--spacing-lg);--row-gap:var(--spacing-lg);--align-columns:start;\"><article class=\"entry entry-grid is-column has-entry-link has-image has-image-first type-post category-de-memoria tag-atividades-de-estimulacao-cognitiva tag-atividades-de-estimulacao-cognitiva-para-criancas tag-criancas tag-memoria tag-memoria-episodica tag-noticias-da-neuronup\" style=\"--entry-index:1;\" aria-label=\"Jogo de mem\u00f3ria epis\u00f3dica para crian\u00e7as: Sons escondidos\" itemscope itemtype=\"https:\/\/schema.org\/CreativeWork\"><a class=\"entry-image-link\" href=\"https:\/\/neuronup.com\/br\/atividades-de-neurorreabilitacao\/para-funcoes-cognitivas\/de-memoria\/jogo-de-memoria-episodica-para-criancas-sons-escondidos\/\" tabindex=\"-1\" aria-hidden=\"true\"><img decoding=\"async\" width=\"400\" height=\"225\" src=\"https:\/\/neuronup.com\/br\/wp-content\/uploads\/2024\/06\/Juego-Sonidos-escondidos.webp\" class=\"entry-image size-landscape-sm\" alt=\"Interface de jogo de sons em fundo claro de madeira, com grade de nove \u00edcones sonoros, controles superiores e contador de cora\u00e7\u00f5es.\" srcset=\"https:\/\/neuronup.com\/br\/wp-content\/uploads\/2024\/06\/Juego-Sonidos-escondidos-300x169.webp 300w, https:\/\/neuronup.com\/br\/wp-content\/uploads\/2024\/06\/Juego-Sonidos-escondidos-768x432.webp 768w, https:\/\/neuronup.com\/br\/wp-content\/uploads\/2024\/06\/Juego-Sonidos-escondidos-1024x576.webp 1024w, https:\/\/neuronup.com\/br\/wp-content\/uploads\/2024\/06\/Juego-Sonidos-escondidos.webp 1200w\" sizes=\"(max-width:599px) 599px, (min-width:600px) and (max-width: 799px) 799px, (min-width:800px) and (max-width: 999px) 333px, (min-width:1000px) 400px\" \/><\/a><div class=\"entry-wrap entry-wrap-grid\"><h3 class=\"entry-title\" itemprop=\"headline\"><a class=\"entry-title-link\" href=\"https:\/\/neuronup.com\/br\/atividades-de-neurorreabilitacao\/para-funcoes-cognitivas\/de-memoria\/jogo-de-memoria-episodica-para-criancas-sons-escondidos\/\" rel=\"bookmark\">Jogo de mem\u00f3ria epis\u00f3dica para crian\u00e7as: Sons escondidos<\/a><\/h3>\n<\/div><\/article><article class=\"entry entry-grid is-column has-entry-link has-image has-image-first type-post category-de-memoria tag-atividades-de-estimulacao-cognitiva tag-atividades-de-estimulacao-cognitiva-para-criancas tag-criancas tag-memoria tag-noticias-da-neuronup\" style=\"--entry-index:2;\" aria-label=\"Gerador para trabalhar a mem\u00f3ria sem\u00e2ntica em crian\u00e7as: Cada palavra com sua fam\u00edlia\" itemscope itemtype=\"https:\/\/schema.org\/CreativeWork\"><a class=\"entry-image-link\" href=\"https:\/\/neuronup.com\/br\/atividades-de-neurorreabilitacao\/para-funcoes-cognitivas\/de-memoria\/gerador-para-trabalhar-a-memoria-semantica-em-criancas-cada-palavra-com-sua-familia\/\" tabindex=\"-1\" aria-hidden=\"true\"><img decoding=\"async\" width=\"400\" height=\"225\" src=\"https:\/\/neuronup.com\/br\/wp-content\/uploads\/2024\/11\/Nuevo-generador.webp\" class=\"entry-image size-landscape-sm\" alt=\"Interface educativa de vocabul\u00e1rio em espanhol; categorias G\u00e9nero e Ver-acci\u00f3n com exemplos como horno, pi\u00f1a e helado.\" srcset=\"https:\/\/neuronup.com\/br\/wp-content\/uploads\/2024\/11\/Nuevo-generador-300x168.webp 300w, https:\/\/neuronup.com\/br\/wp-content\/uploads\/2024\/11\/Nuevo-generador-768x431.webp 768w, https:\/\/neuronup.com\/br\/wp-content\/uploads\/2024\/11\/Nuevo-generador-1024x575.webp 1024w, https:\/\/neuronup.com\/br\/wp-content\/uploads\/2024\/11\/Nuevo-generador.webp 1202w\" sizes=\"(max-width:599px) 599px, (min-width:600px) and (max-width: 799px) 799px, (min-width:800px) and (max-width: 999px) 333px, (min-width:1000px) 400px\" \/><\/a><div class=\"entry-wrap entry-wrap-grid\"><h3 class=\"entry-title\" itemprop=\"headline\"><a class=\"entry-title-link\" href=\"https:\/\/neuronup.com\/br\/atividades-de-neurorreabilitacao\/para-funcoes-cognitivas\/de-memoria\/gerador-para-trabalhar-a-memoria-semantica-em-criancas-cada-palavra-com-sua-familia\/\" rel=\"bookmark\">Gerador para trabalhar a mem\u00f3ria sem\u00e2ntica em crian\u00e7as: Cada palavra com sua fam\u00edlia<\/a><\/h3>\n<\/div><\/article><article class=\"entry entry-grid is-column has-entry-link has-image has-image-first type-post category-de-memoria tag-atividades-de-estimulacao-cognitiva tag-atividades-de-estimulacao-cognitiva-para-criancas tag-memoria tag-memoria-episodica\" style=\"--entry-index:3;\" aria-label=\"Jogo de mem\u00f3ria epis\u00f3dica para crian\u00e7as: Aprenda os nomes (\u00e1udio)\" itemscope itemtype=\"https:\/\/schema.org\/CreativeWork\"><a class=\"entry-image-link\" href=\"https:\/\/neuronup.com\/br\/atividades-de-neurorreabilitacao\/para-funcoes-cognitivas\/de-memoria\/jogo-de-memoria-episodica-para-criancas-aprende-os-nomes-audio\/\" tabindex=\"-1\" aria-hidden=\"true\"><img decoding=\"async\" width=\"400\" height=\"297\" src=\"https:\/\/neuronup.com\/br\/wp-content\/uploads\/2024\/11\/aprende-los-nombres-audio.webp\" class=\"entry-image size-landscape-sm\" alt=\"Tela de atividade em espanhol: duas fotos de meninas nas extremidades, centro vazio, bot\u00f5es de reprodu\u00e7\u00e3o e a palavra Listo na base.\" srcset=\"https:\/\/neuronup.com\/br\/wp-content\/uploads\/2024\/11\/aprende-los-nombres-audio-300x223.webp 300w, https:\/\/neuronup.com\/br\/wp-content\/uploads\/2024\/11\/aprende-los-nombres-audio-768x571.webp 768w, https:\/\/neuronup.com\/br\/wp-content\/uploads\/2024\/11\/aprende-los-nombres-audio-1024x761.webp 1024w, https:\/\/neuronup.com\/br\/wp-content\/uploads\/2024\/11\/aprende-los-nombres-audio.webp 1200w\" sizes=\"(max-width:599px) 599px, (min-width:600px) and (max-width: 799px) 799px, (min-width:800px) and (max-width: 999px) 333px, (min-width:1000px) 400px\" \/><\/a><div class=\"entry-wrap entry-wrap-grid\"><h3 class=\"entry-title\" itemprop=\"headline\"><a class=\"entry-title-link\" href=\"https:\/\/neuronup.com\/br\/atividades-de-neurorreabilitacao\/para-funcoes-cognitivas\/de-memoria\/jogo-de-memoria-episodica-para-criancas-aprende-os-nomes-audio\/\" rel=\"bookmark\">Jogo de mem\u00f3ria epis\u00f3dica para crian\u00e7as: Aprenda os nomes (\u00e1udio)<\/a><\/h3>\n<\/div><\/article><article class=\"entry entry-grid is-column has-entry-link has-image has-image-first type-post category-memoria tag-memoria\" style=\"--entry-index:4;\" aria-label=\"Mem\u00f3ria corporificada: Influ\u00eancia da postura corporal na mem\u00f3ria autobiogr\u00e1fica\" itemscope itemtype=\"https:\/\/schema.org\/CreativeWork\"><a class=\"entry-image-link\" href=\"https:\/\/neuronup.com\/br\/neurociencia\/neuropsicologia\/memoria\/memoria-corporizada\/\" tabindex=\"-1\" aria-hidden=\"true\"><img decoding=\"async\" width=\"400\" height=\"267\" src=\"https:\/\/neuronup.com\/br\/wp-content\/uploads\/2024\/10\/Memoria-corporizada-2.webp\" class=\"entry-image size-landscape-sm\" alt=\"Quebra-cabe\u00e7a em formato de c\u00e9rebro, metade laranja e metade branca, sobre fundo laranja, com textura de pe\u00e7as.\" srcset=\"https:\/\/neuronup.com\/br\/wp-content\/uploads\/2024\/10\/Memoria-corporizada-2-300x200.webp 300w, https:\/\/neuronup.com\/br\/wp-content\/uploads\/2024\/10\/Memoria-corporizada-2-768x512.webp 768w, https:\/\/neuronup.com\/br\/wp-content\/uploads\/2024\/10\/Memoria-corporizada-2-1024x683.webp 1024w, https:\/\/neuronup.com\/br\/wp-content\/uploads\/2024\/10\/Memoria-corporizada-2.webp 1200w\" sizes=\"(max-width:599px) 599px, (min-width:600px) and (max-width: 799px) 799px, (min-width:800px) and (max-width: 999px) 333px, (min-width:1000px) 400px\" \/><\/a><div class=\"entry-wrap entry-wrap-grid\"><h3 class=\"entry-title\" itemprop=\"headline\"><a class=\"entry-title-link\" href=\"https:\/\/neuronup.com\/br\/neurociencia\/neuropsicologia\/memoria\/memoria-corporizada\/\" rel=\"bookmark\">Mem\u00f3ria corporificada: Influ\u00eancia da postura corporal na mem\u00f3ria autobiogr\u00e1fica<\/a><\/h3>\n<\/div><\/article><article class=\"entry entry-grid is-column has-entry-link has-image has-image-first type-post category-memoria tag-memoria\" style=\"--entry-index:5;\" aria-label=\"O fen\u00f4meno da confabula\u00e7\u00e3o (Vol. II): modelos te\u00f3ricos\" itemscope itemtype=\"https:\/\/schema.org\/CreativeWork\"><a class=\"entry-image-link\" href=\"https:\/\/neuronup.com\/br\/neurociencia\/neuropsicologia\/memoria\/confabulacao-modelos-teoricos-temporalidade-e-modelos-recuperacao\/\" tabindex=\"-1\" aria-hidden=\"true\"><img decoding=\"async\" width=\"400\" height=\"267\" src=\"https:\/\/neuronup.com\/br\/wp-content\/uploads\/2024\/10\/El-fenomeno-de-la-confabulacion.webp\" class=\"entry-image size-landscape-sm\" alt=\"Grupo em ambiente interno, homem pensativo ao centro e duas mulheres ao redor, sugerindo confabula\u00e7\u00e3o em sess\u00e3o terap\u00eautica.\" srcset=\"https:\/\/neuronup.com\/br\/wp-content\/uploads\/2024\/10\/El-fenomeno-de-la-confabulacion-300x200.webp 300w, https:\/\/neuronup.com\/br\/wp-content\/uploads\/2024\/10\/El-fenomeno-de-la-confabulacion-768x512.webp 768w, https:\/\/neuronup.com\/br\/wp-content\/uploads\/2024\/10\/El-fenomeno-de-la-confabulacion-1024x683.webp 1024w, https:\/\/neuronup.com\/br\/wp-content\/uploads\/2024\/10\/El-fenomeno-de-la-confabulacion.webp 1200w\" sizes=\"(max-width:599px) 599px, (min-width:600px) and (max-width: 799px) 799px, (min-width:800px) and (max-width: 999px) 333px, (min-width:1000px) 400px\" \/><\/a><div class=\"entry-wrap entry-wrap-grid\"><h3 class=\"entry-title\" itemprop=\"headline\"><a class=\"entry-title-link\" href=\"https:\/\/neuronup.com\/br\/neurociencia\/neuropsicologia\/memoria\/confabulacao-modelos-teoricos-temporalidade-e-modelos-recuperacao\/\" rel=\"bookmark\">O fen\u00f4meno da confabula\u00e7\u00e3o (Vol. II): modelos te\u00f3ricos<\/a><\/h3>\n<\/div><\/article><article class=\"entry entry-grid is-column has-entry-link has-image has-image-first type-post category-de-memoria tag-atividades-de-estimulacao-cognitiva tag-memoria\" style=\"--entry-index:6;\" aria-label=\"Fichas de mem\u00f3ria para idosos\" itemscope itemtype=\"https:\/\/schema.org\/CreativeWork\"><a class=\"entry-image-link\" href=\"https:\/\/neuronup.com\/br\/atividades-de-neurorreabilitacao\/para-funcoes-cognitivas\/de-memoria\/fichas-de-memoria-para-maiores\/\" tabindex=\"-1\" aria-hidden=\"true\"><img decoding=\"async\" width=\"400\" height=\"300\" src=\"https:\/\/neuronup.com\/br\/wp-content\/uploads\/2024\/10\/Actividad-Mayor-y-menor.webp\" class=\"entry-image size-landscape-sm\" alt=\"Interface de jogo educativo: campos para inserir 500 (anterior a 501) e 502 (posterior a 501), teclado num\u00e9rico \u00e0 direita e \u00edcones de som.\" srcset=\"https:\/\/neuronup.com\/br\/wp-content\/uploads\/2024\/10\/Actividad-Mayor-y-menor-300x226.webp 300w, https:\/\/neuronup.com\/br\/wp-content\/uploads\/2024\/10\/Actividad-Mayor-y-menor-768x577.webp 768w, https:\/\/neuronup.com\/br\/wp-content\/uploads\/2024\/10\/Actividad-Mayor-y-menor-1024x770.webp 1024w, https:\/\/neuronup.com\/br\/wp-content\/uploads\/2024\/10\/Actividad-Mayor-y-menor.webp 1200w\" sizes=\"(max-width:599px) 599px, (min-width:600px) and (max-width: 799px) 799px, (min-width:800px) and (max-width: 999px) 333px, (min-width:1000px) 400px\" \/><\/a><div class=\"entry-wrap entry-wrap-grid\"><h3 class=\"entry-title\" itemprop=\"headline\"><a class=\"entry-title-link\" href=\"https:\/\/neuronup.com\/br\/atividades-de-neurorreabilitacao\/para-funcoes-cognitivas\/de-memoria\/fichas-de-memoria-para-maiores\/\" rel=\"bookmark\">Fichas de mem\u00f3ria para idosos<\/a><\/h3>\n<\/div><\/article><\/div><\/div>","protected":false},"excerpt":{"rendered":"<p>\u201dA mem\u00f3ria \u00e9 o di\u00e1rio que todos carregamos conosco\u201d. Trata-se de uma fun\u00e7\u00e3o do c\u00e9rebro que \u00e9 essencial para nossa aprendizagem e, portanto, para nossa sobreviv\u00eancia. Gra\u00e7as a ela, podemos nos adaptar melhor \u00e0s necessidades do nosso ambiente. Do ponto de vista morfol\u00f3gico, a mem\u00f3ria&nbsp;est\u00e1 estreitamente relacionada ao hipocampo, mas cabe destacar que v\u00e1rias regi\u00f5es &hellip;<\/p>\n","protected":false},"author":1,"featured_media":32529,"parent":32474,"menu_order":7,"comment_status":"closed","ping_status":"closed","template":"","meta":{"_acf_changed":false,"_genesis_hide_title":false,"_genesis_hide_breadcrumbs":false,"_genesis_hide_singular_image":false,"_genesis_hide_footer_widgets":false,"_genesis_custom_body_class":"nup-style","_genesis_custom_post_class":"","_genesis_layout":"wide-content","footnotes":""},"class_list":{"1":"page","2":"type-page","6":"entry"},"acf":[],"_links":{"self":[{"href":"https:\/\/neuronup.com\/br\/wp-json\/wp\/v2\/pages\/32535","targetHints":{"allow":["GET"]}}],"collection":[{"href":"https:\/\/neuronup.com\/br\/wp-json\/wp\/v2\/pages"}],"about":[{"href":"https:\/\/neuronup.com\/br\/wp-json\/wp\/v2\/types\/page"}],"author":[{"embeddable":true,"href":"https:\/\/neuronup.com\/br\/wp-json\/wp\/v2\/users\/1"}],"replies":[{"embeddable":true,"href":"https:\/\/neuronup.com\/br\/wp-json\/wp\/v2\/comments?post=32535"}],"version-history":[{"count":0,"href":"https:\/\/neuronup.com\/br\/wp-json\/wp\/v2\/pages\/32535\/revisions"}],"up":[{"embeddable":true,"href":"https:\/\/neuronup.com\/br\/wp-json\/wp\/v2\/pages\/32474"}],"wp:featuredmedia":[{"embeddable":true,"href":"https:\/\/neuronup.com\/br\/wp-json\/wp\/v2\/media\/32529"}],"wp:attachment":[{"href":"https:\/\/neuronup.com\/br\/wp-json\/wp\/v2\/media?parent=32535"}],"curies":[{"name":"wp","href":"https:\/\/api.w.org\/{rel}","templated":true}]}}