{"id":32448,"date":"2024-10-31T11:39:16","date_gmt":"2024-10-31T09:39:16","guid":{"rendered":"https:\/\/neuronup.com\/br\/?page_id=32448"},"modified":"2025-02-13T12:01:59","modified_gmt":"2025-02-13T10:01:59","slug":"perturbacoes-do-neurodesenvolvimento","status":"publish","type":"page","link":"https:\/\/neuronup.com\/br\/neurorreabilitacao\/perturbacoes-do-neurodesenvolvimento\/","title":{"rendered":"Perturba\u00e7\u00f5es do neurodesenvolvimento"},"content":{"rendered":"\n<hr class=\"wp-block-separator has-alpha-channel-opacity\"\/>\n\n\n\n<p>\u00c9 fundamental conhecer o desenvolvimento do sistema nervoso e seus diferentes est\u00e1gios, para entender os d\u00e9ficits que podem surgir devido ao desenvolvimento cerebral anormal ou causados por danos cerebrais em idade precoce. Dependendo do momento em que essas anomalias ou danos ocorrem (durante a gravidez, no per\u00edodo perinatal ou no decorrer da inf\u00e2ncia), a recupera\u00e7\u00e3o do paciente varia.<\/p>\n\n\n\n<p>Alguns dos dist\u00farbios inclu\u00eddos nesta classifica\u00e7\u00e3o podem ser completamente resolvidos com uma interven\u00e7\u00e3o apropriada. Outros s\u00e3o cr\u00f4nicos, por\u00e9m, mesmo nesse caso, tamb\u00e9m \u00e9 essencial uma interven\u00e7\u00e3o correta, pois \u00e9 poss\u00edvel atenuar seus efeitos; e, em alguns casos, pode ser poss\u00edvel eliminar as consequ\u00eancias ou sintomas negativos produzidos pelo dist\u00farbio em quest\u00e3o.<\/p>\n\n\n\n<p class=\"has-sm-font-size\" id=\"tdah\"><small>* A defici\u00eancia intelectual atende a todos os crit\u00e9rios para pertencer a esta categoria, por\u00e9m consideramos adequado criar sua pr\u00f3pria se\u00e7\u00e3o.<br><\/small><\/p>\n\n\n\n<h2 class=\"wp-block-heading\">Transtorno do D\u00e9ficit de Aten\u00e7\u00e3o com Hiperatividade (TDAH)<\/h2>\n\n\n\n<p>Caracteriza-se por sintomas que manifestam neglig\u00eancia e\/ou impulsividade-hiperatividade. Os subtipos ocorrem dependendo se o sintoma predominante \u00e9 d\u00e9ficit de aten\u00e7\u00e3o, hiperatividade-impulsividade, ou se ambos s\u00e3o equivalentes.<\/p>\n\n\n\n<p>As principais manifesta\u00e7\u00f5es de cada uma das \u00e1reas s\u00e3o:<\/p>\n\n\n\n<h3 class=\"wp-block-heading\">Desaten\u00e7\u00e3o:<\/h3>\n\n\n\n<ul class=\"wp-block-list\">\n<li>Falta de aten\u00e7\u00e3o aos detalhes e muita ocorr\u00eancia de erros, devido ao descuido.<\/li>\n\n\n\n<li>Dificuldade em manter a aten\u00e7\u00e3o em tarefas ou atividades recreativas.<\/li>\n\n\n\n<li>Facilidade para se distrair com est\u00edmulos irrelevantes.<\/li>\n\n\n\n<li>O paciente parece n\u00e3o escutar, mesmo quando se fala com ele diretamente.<\/li>\n\n\n\n<li>N\u00e3o segue instru\u00e7\u00f5es, nem termina tarefas.<\/li>\n\n\n\n<li>Tem dificuldade em organizar tarefas e atividades.<\/li>\n\n\n\n<li>Evita, na medida do poss\u00edvel, tarefas que exijam esfor\u00e7o mental cont\u00ednuo.<\/li>\n\n\n\n<li>Descuido nas atividades di\u00e1rias.<\/li>\n<\/ul>\n\n\n\n<h3 class=\"wp-block-heading\">Hiperatividade:<\/h3>\n\n\n\n<ul class=\"wp-block-list\">\n<li>Dificuldade para estar sentado tranquilamente, move excessivamente as m\u00e3os e os p\u00e9s.<\/li>\n\n\n\n<li>Levantar-se em situa\u00e7\u00f5es nas quais deveria permanecer sentado.<\/li>\n\n\n\n<li>Excesso de energia.<\/li>\n\n\n\n<li>Correr ou pular excessivamente em situa\u00e7\u00f5es inadequadas (os adultos se sentem inquietos).<\/li>\n\n\n\n<li>Dificuldade para brincar ou se envolver em atividades de lazer.<\/li>\n\n\n\n<li>Falar e gesticular demasiadamente.<\/li>\n<\/ul>\n\n\n\n<h3 class=\"wp-block-heading\">Impulsividade:<\/h3>\n\n\n\n<ul class=\"wp-block-list\">\n<li>Dificuldade para esperar, por exemplo: ao ouvir uma pergunta, a pessoa n\u00e3o \u00e9 capaz de escut\u00e1-la por completo, e d\u00e1 sua resposta precipitadamente.<\/li>\n\n\n\n<li>Tem problemas para esperar a sua vez.<\/li>\n\n\n\n<li>Interrompe ou interfere nas atividades de outras pessoas.<\/li>\n<\/ul>\n\n\n\n<div class=\"wp-block-buttons is-content-justification-center is-layout-flex wp-container-core-buttons-is-layout-16018d1d wp-block-buttons-is-layout-flex\" id=\"dificuldades-de-aprendizagem\">\n<div class=\"wp-block-button\"><a class=\"wp-block-button__link button wp-element-button\" href=\"https:\/\/neuronup.com\/br\/neurorreabilitacao\/perturbacoes-do-neurodesenvolvimento\/transtorno-de-deficit-de-atencao-e-hiperatividade-tdah\/\">Ler mais sobre TDAH<\/a><\/div>\n<\/div>\n\n\n\n<h2 class=\"wp-block-heading\">Dificuldades de aprendizagem<\/h2>\n\n\n\n<p>As habilidades cognitivas n\u00e3o se apresentam de forma homog\u00eanea na mesma pessoa; por\u00e9m, se ap\u00f3s um desenvolvimento apropriado houver uma \u00e1rea particularmente deficiente, isso pode ser sinal de um problema espec\u00edfico de aprendizagem. Esse tipo de defici\u00eancia caracteriza-se por um desempenho acad\u00eamico muito abaixo do esperado em rela\u00e7\u00e3o \u00e0 idade cronol\u00f3gica do indiv\u00edduo, seu grau de intelig\u00eancia, e a um ensino adequado para a sua idade. Os problemas de aprendizagem interferem significativamente no desempenho escolar, dificultando o progresso adequado da crian\u00e7a e impedindo a realiza\u00e7\u00e3o das metas estabelecidas nos diferentes planos educacionais.<\/p>\n\n\n\n<h3 class=\"wp-block-heading\">Transtorno de leitura (dislexia)<\/h3>\n\n\n\n<p>Caracteriza-se por uma deteriora\u00e7\u00e3o da capacidade de reconhecer palavras, leitura lenta e insegura e baixa compreens\u00e3o<\/p>\n\n\n\n<h3 class=\"wp-block-heading\">Desordem da express\u00e3o escrita (disgrafia)<\/h3>\n\n\n\n<p>O problema pode estar na grafia de algumas palavras espec\u00edficas, ou na reda\u00e7\u00e3o e composi\u00e7\u00e3o geral da escrita.<\/p>\n\n\n\n<h3 class=\"wp-block-heading\">Transtorno de c\u00e1lculos (discalculia)<\/h3>\n\n\n\n<p id=\"disturbios-da-comunicacao\">Afeta o aprendizado do conhecimento matem\u00e1tico e aritm\u00e9tico b\u00e1sico (adi\u00e7\u00e3o, subtra\u00e7\u00e3o, multiplica\u00e7\u00e3o e divis\u00e3o), por\u00e9m n\u00e3o afeta os conhecimentos matem\u00e1ticos mais abstratos (\u00e1lgebra, geometria, etc.).<\/p>\n\n\n\n<h2 class=\"wp-block-heading\">Dist\u00farbios da comunica\u00e7\u00e3o<\/h2>\n\n\n\n<p>Aparecem quando o desenvolvimento da linguagem n\u00e3o segue o padr\u00e3o esperado ou ocorrem d\u00e9ficits significativos em alguns de seus aspectos. As caracter\u00edsticas lingu\u00edsticas de cada dist\u00farbio variam de acordo com a gravidade e a idade da crian\u00e7a.<\/p>\n\n\n\n<h3 class=\"wp-block-heading\">Desordem de express\u00e3o<\/h3>\n\n\n\n<p>Caracteriza-se quando a capacidade de express\u00e3o oral \u00e9 visivelmente inferior ao n\u00edvel apropriado para a idade mental da crian\u00e7a. Podem aparecer dificuldades tanto na linguagem verbal quanto na gestual.<\/p>\n\n\n\n<p>Suas principais caracter\u00edsticas s\u00e3o: fala quantitativamente limitada, vocabul\u00e1rio reduzido, dificuldade em adquirir novas palavras, erros de vocabul\u00e1rio ou evoca\u00e7\u00e3o de palavras, frases curtas demais, estruturas gramaticais simplificadas, limita\u00e7\u00e3o de variedades de estruturas gramaticais e tipos de frases, omiss\u00f5es de partes cr\u00edticas das frases, uso de uma ordem incomum de palavras e lentid\u00e3o no desenvolvimento da linguagem.<\/p>\n\n\n\n<h3 class=\"wp-block-heading\">Desordem de compreens\u00e3o<\/h3>\n\n\n\n<p>Ocorre quando a capacidade de compreender est\u00e1 muito abaixo do n\u00edvel apropriado para a idade mental da crian\u00e7a. A express\u00e3o tamb\u00e9m \u00e9 visivelmente afetada. Esse dist\u00farbio \u00e9 frequentemente chamado de \u201cdist\u00farbio de linguagem receptivo-expressiva mista\u201d, porque o desenvolvimento da linguagem expressiva se baseia na aquisi\u00e7\u00e3o de habilidades receptivas.<\/p>\n\n\n\n<p>Al\u00e9m das caracter\u00edsticas da desordem de express\u00e3o, mencionada acima, neste caso, h\u00e1 tamb\u00e9m dificuldade em entender frases ou palavras espec\u00edficas. Al\u00e9m disso, tamb\u00e9m pode haver um d\u00e9ficit em diferentes \u00e1reas do processamento auditivo: discrimina\u00e7\u00e3o de sons, associa\u00e7\u00e3o de sons e s\u00edmbolos, armazenamento, dificuldade para recorda\u00e7\u00e3o, etc.<\/p>\n\n\n\n<h3 class=\"wp-block-heading\">Desordem fonol\u00f3gica (dislalia)<\/h3>\n\n\n\n<p>Sua principal caracter\u00edstica \u00e9 a incapacidade de utilizar os sons da fala evolutivamente apropriados para a idade e a linguagem da crian\u00e7a.<\/p>\n\n\n\n<p>Pode provocar erros na produ\u00e7\u00e3o, no uso, na representa\u00e7\u00e3o ou na organiza\u00e7\u00e3o dos sons; tamb\u00e9m pode haver substitui\u00e7\u00f5es de um som por outro, ou omiss\u00f5es de sons.<\/p>\n\n\n\n<h3 class=\"wp-block-heading\">Desordem compreensiva<\/h3>\n\n\n\n<p>A capacidade de entender est\u00e1 muito abaixo do n\u00edvel apropriado para a idade mental da crian\u00e7a. A express\u00e3o tamb\u00e9m \u00e9 visivelmente afetada (esse dist\u00farbio \u00e9 frequentemente chamado de \u201cdist\u00farbio de linguagem receptivo-expressiva mista\u201d), porque o desenvolvimento da linguagem expressiva se baseia na aquisi\u00e7\u00e3o de habilidades receptivas.<\/p>\n\n\n\n<h3 class=\"wp-block-heading\">Gagueira (disfemia)<\/h3>\n\n\n\n<p>Transtorno na flu\u00eancia normal e estrutura\u00e7\u00e3o tempor\u00e1ria da fala, tornando-a inadequada para a idade do indiv\u00edduo.<\/p>\n\n\n\n<p>Caracteriza-se pelas frequentes repeti\u00e7\u00f5es ou prolongamentos de sons ou s\u00edlabas. Tamb\u00e9m pode haver interjei\u00e7\u00f5es, fragmenta\u00e7\u00e3o de palavras, bloqueio (aud\u00edvel ou silencioso), circunlocu\u00e7\u00f5es, palavras produzidas com tens\u00e3o f\u00edsica excessiva e repeti\u00e7\u00f5es de monoss\u00edlabos.<\/p>\n\n\n\n<p id=\"tea\">Geralmente n\u00e3o ocorre durante uma leitura oral, cantando ou falando com objetos ou animais inanimados.<\/p>\n\n\n\n<div style=\"height:50px\" aria-hidden=\"true\" class=\"wp-block-spacer\"><\/div>\n\n\n\n<h2 class=\"wp-block-heading\">Transtorno do Espectro Autista (TEA)<\/h2>\n\n\n\n<p>Caracteriza-se por uma s\u00e9rie de transtornos de desenvolvimento, os quais podem causar problemas s\u00e9rios e\/ou cr\u00f4nicos de socializa\u00e7\u00e3o, comunica\u00e7\u00e3o e comportamento.<\/p>\n\n\n\n<p>A maneira pela qual essas altera\u00e7\u00f5es s\u00e3o manifestadas varia muito de uma crian\u00e7a para outra; por isso, se fala de um \u201cespectro\u201d ou \u201cdist\u00farbios cont\u00ednuos\u201d, o que significa dizer que os sintomas desse tipo de dist\u00farbio podem aparecer de diversas maneiras, e sua gravidade varia dependendo de cada caso. O quadro cl\u00ednico n\u00e3o \u00e9 uniforme nem est\u00e1 bem definido, e sua apresenta\u00e7\u00e3o oscila em um espectro de maior a menor grau de afeta\u00e7\u00e3o, os sintomas variam ao longo do tempo e podem ser influenciados por fatores tais como: a maneira como a crian\u00e7a vive (fam\u00edlia, entorno social), o grau de capacidade intelectual, ter acesso, ou n\u00e3o, a apoios especializados, etc.<\/p>\n\n\n\n<p>As pessoas com TEA processam as informa\u00e7\u00f5es em seus c\u00e9rebros de maneira diferente das outras, e se desenvolvem em um ritmo diferente em cada \u00e1rea. As pessoas que sofrem com TEA apresentam dificuldades clinicamente significativas e persistentes na comunica\u00e7\u00e3o social (dificuldade acentuada na comunica\u00e7\u00e3o verbal e n\u00e3o verbal usada na intera\u00e7\u00e3o social, falta de reciprocidade social e dificuldades para desenvolver e manter relacionamentos adequados com seu grupo social), comportamentos motores ou verbais estereotipados, comportamentos sensoriais incomuns, ades\u00e3o excessiva a rotinas e padr\u00f5es de comportamento ritual\u00edstico e interesses restritos.<\/p>\n\n\n\n<div class=\"wp-block-buttons is-content-justification-center is-layout-flex wp-container-core-buttons-is-layout-16018d1d wp-block-buttons-is-layout-flex\">\n<div class=\"wp-block-button\"><a class=\"wp-block-button__link button wp-element-button\" href=\"https:\/\/neuronup.com\/br\/neurorreabilitacao\/perturbacoes-do-neurodesenvolvimento\/transtornos-do-espectro-autista-tea\/\">Ler mais sobre TEA<\/a><\/div>\n<\/div>\n\n\n\n<h2 class=\"wp-block-heading has-xxl-margin-top has-xl-margin-bottom\">Alguns artigos que podem te interessar:<\/h2>\n\n\n\n\n<div class=\"mai-grid entries entries-grid has-boxed has-image-left-full\" style=\"--entry-title-font-size:var(--font-size-lg);--aspect-ratio:4\/3;--entry-image-link-max-width:25%;--align-text:start;--align-text-vertical:unset;--entry-meta-text-align:start;\"><div class=\"entries-wrap has-columns has-image-stack\" style=\"--columns-xs:1\/1;--columns-sm:1\/1;--columns-md:1\/1;--columns-lg:1\/1;--flex-xs:0 0 var(--flex-basis);--flex-sm:0 0 var(--flex-basis);--flex-md:0 0 var(--flex-basis);--flex-lg:0 0 var(--flex-basis);--column-gap:var(--spacing-lg);--row-gap:var(--spacing-lg);--align-columns:start;\"><article class=\"entry entry-grid is-column has-entry-link has-image has-image-first type-post category-transtornos-do-desenvolvimento tag-transtornos-do-neurodesenvolvimento\" style=\"--entry-index:1;\" aria-label=\"Tend\u00eancias atuais no tratamento de transtornos do neurodesenvolvimento\" itemscope itemtype=\"https:\/\/schema.org\/CreativeWork\"><a class=\"entry-image-link\" href=\"https:\/\/neuronup.com\/br\/noticias-de-estimulacao-cognitiva\/transtornos-do-desenvolvimento\/tendencias-atuais-no-tratamento-de-transtornos-do-neurodesenvolvimento\/\" tabindex=\"-1\" aria-hidden=\"true\"><img decoding=\"async\" width=\"400\" height=\"267\" src=\"https:\/\/neuronup.com\/br\/wp-content\/uploads\/2024\/11\/Tendencias-actuales-en-el-tratamiento-de-trastornos-del-neurodesarrollo.webp\" class=\"entry-image size-landscape-sm\" alt=\"Menino ruivo deitado no ch\u00e3o observa uma esfera luminosa com luzes coloridas, em ambiente neutro.\" srcset=\"https:\/\/neuronup.com\/br\/wp-content\/uploads\/2024\/11\/Tendencias-actuales-en-el-tratamiento-de-trastornos-del-neurodesarrollo-300x200.webp 300w, https:\/\/neuronup.com\/br\/wp-content\/uploads\/2024\/11\/Tendencias-actuales-en-el-tratamiento-de-trastornos-del-neurodesarrollo-768x512.webp 768w, https:\/\/neuronup.com\/br\/wp-content\/uploads\/2024\/11\/Tendencias-actuales-en-el-tratamiento-de-trastornos-del-neurodesarrollo-1024x683.webp 1024w, https:\/\/neuronup.com\/br\/wp-content\/uploads\/2024\/11\/Tendencias-actuales-en-el-tratamiento-de-trastornos-del-neurodesarrollo.webp 1200w\" sizes=\"(max-width:599px) 599px, (min-width:600px) and (max-width: 799px) 199.75px, (min-width:800px) and (max-width: 999px) 249.75px, (min-width:1000px) 300px\" \/><\/a><div class=\"entry-wrap entry-wrap-grid\"><h3 class=\"entry-title\" itemprop=\"headline\"><a class=\"entry-title-link\" href=\"https:\/\/neuronup.com\/br\/noticias-de-estimulacao-cognitiva\/transtornos-do-desenvolvimento\/tendencias-atuais-no-tratamento-de-transtornos-do-neurodesenvolvimento\/\" rel=\"bookmark\">Tend\u00eancias atuais no tratamento de transtornos do neurodesenvolvimento<\/a><\/h3>\n<div class=\"entry-excerpt\"><p>Este artigo explora as tend\u00eancias atuais no tratamento de transtornos do neurodesenvolvimento e examina ferramentas-chave em neurorreabilita\u00e7\u00e3o como realidade virtual e aumentada, intelig\u00eancia artificial, terapias personalizadas e o enfoque multidisciplinar para abordar essas condi\u00e7\u00f5es de maneira integral e eficaz.&nbsp; Os transtornos do neurodesenvolvimento incluem uma variedade de condi\u00e7\u00f5es que afetam o desenvolvimento do sistema nervoso, &hellip;<\/p>\n<\/div><div class=\"entry-more\"><a class=\"entry-more-link button button-secondary button-small\" href=\"https:\/\/neuronup.com\/br\/noticias-de-estimulacao-cognitiva\/transtornos-do-desenvolvimento\/tendencias-atuais-no-tratamento-de-transtornos-do-neurodesenvolvimento\/\">Read more<span class=\"screen-reader-text\">Tend\u00eancias atuais no tratamento de transtornos do neurodesenvolvimento<\/span><\/a><\/div><\/div><\/article><article class=\"entry entry-grid is-column has-entry-link has-image has-image-first type-post category-tea-transtorno-do-espectro-do-autismo tag-autismo tag-criancas tag-dislexia tag-transtornos-do-neurodesenvolvimento\" style=\"--entry-index:2;\" aria-label=\"Coexist\u00eancia entre a condi\u00e7\u00e3o do espectro autista e a dislexia: preval\u00eancia e estrat\u00e9gias de interven\u00e7\u00e3o\" itemscope itemtype=\"https:\/\/schema.org\/CreativeWork\"><a class=\"entry-image-link\" href=\"https:\/\/neuronup.com\/br\/noticias-de-estimulacao-cognitiva\/transtornos-do-desenvolvimento\/tea-transtorno-do-espectro-do-autismo\/coexistencia-entre-a-condicao-do-espectro-autista-e-a-dislexia-prevalencia-e-estrategias-de-intervencao\/\" tabindex=\"-1\" aria-hidden=\"true\"><img decoding=\"async\" width=\"400\" height=\"267\" src=\"https:\/\/neuronup.com\/br\/wp-content\/uploads\/2024\/11\/Coexistencia-entre-la-condicion-del-espectro-autista-y-la-dislexia-prevalencia-y-estrategias-de-intervencion-NeuronUP.webp\" class=\"entry-image size-landscape-sm\" alt=\"Menino de cabelos castanhos curtos l\u00ea um livro aberto, deitado em sof\u00e1 acolhedor, express\u00e3o concentrada.\" srcset=\"https:\/\/neuronup.com\/br\/wp-content\/uploads\/2024\/11\/Coexistencia-entre-la-condicion-del-espectro-autista-y-la-dislexia-prevalencia-y-estrategias-de-intervencion-NeuronUP-300x200.webp 300w, https:\/\/neuronup.com\/br\/wp-content\/uploads\/2024\/11\/Coexistencia-entre-la-condicion-del-espectro-autista-y-la-dislexia-prevalencia-y-estrategias-de-intervencion-NeuronUP-768x512.webp 768w, https:\/\/neuronup.com\/br\/wp-content\/uploads\/2024\/11\/Coexistencia-entre-la-condicion-del-espectro-autista-y-la-dislexia-prevalencia-y-estrategias-de-intervencion-NeuronUP-1024x683.webp 1024w, https:\/\/neuronup.com\/br\/wp-content\/uploads\/2024\/11\/Coexistencia-entre-la-condicion-del-espectro-autista-y-la-dislexia-prevalencia-y-estrategias-de-intervencion-NeuronUP.webp 1200w\" sizes=\"(max-width:599px) 599px, (min-width:600px) and (max-width: 799px) 199.75px, (min-width:800px) and (max-width: 999px) 249.75px, (min-width:1000px) 300px\" \/><\/a><div class=\"entry-wrap entry-wrap-grid\"><h3 class=\"entry-title\" itemprop=\"headline\"><a class=\"entry-title-link\" href=\"https:\/\/neuronup.com\/br\/noticias-de-estimulacao-cognitiva\/transtornos-do-desenvolvimento\/tea-transtorno-do-espectro-do-autismo\/coexistencia-entre-a-condicao-do-espectro-autista-e-a-dislexia-prevalencia-e-estrategias-de-intervencao\/\" rel=\"bookmark\">Coexist\u00eancia entre a condi\u00e7\u00e3o do espectro autista e a dislexia: preval\u00eancia e estrat\u00e9gias de interven\u00e7\u00e3o<\/a><\/h3>\n<div class=\"entry-excerpt\"><p>Anal\u00ed Naranjo Garc\u00eda, neuropsic\u00f3loga infantil, exp\u00f5e neste artigo a coexist\u00eancia entre o autismo e a dislexia em crian\u00e7as, examinando as caracter\u00edsticas de comorbidade entre ambas e as estrat\u00e9gias de interven\u00e7\u00e3o e reabilita\u00e7\u00e3o cognitiva que podem ser aplicadas nesses casos. A coexist\u00eancia entre a condi\u00e7\u00e3o do espectro autista e a dislexia representa um desafio significativo no &hellip;<\/p>\n<\/div><div class=\"entry-more\"><a class=\"entry-more-link button button-secondary button-small\" href=\"https:\/\/neuronup.com\/br\/noticias-de-estimulacao-cognitiva\/transtornos-do-desenvolvimento\/tea-transtorno-do-espectro-do-autismo\/coexistencia-entre-a-condicao-do-espectro-autista-e-a-dislexia-prevalencia-e-estrategias-de-intervencao\/\">Read more<span class=\"screen-reader-text\">Coexist\u00eancia entre a condi\u00e7\u00e3o do espectro autista e a dislexia: preval\u00eancia e estrat\u00e9gias de interven\u00e7\u00e3o<\/span><\/a><\/div><\/div><\/article><article class=\"entry entry-grid is-column has-entry-link has-image has-image-first type-post category-transtornos-do-desenvolvimento tag-transtornos-do-neurodesenvolvimento\" style=\"--entry-index:3;\" aria-label=\"Sinestesias: o que podemos aprender com elas\" itemscope itemtype=\"https:\/\/schema.org\/CreativeWork\"><a class=\"entry-image-link\" href=\"https:\/\/neuronup.com\/br\/noticias-de-estimulacao-cognitiva\/transtornos-do-desenvolvimento\/sinestesias\/\" tabindex=\"-1\" aria-hidden=\"true\"><img decoding=\"async\" width=\"400\" height=\"265\" src=\"https:\/\/neuronup.com\/br\/wp-content\/uploads\/2024\/10\/Sinestesias-colores.webp\" class=\"entry-image size-landscape-sm\" alt=\"Composi\u00e7\u00e3o radial vibrante com formas angulares 3D que se projetam, em tons de azul, verde, amarelo, laranja e rosa.\" srcset=\"https:\/\/neuronup.com\/br\/wp-content\/uploads\/2024\/10\/Sinestesias-colores-300x199.webp 300w, https:\/\/neuronup.com\/br\/wp-content\/uploads\/2024\/10\/Sinestesias-colores-768x509.webp 768w, https:\/\/neuronup.com\/br\/wp-content\/uploads\/2024\/10\/Sinestesias-colores-1024x679.webp 1024w, https:\/\/neuronup.com\/br\/wp-content\/uploads\/2024\/10\/Sinestesias-colores.webp 1200w\" sizes=\"(max-width:599px) 599px, (min-width:600px) and (max-width: 799px) 199.75px, (min-width:800px) and (max-width: 999px) 249.75px, (min-width:1000px) 300px\" \/><\/a><div class=\"entry-wrap entry-wrap-grid\"><h3 class=\"entry-title\" itemprop=\"headline\"><a class=\"entry-title-link\" href=\"https:\/\/neuronup.com\/br\/noticias-de-estimulacao-cognitiva\/transtornos-do-desenvolvimento\/sinestesias\/\" rel=\"bookmark\">Sinestesias: o que podemos aprender com elas<\/a><\/h3>\n<div class=\"entry-excerpt\"><p>O Neuropsic\u00f3logo Francisco Javier Tom\u00e1s explica o que \u00e9 a sinestesia, suas caracter\u00edsticas e o que podemos aprender dessa uni\u00e3o de informa\u00e7\u00f5es sensoriais pouco comum. &#8220;O sil\u00eancio \u00e9 de ouro. A tarde \u00e9 de cristais.&#8220; (Hora imensa -O sil\u00eancio de ouro-, de Juan Ram\u00f3n Jim\u00e9nez) \u201cCisnes, os leques de suas asas frescas d\u00eaem \u00e0s testas &hellip;<\/p>\n<\/div><div class=\"entry-more\"><a class=\"entry-more-link button button-secondary button-small\" href=\"https:\/\/neuronup.com\/br\/noticias-de-estimulacao-cognitiva\/transtornos-do-desenvolvimento\/sinestesias\/\">Read more<span class=\"screen-reader-text\">Sinestesias: o que podemos aprender com elas<\/span><\/a><\/div><\/div><\/article><article class=\"entry entry-grid is-column has-entry-link has-image has-image-first type-post category-transtornos-do-desenvolvimento tag-funcoes-executivas tag-transtornos-do-neurodesenvolvimento\" style=\"--entry-index:4;\" aria-label=\"Guia para a revis\u00e3o de literatura sobre apraxias\" itemscope itemtype=\"https:\/\/schema.org\/CreativeWork\"><a class=\"entry-image-link\" href=\"https:\/\/neuronup.com\/br\/noticias-de-estimulacao-cognitiva\/transtornos-do-desenvolvimento\/guia-para-a-revisao-de-literatura-sobre-apraxias\/\" tabindex=\"-1\" aria-hidden=\"true\"><img decoding=\"async\" width=\"400\" height=\"267\" src=\"https:\/\/neuronup.com\/br\/wp-content\/uploads\/2024\/09\/apraxias-pareja.webp\" class=\"entry-image size-landscape-sm\" alt=\"Duas pessoas deitadas sobre uma superf\u00edcie de madeira, sorrindo; uma delas faz moldura com as m\u00e3os.\" srcset=\"https:\/\/neuronup.com\/br\/wp-content\/uploads\/2024\/09\/apraxias-pareja-300x200.webp 300w, https:\/\/neuronup.com\/br\/wp-content\/uploads\/2024\/09\/apraxias-pareja-768x512.webp 768w, https:\/\/neuronup.com\/br\/wp-content\/uploads\/2024\/09\/apraxias-pareja-1024x683.webp 1024w, https:\/\/neuronup.com\/br\/wp-content\/uploads\/2024\/09\/apraxias-pareja.webp 1200w\" sizes=\"(max-width:599px) 599px, (min-width:600px) and (max-width: 799px) 199.75px, (min-width:800px) and (max-width: 999px) 249.75px, (min-width:1000px) 300px\" \/><\/a><div class=\"entry-wrap entry-wrap-grid\"><h3 class=\"entry-title\" itemprop=\"headline\"><a class=\"entry-title-link\" href=\"https:\/\/neuronup.com\/br\/noticias-de-estimulacao-cognitiva\/transtornos-do-desenvolvimento\/guia-para-a-revisao-de-literatura-sobre-apraxias\/\" rel=\"bookmark\">Guia para a revis\u00e3o de literatura sobre apraxias<\/a><\/h3>\n<div class=\"entry-excerpt\"><p>A neuropsic\u00f3loga Lidia Garc\u00eda apresenta um guia sobre as apraxias para oferecer simplicidade e melhor compreens\u00e3o sobre esse transtorno neurol\u00f3gico. Talvez j\u00e1 tenha acontecido com voc\u00ea que, ao consultar diferentes fontes sobre apraxia, n\u00e3o encontrou coincid\u00eancia entre as diversas defini\u00e7\u00f5es, classifica\u00e7\u00f5es, crit\u00e9rios diagn\u00f3sticos ou nomenclaturas de movimentos apresentadas pelos diferentes manuais ou autores. Este post &hellip;<\/p>\n<\/div><div class=\"entry-more\"><a class=\"entry-more-link button button-secondary button-small\" href=\"https:\/\/neuronup.com\/br\/noticias-de-estimulacao-cognitiva\/transtornos-do-desenvolvimento\/guia-para-a-revisao-de-literatura-sobre-apraxias\/\">Read more<span class=\"screen-reader-text\">Guia para a revis\u00e3o de literatura sobre apraxias<\/span><\/a><\/div><\/div><\/article><article class=\"entry entry-grid is-column has-entry-link has-image has-image-first type-post category-tea-transtorno-do-espectro-do-autismo tag-autismo tag-criancas tag-transtorno-do-espectro-autista\" style=\"--entry-index:5;\" aria-label=\"O autismo e a realidade das pessoas com transtorno do espectro autista\" itemscope itemtype=\"https:\/\/schema.org\/CreativeWork\"><a class=\"entry-image-link\" href=\"https:\/\/neuronup.com\/br\/noticias-de-estimulacao-cognitiva\/transtornos-do-desenvolvimento\/tea-transtorno-do-espectro-do-autismo\/cha\/\" tabindex=\"-1\" aria-hidden=\"true\"><img decoding=\"async\" width=\"400\" height=\"300\" src=\"https:\/\/neuronup.com\/br\/wp-content\/uploads\/2024\/09\/dia-mundial-sobre-el-autismo.webp\" class=\"entry-image size-landscape-sm\" alt=\"V\u00e1rias m\u00e3os de diferentes idades erguidas diante de um fundo colorido com pe\u00e7as de quebra-cabe\u00e7a, simbolizando diversidade e inclus\u00e3o.\" srcset=\"https:\/\/neuronup.com\/br\/wp-content\/uploads\/2024\/09\/dia-mundial-sobre-el-autismo-300x225.webp 300w, https:\/\/neuronup.com\/br\/wp-content\/uploads\/2024\/09\/dia-mundial-sobre-el-autismo-768x576.webp 768w, https:\/\/neuronup.com\/br\/wp-content\/uploads\/2024\/09\/dia-mundial-sobre-el-autismo-1024x768.webp 1024w, https:\/\/neuronup.com\/br\/wp-content\/uploads\/2024\/09\/dia-mundial-sobre-el-autismo.webp 1200w\" sizes=\"(max-width:599px) 599px, (min-width:600px) and (max-width: 799px) 199.75px, (min-width:800px) and (max-width: 999px) 249.75px, (min-width:1000px) 300px\" \/><\/a><div class=\"entry-wrap entry-wrap-grid\"><h3 class=\"entry-title\" itemprop=\"headline\"><a class=\"entry-title-link\" href=\"https:\/\/neuronup.com\/br\/noticias-de-estimulacao-cognitiva\/transtornos-do-desenvolvimento\/tea-transtorno-do-espectro-do-autismo\/cha\/\" rel=\"bookmark\">O autismo e a realidade das pessoas com transtorno do espectro autista<\/a><\/h3>\n<div class=\"entry-excerpt\"><p>Explicamos em profundidade o autismo, seus sintomas, causas e tratamento. Al\u00e9m disso, nos aprofundamos na realidade das pessoas com TEA (Transtorno do Espectro Autista). O que \u00e9 o autismo? O Transtorno do Espectro Autista (TEA) \u00e9 um transtorno do neurodesenvolvimento que envolve um desenvolvimento at\u00edpico, caracterizado por dificuldades na comunica\u00e7\u00e3o, intera\u00e7\u00e3o social e flexibilidade cognitiva &hellip;<\/p>\n<\/div><div class=\"entry-more\"><a class=\"entry-more-link button button-secondary button-small\" href=\"https:\/\/neuronup.com\/br\/noticias-de-estimulacao-cognitiva\/transtornos-do-desenvolvimento\/tea-transtorno-do-espectro-do-autismo\/cha\/\">Read more<span class=\"screen-reader-text\">O autismo e a realidade das pessoas com transtorno do espectro autista<\/span><\/a><\/div><\/div><\/article><article class=\"entry entry-grid is-column has-entry-link has-image has-image-first type-post category-tea-transtorno-do-espectro-do-autismo tag-autismo tag-criancas tag-habilidades-sociais tag-psicologia tag-transtorno-do-espectro-autista tag-transtornos-do-neurodesenvolvimento\" style=\"--entry-index:6;\" aria-label=\"As pessoas que vivem com Asperger do ponto de vista social\" itemscope itemtype=\"https:\/\/schema.org\/CreativeWork\"><a class=\"entry-image-link\" href=\"https:\/\/neuronup.com\/br\/noticias-de-estimulacao-cognitiva\/transtornos-do-desenvolvimento\/tea-transtorno-do-espectro-do-autismo\/as-pessoas-que-vivem-com-asperger-do-ponto-de-vista-social\/\" tabindex=\"-1\" aria-hidden=\"true\"><img decoding=\"async\" width=\"400\" height=\"267\" src=\"https:\/\/neuronup.com\/br\/wp-content\/uploads\/2024\/09\/Terapia-de-juego-para-el-trastorno-de-autismo.webp\" class=\"entry-image size-landscape-sm\" alt=\"Mulher observando menina loira interagindo com quadro na sala, usando marcadores coloridos, em terapia de jogo para autismo.\" srcset=\"https:\/\/neuronup.com\/br\/wp-content\/uploads\/2024\/09\/Terapia-de-juego-para-el-trastorno-de-autismo-300x200.webp 300w, https:\/\/neuronup.com\/br\/wp-content\/uploads\/2024\/09\/Terapia-de-juego-para-el-trastorno-de-autismo-768x512.webp 768w, https:\/\/neuronup.com\/br\/wp-content\/uploads\/2024\/09\/Terapia-de-juego-para-el-trastorno-de-autismo-1024x683.webp 1024w, https:\/\/neuronup.com\/br\/wp-content\/uploads\/2024\/09\/Terapia-de-juego-para-el-trastorno-de-autismo.webp 1202w\" sizes=\"(max-width:599px) 599px, (min-width:600px) and (max-width: 799px) 199.75px, (min-width:800px) and (max-width: 999px) 249.75px, (min-width:1000px) 300px\" \/><\/a><div class=\"entry-wrap entry-wrap-grid\"><h3 class=\"entry-title\" itemprop=\"headline\"><a class=\"entry-title-link\" href=\"https:\/\/neuronup.com\/br\/noticias-de-estimulacao-cognitiva\/transtornos-do-desenvolvimento\/tea-transtorno-do-espectro-do-autismo\/as-pessoas-que-vivem-com-asperger-do-ponto-de-vista-social\/\" rel=\"bookmark\">As pessoas que vivem com Asperger do ponto de vista social<\/a><\/h3>\n<div class=\"entry-excerpt\"><p>A pedagoga Irma Fern\u00e1ndez exp\u00f5e neste artigo as dificuldades que as pessoas com Asperger enfrentam no seu dia a dia. O termo transtorno do espectro autista tem sido motivo de debate, pois, para quem interage com pessoas que o vivenciam e, al\u00e9m disso, possui pensamento anal\u00edtico, \u00e9 relevante ter clareza nos conceitos. Independentemente de como &hellip;<\/p>\n<\/div><div class=\"entry-more\"><a class=\"entry-more-link button button-secondary button-small\" href=\"https:\/\/neuronup.com\/br\/noticias-de-estimulacao-cognitiva\/transtornos-do-desenvolvimento\/tea-transtorno-do-espectro-do-autismo\/as-pessoas-que-vivem-com-asperger-do-ponto-de-vista-social\/\">Read more<span class=\"screen-reader-text\">As pessoas que vivem com Asperger do ponto de vista social<\/span><\/a><\/div><\/div><\/article><\/div><\/div>","protected":false},"excerpt":{"rendered":"<p>\u00c9 fundamental conhecer o desenvolvimento do sistema nervoso e seus diferentes est\u00e1gios, para entender os d\u00e9ficits que podem surgir devido ao desenvolvimento cerebral anormal ou causados por danos cerebrais em idade precoce. Dependendo do momento em que essas anomalias ou danos ocorrem (durante a gravidez, no per\u00edodo perinatal ou no decorrer da inf\u00e2ncia), a recupera\u00e7\u00e3o &hellip;<\/p>\n","protected":false},"author":1,"featured_media":32431,"parent":32426,"menu_order":3,"comment_status":"closed","ping_status":"closed","template":"","meta":{"_acf_changed":false,"_genesis_hide_title":false,"_genesis_hide_breadcrumbs":false,"_genesis_hide_singular_image":false,"_genesis_hide_footer_widgets":false,"_genesis_custom_body_class":"nup-style neurorehab","_genesis_custom_post_class":"nup-style neurorehab","_genesis_layout":"","footnotes":""},"class_list":{"1":"page","2":"type-page","6":"entry","7":"nup-style neurorehab"},"acf":[],"_links":{"self":[{"href":"https:\/\/neuronup.com\/br\/wp-json\/wp\/v2\/pages\/32448","targetHints":{"allow":["GET"]}}],"collection":[{"href":"https:\/\/neuronup.com\/br\/wp-json\/wp\/v2\/pages"}],"about":[{"href":"https:\/\/neuronup.com\/br\/wp-json\/wp\/v2\/types\/page"}],"author":[{"embeddable":true,"href":"https:\/\/neuronup.com\/br\/wp-json\/wp\/v2\/users\/1"}],"replies":[{"embeddable":true,"href":"https:\/\/neuronup.com\/br\/wp-json\/wp\/v2\/comments?post=32448"}],"version-history":[{"count":0,"href":"https:\/\/neuronup.com\/br\/wp-json\/wp\/v2\/pages\/32448\/revisions"}],"up":[{"embeddable":true,"href":"https:\/\/neuronup.com\/br\/wp-json\/wp\/v2\/pages\/32426"}],"wp:featuredmedia":[{"embeddable":true,"href":"https:\/\/neuronup.com\/br\/wp-json\/wp\/v2\/media\/32431"}],"wp:attachment":[{"href":"https:\/\/neuronup.com\/br\/wp-json\/wp\/v2\/media?parent=32448"}],"curies":[{"name":"wp","href":"https:\/\/api.w.org\/{rel}","templated":true}]}}