{"id":32436,"date":"2024-10-31T11:16:13","date_gmt":"2024-10-31T09:16:13","guid":{"rendered":"https:\/\/neuronup.com\/br\/?page_id=32436"},"modified":"2025-02-13T12:00:46","modified_gmt":"2025-02-13T10:00:46","slug":"lesao-cerebral-adquirida","status":"publish","type":"page","link":"https:\/\/neuronup.com\/br\/neurorreabilitacao\/lesao-cerebral-adquirida\/","title":{"rendered":"Les\u00e3o cerebral adquirida"},"content":{"rendered":"\n<h2 class=\"wp-block-heading\" id=\"TCE\">Traumatismo Cerebral (TCE):<\/h2>\n\n\n\n<p>Quadro cl\u00ednico causado pela les\u00e3o direta das estruturas cranianas, encef\u00e1licas ou men\u00edngeas, devido a uma for\u00e7a traum\u00e1tica externa (contus\u00e3o, les\u00e3o penetrante ou for\u00e7as de acelera\u00e7\u00e3o-desacelera\u00e7\u00e3o).<\/p>\n\n\n\n<p>Pode afetar o c\u00e9rebro de v\u00e1rias maneiras:<\/p>\n\n\n\n<ul class=\"wp-block-list\">\n<li>Por les\u00e3o direta.<\/li>\n\n\n\n<li>Ao interromper o fluxo sangu\u00edneo cerebral.<\/li>\n\n\n\n<li>Causando hemorragias e hematomas.<\/li>\n\n\n\n<li>Causando inflama\u00e7\u00e3o das estruturas.<\/li>\n\n\n\n<li>Causando infec\u00e7\u00e3o.<\/li>\n\n\n\n<li>Transforma\u00e7\u00e3o das cicatrizes em um foco epileptog\u00eanico.<\/li>\n<\/ul>\n\n\n\n<h2 class=\"wp-block-heading\" id=\"AVC\">Acidentes Cerebrovasculares (AVC):<\/h2>\n\n\n\n<p>Tamb\u00e9m conhecido como AVC. S\u00e3o quadros cl\u00ednicos causados pelas condi\u00e7\u00f5es patol\u00f3gicas dos vasos sangu\u00edneos, causando danos em alguma \u00e1rea do c\u00e9rebro, tendo como resultado v\u00e1rios d\u00e9ficits, dependendo da \u00e1rea afetada.<\/p>\n\n\n\n<p>H\u00e1 dois tipos de AVC:<\/p>\n\n\n\n<ol class=\"wp-block-list\">\n<li><strong>ISQUEMIOS:<\/strong>&nbsp;o fluxo sangu\u00edneo que abastece o tecido cerebral diminui ou \u00e9 interrompido. Pode ser devido a v\u00e1rias causas:<br>\u2013 Trombose: quando se formam co\u00e1gulos de sangue dentro das paredes dos vasos, chegando a bloquear a fluxo sang\u00edneo.<br>\u2013 Embolia: quando um co\u00e1gulo, uma bolha de ar ou de gordura, ou qualquer outro tipo de material, obstrui um vaso ap\u00f3s ter sido transportado atrav\u00e9s da corrente sangu\u00ednea.<br>\u2013 Arteriosclerose: endurecimento das art\u00e9rias.<br>\u2013 Vasculite: inflama\u00e7\u00e3o dos vasos sangu\u00edneos.<\/li>\n\n\n\n<li><strong>HEMORRAGIAS:<\/strong>&nbsp;Quando um vaso sangu\u00edneo se rompe, causando a fuga de sangue para \u00e1reas inadequadas do c\u00e9rebro.<br>Leia mais sobre o AVC.<\/li>\n<\/ol>\n\n\n\n<div class=\"wp-block-buttons is-layout-flex wp-block-buttons-is-layout-flex\">\n<div class=\"wp-block-button--1\"><a class=\"wp-block-button__link button button-outline wp-element-button\" href=\"https:\/\/neuronup.com\/br\/neurorreabilitacao\/lesao-cerebral-adquirida\/acidentes-vasculares-cerebrais-avcs\/\">Leia mais sobre AVC<\/a><\/div>\n<\/div>\n\n\n\n<h2 class=\"wp-block-heading\" id=\"tumores-cerebrais\">Tumores cerebrais:<\/h2>\n\n\n\n<p>Crescimento anormal das c\u00e9lulas dentro do cr\u00e2nio. Como este \u00e9 um espa\u00e7o fechado, um crescimento anormal do tecido causa press\u00e3o sobre o c\u00e9rebro e afeta seu funcionamento adequado.<\/p>\n\n\n\n<p>Podem ser de dois tipos:<\/p>\n\n\n\n<ul class=\"wp-block-list\">\n<li>Benignas: essas c\u00e9lulas s\u00e3o semelhantes \u00e0s c\u00e9lulas normais, crescem lentamente e est\u00e3o localizadas em uma determinada regi\u00e3o.<\/li>\n\n\n\n<li>Malignas: essas c\u00e9lulas s\u00e3o diferentes das c\u00e9lulas normais, crescem rapidamente e s\u00e3o facilmente distribu\u00eddas para outros locais.<\/li>\n<\/ul>\n\n\n\n<h2 class=\"wp-block-heading\" id=\"anoxia-cerebral\">An\u00f3xia cerebral:<\/h2>\n\n\n\n<p>Situa\u00e7\u00e3o na qual o c\u00e9rebro sofre uma falta de oxig\u00eanio. O c\u00e9rebro \u00e9 extremamente sens\u00edvel em rela\u00e7\u00e3o \u00e0 oxigena\u00e7\u00e3o, inclusive quando se trata de uma breve diminui\u00e7\u00e3o no suprimento de oxig\u00eanio; ou seja, se o c\u00e9rebro sofre a priva\u00e7\u00e3o completa de oxig\u00eanio por mais de 5 minutos, ou fica 15 minutos com um suprimento de oxig\u00eanio reduzido, o paciente pode sofrer danos cerebrais permanentes.<\/p>\n\n\n\n<p>Algumas causas que levam o c\u00e9rebro a sofrer falta ou diminui\u00e7\u00e3o de oxig\u00eanio s\u00e3o: afogamento, envenenamento por mon\u00f3xido de carbono (inala\u00e7\u00e3o de fuma\u00e7a), estrangulamento, embolia pulmonar, overdose, infarto do mioc\u00e1rdio, choque anafil\u00e1tico ou insufici\u00eancia respirat\u00f3ria associada \u00e0 pneumonia ou estado epil\u00e9ptico prolongado.<\/p>\n\n\n\n<h2 class=\"wp-block-heading\" id=\"infeccoes\">Infec\u00e7\u00f5es:<\/h2>\n\n\n\n<p>As infec\u00e7\u00f5es podem ser provocadas pela invas\u00e3o de microrganismos patog\u00e9nicos (v\u00edrus, bact\u00e9rias, fungos ou parasitas) e tamb\u00e9m devido \u00e0 rea\u00e7\u00e3o, dos tecidos, causada pela presen\u00e7a desses invasores e suas toxinas.<\/p>\n\n\n\n<p>As principais infec\u00e7\u00f5es s\u00e3o:<\/p>\n\n\n\n<ul class=\"wp-block-list\">\n<li>Dem\u00eancia associada ao HIV-AIDS.<\/li>\n\n\n\n<li>Infec\u00e7\u00e3o por citomegalov\u00edrus.<\/li>\n\n\n\n<li>Herpes simples.<\/li>\n\n\n\n<li>Leucoencefalopatia multifocal progressiva.<\/li>\n\n\n\n<li>Neuross\u00edfilis.<\/li>\n\n\n\n<li>Neurotuberculose, meningoencefalite tuberculosa.<\/li>\n\n\n\n<li>Toxoplasmose cerebral.<\/li>\n\n\n\n<li>Mal\u00e1ria.<\/li>\n\n\n\n<li>Encefalopatia espongiforme e doen\u00e7a de Creutzfeldt-Jakob.<\/li>\n<\/ul>\n\n\n\n\n\n<h2 class=\"wp-block-heading\">Artigos sobre dano cerebral:<\/h2>\n\n\n<div class=\"mai-grid entries entries-grid has-boxed has-image-full\" style=\"--entry-title-font-size:var(--font-size-lg);--align-text:start;--entry-meta-text-align:start;\"><div class=\"entries-wrap has-columns\" style=\"--columns-xs:1\/1;--columns-sm:1\/1;--columns-md:1\/3;--columns-lg:1\/3;--flex-xs:0 0 var(--flex-basis);--flex-sm:0 0 var(--flex-basis);--flex-md:0 0 var(--flex-basis);--flex-lg:0 0 var(--flex-basis);--column-gap:var(--spacing-lg);--row-gap:var(--spacing-lg);--align-columns:start;\"><article class=\"entry entry-grid is-column has-entry-link has-image has-image-first type-post category-avc tag-acidente-vascular-cerebral tag-afasia tag-lesao-cerebral tag-lesao-cerebral-adquirida tag-linguagem\" style=\"--entry-index:1;\" aria-label=\"Afasia ap\u00f3s AVC: causas, tipos e reabilita\u00e7\u00e3o\" itemscope itemtype=\"https:\/\/schema.org\/CreativeWork\"><a class=\"entry-image-link\" href=\"https:\/\/neuronup.com\/br\/noticias-de-estimulacao-cognitiva\/dano-cerebral\/avc\/afasia-pos-acidente-vascular-cerebral-causas-tipos-e-reabilitacao\/\" tabindex=\"-1\" aria-hidden=\"true\"><img decoding=\"async\" width=\"400\" height=\"211\" src=\"https:\/\/neuronup.com\/br\/wp-content\/uploads\/2024\/11\/Afasia-tras-ACV-causas-tipos-y-rehabilitacion.webp\" class=\"entry-image size-landscape-sm\" alt=\"Homem idoso com cabelo grisalho e \u00f3culos segura um tablet sorrindo, em ambiente interno com parede terrosa e planta ao fundo.\" srcset=\"https:\/\/neuronup.com\/br\/wp-content\/uploads\/2024\/11\/Afasia-tras-ACV-causas-tipos-y-rehabilitacion-300x158.webp 300w, https:\/\/neuronup.com\/br\/wp-content\/uploads\/2024\/11\/Afasia-tras-ACV-causas-tipos-y-rehabilitacion-768x405.webp 768w, https:\/\/neuronup.com\/br\/wp-content\/uploads\/2024\/11\/Afasia-tras-ACV-causas-tipos-y-rehabilitacion-1024x540.webp 1024w, https:\/\/neuronup.com\/br\/wp-content\/uploads\/2024\/11\/Afasia-tras-ACV-causas-tipos-y-rehabilitacion.webp 1280w\" sizes=\"(max-width:599px) 599px, (min-width:600px) and (max-width: 799px) 799px, (min-width:800px) and (max-width: 999px) 333px, (min-width:1000px) 400px\" \/><\/a><div class=\"entry-wrap entry-wrap-grid\"><h3 class=\"entry-title\" itemprop=\"headline\"><a class=\"entry-title-link\" href=\"https:\/\/neuronup.com\/br\/noticias-de-estimulacao-cognitiva\/dano-cerebral\/avc\/afasia-pos-acidente-vascular-cerebral-causas-tipos-e-reabilitacao\/\" rel=\"bookmark\">Afasia ap\u00f3s AVC: causas, tipos e reabilita\u00e7\u00e3o<\/a><\/h3>\n<\/div><\/article><article class=\"entry entry-grid is-column has-entry-link has-image has-image-first type-post category-dano-cerebral tag-lesao-cerebral-adquirida\" style=\"--entry-index:2;\" aria-label=\"Tend\u00eancias atuais no tratamento de les\u00e3o cerebral adquirida (LCA)\" itemscope itemtype=\"https:\/\/schema.org\/CreativeWork\"><a class=\"entry-image-link\" href=\"https:\/\/neuronup.com\/br\/noticias-de-estimulacao-cognitiva\/dano-cerebral\/tendencias-atuais-no-tratamento-de-dano-cerebral-adquirido-dca\/\" tabindex=\"-1\" aria-hidden=\"true\"><img decoding=\"async\" width=\"400\" height=\"225\" src=\"https:\/\/neuronup.com\/br\/wp-content\/uploads\/2024\/11\/Tendencias-actuales-en-el-tratamiento-de-dano-cerebral-adquirido-DCA-NeuronUP.webp\" class=\"entry-image size-landscape-sm\" alt=\"Mulher com cabelos castanhos encaracolados sentada no sof\u00e1, segurando a t\u00eampora e com express\u00e3o de desconforto, plantas ao fundo.\" srcset=\"https:\/\/neuronup.com\/br\/wp-content\/uploads\/2024\/11\/Tendencias-actuales-en-el-tratamiento-de-dano-cerebral-adquirido-DCA-NeuronUP-300x169.webp 300w, https:\/\/neuronup.com\/br\/wp-content\/uploads\/2024\/11\/Tendencias-actuales-en-el-tratamiento-de-dano-cerebral-adquirido-DCA-NeuronUP-768x432.webp 768w, https:\/\/neuronup.com\/br\/wp-content\/uploads\/2024\/11\/Tendencias-actuales-en-el-tratamiento-de-dano-cerebral-adquirido-DCA-NeuronUP-1024x576.webp 1024w, https:\/\/neuronup.com\/br\/wp-content\/uploads\/2024\/11\/Tendencias-actuales-en-el-tratamiento-de-dano-cerebral-adquirido-DCA-NeuronUP.webp 1200w\" sizes=\"(max-width:599px) 599px, (min-width:600px) and (max-width: 799px) 799px, (min-width:800px) and (max-width: 999px) 333px, (min-width:1000px) 400px\" \/><\/a><div class=\"entry-wrap entry-wrap-grid\"><h3 class=\"entry-title\" itemprop=\"headline\"><a class=\"entry-title-link\" href=\"https:\/\/neuronup.com\/br\/noticias-de-estimulacao-cognitiva\/dano-cerebral\/tendencias-atuais-no-tratamento-de-dano-cerebral-adquirido-dca\/\" rel=\"bookmark\">Tend\u00eancias atuais no tratamento de les\u00e3o cerebral adquirida (LCA)<\/a><\/h3>\n<\/div><\/article><article class=\"entry entry-grid is-column has-entry-link has-image has-image-first type-post category-avc tag-acidente-vascular-cerebral tag-lesao-cerebral tag-lesao-cerebral-adquirida\" style=\"--entry-index:3;\" aria-label=\"Penumbra isqu\u00eamica: Neurorreabilita\u00e7\u00e3o ap\u00f3s a doen\u00e7a cerebrovascular\" itemscope itemtype=\"https:\/\/schema.org\/CreativeWork\"><a class=\"entry-image-link\" href=\"https:\/\/neuronup.com\/br\/noticias-de-estimulacao-cognitiva\/dano-cerebral\/avc\/penumbra-isquemica-neuro-reabilitacao-apos-a-doenca-cerebrovascular\/\" tabindex=\"-1\" aria-hidden=\"true\"><img decoding=\"async\" width=\"400\" height=\"225\" src=\"https:\/\/neuronup.com\/br\/wp-content\/uploads\/2024\/11\/Penumbra-isquemica-Neurorrehabilitacion-tras-la-enfermedad-cerebrovascular-NeuronUP.webp\" class=\"entry-image size-landscape-sm\" alt=\"Ilustra\u00e7\u00e3o estilizada de c\u00e9rebro dividido, esquerda azul e direita vermelha, conectadas por circuitos; DNA ao fundo.\" srcset=\"https:\/\/neuronup.com\/br\/wp-content\/uploads\/2024\/11\/Penumbra-isquemica-Neurorrehabilitacion-tras-la-enfermedad-cerebrovascular-NeuronUP-300x169.webp 300w, https:\/\/neuronup.com\/br\/wp-content\/uploads\/2024\/11\/Penumbra-isquemica-Neurorrehabilitacion-tras-la-enfermedad-cerebrovascular-NeuronUP-768x432.webp 768w, https:\/\/neuronup.com\/br\/wp-content\/uploads\/2024\/11\/Penumbra-isquemica-Neurorrehabilitacion-tras-la-enfermedad-cerebrovascular-NeuronUP-1024x576.webp 1024w, https:\/\/neuronup.com\/br\/wp-content\/uploads\/2024\/11\/Penumbra-isquemica-Neurorrehabilitacion-tras-la-enfermedad-cerebrovascular-NeuronUP.webp 1200w\" sizes=\"(max-width:599px) 599px, (min-width:600px) and (max-width: 799px) 799px, (min-width:800px) and (max-width: 999px) 333px, (min-width:1000px) 400px\" \/><\/a><div class=\"entry-wrap entry-wrap-grid\"><h3 class=\"entry-title\" itemprop=\"headline\"><a class=\"entry-title-link\" href=\"https:\/\/neuronup.com\/br\/noticias-de-estimulacao-cognitiva\/dano-cerebral\/avc\/penumbra-isquemica-neuro-reabilitacao-apos-a-doenca-cerebrovascular\/\" rel=\"bookmark\">Penumbra isqu\u00eamica: Neurorreabilita\u00e7\u00e3o ap\u00f3s a doen\u00e7a cerebrovascular<\/a><\/h3>\n<\/div><\/article><article class=\"entry entry-grid is-column has-entry-link has-image has-image-first type-post category-dano-cerebral tag-lesao-cerebral tag-lesao-cerebral-adquirida tag-neuropsicologia\" style=\"--entry-index:4;\" aria-label=\"Reserva cognitiva: do que falamos quando falamos dela?\" itemscope itemtype=\"https:\/\/schema.org\/CreativeWork\"><a class=\"entry-image-link\" href=\"https:\/\/neuronup.com\/br\/noticias-de-estimulacao-cognitiva\/dano-cerebral\/reserva-cognitiva\/\" tabindex=\"-1\" aria-hidden=\"true\"><img decoding=\"async\" width=\"400\" height=\"274\" src=\"https:\/\/neuronup.com\/br\/wp-content\/uploads\/2024\/09\/Diagnostico-diferencial-de-etiologias-de-demencia-basado-en-IA-sobre-datos-multimodales-NeuronUP.webp\" class=\"entry-image size-landscape-sm\" alt=\"C\u00e9rebro estilizado em azul brilhante com circuitos e pontos de luz, em fundo escuro, sugerindo IA e neuroci\u00eancia.\" srcset=\"https:\/\/neuronup.com\/br\/wp-content\/uploads\/2024\/09\/Diagnostico-diferencial-de-etiologias-de-demencia-basado-en-IA-sobre-datos-multimodales-NeuronUP-300x205.webp 300w, https:\/\/neuronup.com\/br\/wp-content\/uploads\/2024\/09\/Diagnostico-diferencial-de-etiologias-de-demencia-basado-en-IA-sobre-datos-multimodales-NeuronUP-768x525.webp 768w, https:\/\/neuronup.com\/br\/wp-content\/uploads\/2024\/09\/Diagnostico-diferencial-de-etiologias-de-demencia-basado-en-IA-sobre-datos-multimodales-NeuronUP-1024x701.webp 1024w, https:\/\/neuronup.com\/br\/wp-content\/uploads\/2024\/09\/Diagnostico-diferencial-de-etiologias-de-demencia-basado-en-IA-sobre-datos-multimodales-NeuronUP.webp 1200w\" sizes=\"(max-width:599px) 599px, (min-width:600px) and (max-width: 799px) 799px, (min-width:800px) and (max-width: 999px) 333px, (min-width:1000px) 400px\" \/><\/a><div class=\"entry-wrap entry-wrap-grid\"><h3 class=\"entry-title\" itemprop=\"headline\"><a class=\"entry-title-link\" href=\"https:\/\/neuronup.com\/br\/noticias-de-estimulacao-cognitiva\/dano-cerebral\/reserva-cognitiva\/\" rel=\"bookmark\">Reserva cognitiva: do que falamos quando falamos dela?<\/a><\/h3>\n<\/div><\/article><article class=\"entry entry-grid is-column has-entry-link has-image has-image-first type-post category-avc tag-acidente-vascular-cerebral tag-reabilitacao-cognitiva\" style=\"--entry-index:5;\" aria-label=\"A reabilita\u00e7\u00e3o da hemineglig\u00eancia ap\u00f3s o AVC\" itemscope itemtype=\"https:\/\/schema.org\/CreativeWork\"><a class=\"entry-image-link\" href=\"https:\/\/neuronup.com\/br\/noticias-de-estimulacao-cognitiva\/dano-cerebral\/avc\/estimulacao-tdcs-na-reabilitacao-da-heminegligencia-apos-um-avc\/\" tabindex=\"-1\" aria-hidden=\"true\"><img decoding=\"async\" width=\"400\" height=\"300\" src=\"https:\/\/neuronup.com\/br\/wp-content\/uploads\/2024\/09\/montaje-de-los-electrodos-previos-a-la-aplicacion-de-la-estimulacion-tdcs.webp\" class=\"entry-image size-landscape-sm\" alt=\"Pessoa usando capacete de neuroestimula\u00e7\u00e3o tDCS com profissional ajustando fios nos sensores na parte traseira, em cl\u00ednica.\" srcset=\"https:\/\/neuronup.com\/br\/wp-content\/uploads\/2024\/09\/montaje-de-los-electrodos-previos-a-la-aplicacion-de-la-estimulacion-tdcs-300x226.webp 300w, https:\/\/neuronup.com\/br\/wp-content\/uploads\/2024\/09\/montaje-de-los-electrodos-previos-a-la-aplicacion-de-la-estimulacion-tdcs-768x577.webp 768w, https:\/\/neuronup.com\/br\/wp-content\/uploads\/2024\/09\/montaje-de-los-electrodos-previos-a-la-aplicacion-de-la-estimulacion-tdcs-1024x770.webp 1024w, https:\/\/neuronup.com\/br\/wp-content\/uploads\/2024\/09\/montaje-de-los-electrodos-previos-a-la-aplicacion-de-la-estimulacion-tdcs.webp 1200w\" sizes=\"(max-width:599px) 599px, (min-width:600px) and (max-width: 799px) 799px, (min-width:800px) and (max-width: 999px) 333px, (min-width:1000px) 400px\" \/><\/a><div class=\"entry-wrap entry-wrap-grid\"><h3 class=\"entry-title\" itemprop=\"headline\"><a class=\"entry-title-link\" href=\"https:\/\/neuronup.com\/br\/noticias-de-estimulacao-cognitiva\/dano-cerebral\/avc\/estimulacao-tdcs-na-reabilitacao-da-heminegligencia-apos-um-avc\/\" rel=\"bookmark\">A reabilita\u00e7\u00e3o da hemineglig\u00eancia ap\u00f3s o AVC<\/a><\/h3>\n<\/div><\/article><article class=\"entry entry-grid is-column has-entry-link has-image has-image-first type-post category-dano-cerebral tag-lesao-cerebral\" style=\"--entry-index:6;\" aria-label=\"N\u00e3o posso aproveitar minha sexualidade por ter paralisia cerebral?\" itemscope itemtype=\"https:\/\/schema.org\/CreativeWork\"><a class=\"entry-image-link\" href=\"https:\/\/neuronup.com\/br\/noticias-de-estimulacao-cognitiva\/dano-cerebral\/nao-posso-desfrutar-da-minha-sexualidade-por-ter-paralisia-cerebral\/\" tabindex=\"-1\" aria-hidden=\"true\"><img decoding=\"async\" width=\"400\" height=\"267\" src=\"https:\/\/neuronup.com\/br\/wp-content\/uploads\/2023\/03\/sexualidad-paralisis-cerebral.webp\" class=\"entry-image size-landscape-sm\" alt=\"Duas pessoas em cadeiras de rodas convivem ao ar livre, sorrindo e interagindo pr\u00f3ximo, com lago ao fundo e cen\u00e1rio urbano ao longe.\" srcset=\"https:\/\/neuronup.com\/br\/wp-content\/uploads\/2023\/03\/sexualidad-paralisis-cerebral-300x200.webp 300w, https:\/\/neuronup.com\/br\/wp-content\/uploads\/2023\/03\/sexualidad-paralisis-cerebral-768x513.webp 768w, https:\/\/neuronup.com\/br\/wp-content\/uploads\/2023\/03\/sexualidad-paralisis-cerebral-1024x684.webp 1024w, https:\/\/neuronup.com\/br\/wp-content\/uploads\/2023\/03\/sexualidad-paralisis-cerebral.webp 1200w\" sizes=\"(max-width:599px) 599px, (min-width:600px) and (max-width: 799px) 799px, (min-width:800px) and (max-width: 999px) 333px, (min-width:1000px) 400px\" \/><\/a><div class=\"entry-wrap entry-wrap-grid\"><h3 class=\"entry-title\" itemprop=\"headline\"><a class=\"entry-title-link\" href=\"https:\/\/neuronup.com\/br\/noticias-de-estimulacao-cognitiva\/dano-cerebral\/nao-posso-desfrutar-da-minha-sexualidade-por-ter-paralisia-cerebral\/\" rel=\"bookmark\">N\u00e3o posso aproveitar minha sexualidade por ter paralisia cerebral?<\/a><\/h3>\n<\/div><\/article><\/div><\/div>","protected":false},"excerpt":{"rendered":"<p>Traumatismo Cerebral (TCE): Quadro cl\u00ednico causado pela les\u00e3o direta das estruturas cranianas, encef\u00e1licas ou men\u00edngeas, devido a uma for\u00e7a traum\u00e1tica externa (contus\u00e3o, les\u00e3o penetrante ou for\u00e7as de acelera\u00e7\u00e3o-desacelera\u00e7\u00e3o). Pode afetar o c\u00e9rebro de v\u00e1rias maneiras: Acidentes Cerebrovasculares (AVC): Tamb\u00e9m conhecido como AVC. S\u00e3o quadros cl\u00ednicos causados pelas condi\u00e7\u00f5es patol\u00f3gicas dos vasos sangu\u00edneos, causando danos em &hellip;<\/p>\n","protected":false},"author":1,"featured_media":31658,"parent":32426,"menu_order":1,"comment_status":"closed","ping_status":"closed","template":"","meta":{"_acf_changed":false,"_genesis_hide_title":false,"_genesis_hide_breadcrumbs":false,"_genesis_hide_singular_image":false,"_genesis_hide_footer_widgets":false,"_genesis_custom_body_class":"nup-style neurorehab","_genesis_custom_post_class":"nup-style neurorehab","_genesis_layout":"","footnotes":""},"class_list":{"1":"page","2":"type-page","6":"entry","7":"nup-style neurorehab"},"acf":[],"_links":{"self":[{"href":"https:\/\/neuronup.com\/br\/wp-json\/wp\/v2\/pages\/32436","targetHints":{"allow":["GET"]}}],"collection":[{"href":"https:\/\/neuronup.com\/br\/wp-json\/wp\/v2\/pages"}],"about":[{"href":"https:\/\/neuronup.com\/br\/wp-json\/wp\/v2\/types\/page"}],"author":[{"embeddable":true,"href":"https:\/\/neuronup.com\/br\/wp-json\/wp\/v2\/users\/1"}],"replies":[{"embeddable":true,"href":"https:\/\/neuronup.com\/br\/wp-json\/wp\/v2\/comments?post=32436"}],"version-history":[{"count":0,"href":"https:\/\/neuronup.com\/br\/wp-json\/wp\/v2\/pages\/32436\/revisions"}],"up":[{"embeddable":true,"href":"https:\/\/neuronup.com\/br\/wp-json\/wp\/v2\/pages\/32426"}],"wp:featuredmedia":[{"embeddable":true,"href":"https:\/\/neuronup.com\/br\/wp-json\/wp\/v2\/media\/31658"}],"wp:attachment":[{"href":"https:\/\/neuronup.com\/br\/wp-json\/wp\/v2\/media?parent=32436"}],"curies":[{"name":"wp","href":"https:\/\/api.w.org\/{rel}","templated":true}]}}